{"id":3551,"date":"2026-02-04T09:03:14","date_gmt":"2026-02-04T09:03:14","guid":{"rendered":"https:\/\/medoc-hautmedoc.fr\/?post_type=evenements&#038;p=3551"},"modified":"2026-02-05T09:18:12","modified_gmt":"2026-02-05T09:18:12","slug":"foires-aux-vins-2026","status":"publish","type":"evenements","link":"https:\/\/medoc-hautmedoc.fr\/en\/evenements\/foires-aux-vins-2026\/","title":{"rendered":"Foires aux Vins 2026"},"content":{"rendered":"<div id=\"block_0cc62ec4910015abe2eb2b3977969669\"class=\"event-infos \">\n    <h3 class=\"event-infos-title\">Pourquoi est-ce que nos Foires Aux Vins doivent apparaitre sur votre to-do list de l&#8217;\u00e9t\u00e9 ?<\/h3>\n    <div class=\"event-infos-text\"> <p>Plus les mois passent, plus on s&#8217;impatiente de vous retrouver sur les lieux embl\u00e9matiques de la c\u00f4te ouest m\u00e9docaine&#8230; Les Foires aux Vins \u00e9dition 2026, on arrive et on est plus motiv\u00e9s que jamais !<\/p>\n<\/div> \n<\/div>\n\n\n<div class=\"wp-block-media-text is-stacked-on-mobile is-image-fill-element\" style=\"grid-template-columns:46% auto\"><figure class=\"wp-block-media-text__media\"><img loading=\"lazy\" decoding=\"async\" width=\"1024\" height=\"680\" src=\"https:\/\/medoc-hautmedoc.fr\/wp-content\/uploads\/Capture-decran-2026-01-26-a-12.04.16-1024x680.png\" alt=\"foire-aux-vins-2026-rire\" class=\"wp-image-3556 size-full\" style=\"object-position:50% 50%\" srcset=\"https:\/\/medoc-hautmedoc.fr\/wp-content\/uploads\/Capture-decran-2026-01-26-a-12.04.16-1024x680.png 1024w, https:\/\/medoc-hautmedoc.fr\/wp-content\/uploads\/Capture-decran-2026-01-26-a-12.04.16-300x199.png 300w, https:\/\/medoc-hautmedoc.fr\/wp-content\/uploads\/Capture-decran-2026-01-26-a-12.04.16-768x510.png 768w, https:\/\/medoc-hautmedoc.fr\/wp-content\/uploads\/Capture-decran-2026-01-26-a-12.04.16-1536x1020.png 1536w, https:\/\/medoc-hautmedoc.fr\/wp-content\/uploads\/Capture-decran-2026-01-26-a-12.04.16-2048x1360.png 2048w\" sizes=\"auto, (max-width: 1024px) 100vw, 1024px\" \/><\/figure><div class=\"wp-block-media-text__content\">\n<p>Pour celles et ceux qui ne sont pas encore adeptes de nos Foires aux Vins, on vous explique&#8230;<\/p>\n\n\n\n<p>Chaque \u00e9v\u00e9nement est une rencontre vigneronne unique, sur vos lieux de vacances (ou de vie, pour les locaux !) pour de belles d\u00e9couvertes de bons produits r\u00e9gionaux &amp; de cuv\u00e9es locales. Qui sait&#8230; Ce sera peut-\u00eatre pour vous l&#8217;occasion de trouver <strong>LA<\/strong> ou <strong>LES<\/strong> cuv\u00e9es qui vont vous faire briller tout l&#8217;\u00e9t\u00e9 et briller lors de vos prochains d\u00eeners entre amis ou en famille !<\/p>\n\n\n\n<p>\ud83d\udc48\ud83c\udffc Une photo d&#8217;une pr\u00e9c\u00e9dente \u00e9dition de nos Foires aux Vins pour vous app\u00e2ter&#8230; Alors, on vous voit cet \u00e9t\u00e9 ?<\/p>\n<\/div><\/div>\n\n\n\n<p><em>\u00a9 Claude Clin Photographe &amp; Vid\u00e9aste<\/em><\/p>\n\n\n\n<h3 class=\"wp-block-heading\"><span class=\"w-100\">On vous propose un super After-Beach\u2026 Nos Foires Aux Vins !<\/span><\/h3>\n\n\n\n<p>Est-ce que vous \u00eates pr\u00eats pour un \u00e9t\u00e9 sous le signe des Foires aux Vins m\u00e9docaines ? Par ailleurs, une nouvelle bougie va \u00eatre souffl\u00e9e pour cette saison estivale que nous organisons cette ann\u00e9e : notre <strong>6\u00e8me \u00e9dition des Foires de l&#8217;\u00e9t\u00e9<\/strong>. De plus, les vigneron(ne)s sont toujours aussi nombreux(ses) pour vous faire d\u00e9couvrir leurs cuv\u00e9es et leurs nouveaut\u00e9s. Une quinzaine de vigneron(ne)s vous attendra lors de chaque rencontre afin de varier les plaisirs.<\/p>\n\n\n\n<p>L&#8217;ann\u00e9e derni\u00e8re, <strong>vous \u00e9tiez 4500<\/strong> \u00e0 r\u00e9pondre pr\u00e9sents pour ces d\u00e9gustations et pour (re)d\u00e9couvrir ce que notre territoire m\u00e9docain a \u00e0 vous offrir ! Alors, cette ann\u00e9e, on met les bouch\u00e9es double et on veut vous voir tout aussi nombreux (m\u00eame plus nombreux s&#8217;il vous plait !). Et pour vous remercier de votre fid\u00e9lit\u00e9, car oui, on commence \u00e0 reconnaitre de nombreux visages au fur et \u00e0 mesure des \u00e9t\u00e9s pass\u00e9s \u00e0 vos c\u00f4t\u00e9s, on vous propose 2 nouvelles dates pour la saison estivale 2026. <\/p>\n\n\n\n<p>Alors, si vous n&#8217;\u00eates pas encore adepte de nos Foires aux Vins de l&#8217;\u00e9t\u00e9, attendez-vous \u00e0 des moments de convivialit\u00e9 en pagaille ! L&#8217;occasion pour vous de rencontrer les producteurs de nos beaux (et bons) produits dans un cadre d\u00e9contract\u00e9 et familial. Rencontrez, d\u00e9couvrez, d\u00e9gustez et repartez avec vos coups de coeurs de l&#8217;\u00e9t\u00e9 ! De plus, nous vous offrons m\u00eame la possibilit\u00e9 de vous restaurer sur place pour ceux qui auraient un petit creux.<\/p>\n\n\n\n<p><\/p>\n\n\n\n<figure class=\"wp-block-image aligncenter size-large\"><img loading=\"lazy\" decoding=\"async\" width=\"1024\" height=\"678\" src=\"https:\/\/medoc-hautmedoc.fr\/wp-content\/uploads\/Capture-decran-2026-01-26-a-12.00.43-1024x678.png\" alt=\"foire-aux-vins-2026-bigchair\" class=\"wp-image-3553\" srcset=\"https:\/\/medoc-hautmedoc.fr\/wp-content\/uploads\/Capture-decran-2026-01-26-a-12.00.43-1024x678.png 1024w, https:\/\/medoc-hautmedoc.fr\/wp-content\/uploads\/Capture-decran-2026-01-26-a-12.00.43-300x199.png 300w, https:\/\/medoc-hautmedoc.fr\/wp-content\/uploads\/Capture-decran-2026-01-26-a-12.00.43-768x508.png 768w, https:\/\/medoc-hautmedoc.fr\/wp-content\/uploads\/Capture-decran-2026-01-26-a-12.00.43-1536x1017.png 1536w, https:\/\/medoc-hautmedoc.fr\/wp-content\/uploads\/Capture-decran-2026-01-26-a-12.00.43-2048x1356.png 2048w\" sizes=\"auto, (max-width: 1024px) 100vw, 1024px\" \/><figcaption class=\"wp-element-caption\"><em>\u00a9 Claude Clin Photographe &amp; Vid\u00e9aste<\/em> <\/figcaption><\/figure>\n\n\n\n<p><\/p>\n\n\n\n<p><\/p>\n\n\n\n<h2 class=\"wp-block-heading\"><span class=\"w-100\"><em>Au programme ?<\/em><\/span><\/h2>\n\n\n\n<p>D\u00e9gustations, rencontres vigneronnes, d\u00e9couvertes de la gastronomie locale, achat en direct du producteur&#8230; De quoi ravir vos palais ! Et pour les plus jeunes, pas d&#8217;inqui\u00e9tude, on les attendra au Wine Truck avec de bons jus de raisin et un carnet de jeu r\u00e9alis\u00e9 en int\u00e9gralit\u00e9 par notre talentueux graphiste.<\/p>\n\n\n\n<p>\ud83d\udccd Parlons peu, parlons lieu ! Voici la feuille de route de notre <a href=\"https:\/\/medoc-hautmedoc.fr\/notre-wine-truck\/\" type=\"page\" id=\"140\">Wine Truck pour l&#8217;\u00e9t\u00e9 2026<\/a> (qui ne cesse de s&#8217;allonger pour encore plus de d\u00e9couvertes !). En bref ? 12 dates, cela \u00e9quivaut \u00e0 0 possibilit\u00e9 de ne pas venir nous rencontrer au moins une fois pendant l&#8217;\u00e9t\u00e9 ! Voici notre calendrier estival :<\/p>\n\n\n\n<p>Jeudi 9 juillet | <a href=\"https:\/\/maps.app.goo.gl\/MDn91W1J5mPmPMcU7\" target=\"_blank\" rel=\"noreferrer noopener\"><em>Hourtin Plage, Place Four\u00e8<\/em><\/a><a href=\"https:\/\/maps.app.goo.gl\/MDn91W1J5mPmPMcU7\"><em>s<\/em><\/a><\/p>\n\n\n\n<p>Vendredi 17 juillet | <a href=\"https:\/\/maps.app.goo.gl\/GDMktzYvfDX82VsMA\" target=\"_blank\" rel=\"noreferrer noopener\"><em>Carcans-Maubuisson, 1 le P\u00f4le de Maubuisson<\/em><\/a><\/p>\n\n\n\n<p>Mardi 21 juillet | <a href=\"https:\/\/maps.app.goo.gl\/KuGUCjxvCP6T83q17\" target=\"_blank\" rel=\"noreferrer noopener\"><em>Hourtin Port, Esplanade Christian Renard <\/em><\/a><\/p>\n\n\n\n<p>Vendredi 24 juillet | <a href=\"https:\/\/maps.app.goo.gl\/htcsVRoLQpaXyZPb8\" target=\"_blank\" rel=\"noreferrer noopener\"><em>Le Porge, Camping de la Grigne<\/em><\/a> (Attention, nouvelle adresse !)<\/p>\n\n\n\n<p>Mercredi 29 juillet |<em> <a href=\"https:\/\/maps.app.goo.gl\/GeAJ9dbW3TR73qHa7\">Lacanau Oc\u00e9an, Parvis de l&#8217;Escoure, Avenue de l&#8217;Europe <\/a><\/em><\/p>\n\n\n\n<p>Vendredi 31juillet | <a href=\"https:\/\/maps.app.goo.gl\/GDMktzYvfDX82VsMA\" target=\"_blank\" rel=\"noreferrer noopener\"><em>Carcans-Maubuisson, 1 le P\u00f4le de Maubuisson<\/em><\/a><\/p>\n\n\n\n<p>Jeudi 6 ao\u00fbt | <a href=\"https:\/\/maps.app.goo.gl\/MDn91W1J5mPmPMcU7\"><em>Hourtin Plage, Place Four\u00e8s<\/em><\/a><\/p>\n\n\n\n<p>Vendredi 7 ao\u00fbt | <a href=\"https:\/\/maps.app.goo.gl\/GDMktzYvfDX82VsMA\" target=\"_blank\" rel=\"noreferrer noopener\"><em>Carcans-Maubuisson, 1 le P\u00f4le de Maubuisson<\/em><\/a><\/p>\n\n\n\n<p>Mercredi 12 ao\u00fbt | <a href=\"https:\/\/maps.app.goo.gl\/MZH15CZagoAyV8HZA\" target=\"_blank\" rel=\"noreferrer noopener\"><em>Lacanau Ville, Place de la Gait\u00e9<\/em><\/a><\/p>\n\n\n\n<p>Mercredi 19 ao\u00fbt | <a href=\"https:\/\/maps.app.goo.gl\/y6RRqLUaP8WUNiDk7\" target=\"_blank\" rel=\"noreferrer noopener\"><em>Soulac-sur-Mer, Place de la Basilique<\/em><\/a><\/p>\n\n\n\n<p>Vendredi 21 ao\u00fbt | <a href=\"https:\/\/maps.app.goo.gl\/GDMktzYvfDX82VsMA\"><em>Carcans-Maubuisson, 1 le P\u00f4le de Mau<\/em><\/a><a href=\"https:\/\/maps.app.goo.gl\/GDMktzYvfDX82VsMA\" target=\"_blank\" rel=\"noreferrer noopener\"><em>b<\/em><\/a><a href=\"https:\/\/maps.app.goo.gl\/GDMktzYvfDX82VsMA\"><em>uisson <\/em><\/a><\/p>\n\n\n\n<p>Mardi 25 ao\u00fbt | <a href=\"https:\/\/maps.app.goo.gl\/KuGUCjxvCP6T83q17\" target=\"_blank\" rel=\"noreferrer noopener\"><em>Hourtin Port, Esplanade Christian Renard <\/em><\/a><\/p>\n\n\n\n<p><\/p>\n\n\n\n<h2 class=\"wp-block-heading\"><span class=\"w-100\">Informations pratiques :<\/span><\/h2>\n\n\n\n<p>\u23f0 | De 17h \u00e0 22h<br>\ud83d\ude4b\ud83c\udffb\u200d\u2642\ufe0f | 15 vigneron(ne)s des AOC M\u00e9doc &amp; Haut-M\u00e9doc<br>\ud83c\udf9f | Achat d\u2019un verre de d\u00e9gustation \u00e0 5\u20ac (puis d\u00e9gustations gratuites)<br><em>Achetez vos pass d\u00e9gustation en ligne et recevez votre cadeau sp\u00e9cial Foire aux Vins en arrivant au Wine Truck le jour J ! Lien de la boutique : <a href=\"http:\/\/www.passfav.fr\/?fbclid=IwZXh0bgNhZW0CMTAAAR2s2amcqQ_Z6Sa5AyrwAz2RfJ-AOjPNNPdCJMuTBnDjYyO5DchQZBuz_L0_aem_Z89HTKOymIfaFj-tbi4jBQ\" target=\"_blank\" rel=\"noreferrer noopener\">www.passfav.fr<\/a> !<\/em><\/p>\n\n\n\n<p><em>\ud83e\udd2b Pour ne manquer aucune information, n&#8217;h\u00e9sitez pas \u00e0 nous suivre <a href=\"https:\/\/linktr.ee\/medoc_hautmedoc?fbclid=PAZXh0bgNhZW0CMTEAAaYNWvVngxxREasJznY-okkAuX8Yzw6lINI5dXcA_0nwiuDk_Cc0nL8MDN8_aem_SwBFWsmUfIgyvgPRxiU6Fg\">sur nos r\u00e9seaux sociaux<\/a> <\/em>!<\/p>\n\n\n\n<p><\/p>\n","protected":false},"excerpt":{"rendered":"<p>Pour celles et ceux qui ne sont pas encore adeptes de nos Foires aux Vins, on vous explique&#8230; Chaque \u00e9v\u00e9nement est une rencontre vigneronne unique, sur vos lieux de vacances (ou de vie, pour les locaux !) pour de belles d\u00e9couvertes de bons produits r\u00e9gionaux &amp; de cuv\u00e9es locales. Qui sait&#8230; Ce sera peut-\u00eatre pour [&hellip;]<\/p>\n","protected":false},"featured_media":3629,"menu_order":0,"template":"","meta":{"_acf_changed":false,"footnotes":""},"informations":[5,4],"class_list":["post-3551","evenements","type-evenements","status-publish","has-post-thumbnail","hentry","informations-ou-est-notre-wine-truck","informations-quand-les-rencontrer"],"acf":[],"yoast_head":"<!-- This site is optimized with the Yoast SEO plugin v27.5 - https:\/\/yoast.com\/product\/yoast-seo-wordpress\/ -->\n<title>Foires aux Vins 2026 - AOC M\u00e9doc &amp; Haut-M\u00e9doc<\/title>\n<meta name=\"description\" content=\"Venez rencontrer nos vigneron(ne)s lors des Foires Aux Vins 2026 et d\u00e9couvrir nos AOC M\u00e9doc &amp; Haut-M\u00e9doc tout au long de l&#039;\u00e9t\u00e9 !\" \/>\n<meta name=\"robots\" content=\"index, follow, max-snippet:-1, max-image-preview:large, max-video-preview:-1\" \/>\n<link rel=\"canonical\" href=\"https:\/\/medoc-hautmedoc.fr\/evenements\/foires-aux-vins-2026\/\" \/>\n<meta property=\"og:locale\" content=\"en_US\" \/>\n<meta property=\"og:type\" content=\"article\" \/>\n<meta property=\"og:title\" content=\"Foires aux Vins 2026 - AOC M\u00e9doc &amp; Haut-M\u00e9doc\" \/>\n<meta property=\"og:description\" content=\"Venez rencontrer nos vigneron(ne)s lors des Foires Aux Vins 2026 et d\u00e9couvrir nos AOC M\u00e9doc &amp; Haut-M\u00e9doc tout au long de l&#039;\u00e9t\u00e9 !\" \/>\n<meta property=\"og:url\" content=\"https:\/\/medoc-hautmedoc.fr\/evenements\/foires-aux-vins-2026\/\" \/>\n<meta property=\"og:site_name\" content=\"AOC M\u00e9doc &amp; Haut-M\u00e9doc\" \/>\n<meta property=\"article:modified_time\" content=\"2026-02-05T09:18:12+00:00\" \/>\n<meta property=\"og:image\" content=\"https:\/\/medoc-hautmedoc.fr\/wp-content\/uploads\/portrait-degustateur-sourire-2-scaled.jpg\" \/>\n\t<meta property=\"og:image:width\" content=\"2560\" \/>\n\t<meta property=\"og:image:height\" content=\"1707\" \/>\n\t<meta property=\"og:image:type\" content=\"image\/jpeg\" \/>\n<meta name=\"twitter:card\" content=\"summary_large_image\" \/>\n<meta name=\"twitter:label1\" content=\"Est. reading time\" \/>\n\t<meta name=\"twitter:data1\" content=\"4 minutes\" \/>\n<script type=\"application\/ld+json\" class=\"yoast-schema-graph\">{\"@context\":\"https:\\\/\\\/schema.org\",\"@graph\":[{\"@type\":\"WebPage\",\"@id\":\"https:\\\/\\\/medoc-hautmedoc.fr\\\/evenements\\\/foires-aux-vins-2026\\\/\",\"url\":\"https:\\\/\\\/medoc-hautmedoc.fr\\\/evenements\\\/foires-aux-vins-2026\\\/\",\"name\":\"Foires aux Vins 2026 - AOC M\u00e9doc & Haut-M\u00e9doc\",\"isPartOf\":{\"@id\":\"https:\\\/\\\/medoc-hautmedoc.fr\\\/#website\"},\"primaryImageOfPage\":{\"@id\":\"https:\\\/\\\/medoc-hautmedoc.fr\\\/evenements\\\/foires-aux-vins-2026\\\/#primaryimage\"},\"image\":{\"@id\":\"https:\\\/\\\/medoc-hautmedoc.fr\\\/evenements\\\/foires-aux-vins-2026\\\/#primaryimage\"},\"thumbnailUrl\":\"https:\\\/\\\/medoc-hautmedoc.fr\\\/wp-content\\\/uploads\\\/portrait-degustateur-sourire-2-scaled.jpg\",\"datePublished\":\"2026-02-04T09:03:14+00:00\",\"dateModified\":\"2026-02-05T09:18:12+00:00\",\"description\":\"Venez rencontrer nos vigneron(ne)s lors des Foires Aux Vins 2026 et d\u00e9couvrir nos AOC M\u00e9doc & Haut-M\u00e9doc tout au long de l'\u00e9t\u00e9 !\",\"breadcrumb\":{\"@id\":\"https:\\\/\\\/medoc-hautmedoc.fr\\\/evenements\\\/foires-aux-vins-2026\\\/#breadcrumb\"},\"inLanguage\":\"en-US\",\"potentialAction\":[{\"@type\":\"ReadAction\",\"target\":[\"https:\\\/\\\/medoc-hautmedoc.fr\\\/evenements\\\/foires-aux-vins-2026\\\/\"]}]},{\"@type\":\"ImageObject\",\"inLanguage\":\"en-US\",\"@id\":\"https:\\\/\\\/medoc-hautmedoc.fr\\\/evenements\\\/foires-aux-vins-2026\\\/#primaryimage\",\"url\":\"https:\\\/\\\/medoc-hautmedoc.fr\\\/wp-content\\\/uploads\\\/portrait-degustateur-sourire-2-scaled.jpg\",\"contentUrl\":\"https:\\\/\\\/medoc-hautmedoc.fr\\\/wp-content\\\/uploads\\\/portrait-degustateur-sourire-2-scaled.jpg\",\"width\":2560,\"height\":1707},{\"@type\":\"BreadcrumbList\",\"@id\":\"https:\\\/\\\/medoc-hautmedoc.fr\\\/evenements\\\/foires-aux-vins-2026\\\/#breadcrumb\",\"itemListElement\":[{\"@type\":\"ListItem\",\"position\":1,\"name\":\"Accueil\",\"item\":\"https:\\\/\\\/medoc-hautmedoc.fr\\\/en\\\/\"},{\"@type\":\"ListItem\",\"position\":2,\"name\":\"\u00c9v\u00e9nements\",\"item\":\"https:\\\/\\\/medoc-hautmedoc.fr\\\/evenements\\\/\"},{\"@type\":\"ListItem\",\"position\":3,\"name\":\"Foires aux Vins 2026\"}]},{\"@type\":\"WebSite\",\"@id\":\"https:\\\/\\\/medoc-hautmedoc.fr\\\/#website\",\"url\":\"https:\\\/\\\/medoc-hautmedoc.fr\\\/\",\"name\":\"AOC M\u00e9doc & Haut-M\u00e9doc\",\"description\":\"\",\"publisher\":{\"@id\":\"https:\\\/\\\/medoc-hautmedoc.fr\\\/#organization\"},\"potentialAction\":[{\"@type\":\"SearchAction\",\"target\":{\"@type\":\"EntryPoint\",\"urlTemplate\":\"https:\\\/\\\/medoc-hautmedoc.fr\\\/?s={search_term_string}\"},\"query-input\":{\"@type\":\"PropertyValueSpecification\",\"valueRequired\":true,\"valueName\":\"search_term_string\"}}],\"inLanguage\":\"en-US\"},{\"@type\":\"Organization\",\"@id\":\"https:\\\/\\\/medoc-hautmedoc.fr\\\/#organization\",\"name\":\"AOC M\u00e9doc & Haut-M\u00e9doc\",\"url\":\"https:\\\/\\\/medoc-hautmedoc.fr\\\/\",\"logo\":{\"@type\":\"ImageObject\",\"inLanguage\":\"en-US\",\"@id\":\"https:\\\/\\\/medoc-hautmedoc.fr\\\/#\\\/schema\\\/logo\\\/image\\\/\",\"url\":\"https:\\\/\\\/medoc-hautmedoc.fr\\\/wp-content\\\/uploads\\\/logo.svg\",\"contentUrl\":\"https:\\\/\\\/medoc-hautmedoc.fr\\\/wp-content\\\/uploads\\\/logo.svg\",\"width\":1,\"height\":1,\"caption\":\"AOC M\u00e9doc & Haut-M\u00e9doc\"},\"image\":{\"@id\":\"https:\\\/\\\/medoc-hautmedoc.fr\\\/#\\\/schema\\\/logo\\\/image\\\/\"}}]}<\/script>\n<!-- \/ Yoast SEO plugin. -->","yoast_head_json":{"title":"Foires aux Vins 2026 - AOC M\u00e9doc & Haut-M\u00e9doc","description":"Venez rencontrer nos vigneron(ne)s lors des Foires Aux Vins 2026 et d\u00e9couvrir nos AOC M\u00e9doc & Haut-M\u00e9doc tout au long de l'\u00e9t\u00e9 !","robots":{"index":"index","follow":"follow","max-snippet":"max-snippet:-1","max-image-preview":"max-image-preview:large","max-video-preview":"max-video-preview:-1"},"canonical":"https:\/\/medoc-hautmedoc.fr\/evenements\/foires-aux-vins-2026\/","og_locale":"en_US","og_type":"article","og_title":"Foires aux Vins 2026 - AOC M\u00e9doc & Haut-M\u00e9doc","og_description":"Venez rencontrer nos vigneron(ne)s lors des Foires Aux Vins 2026 et d\u00e9couvrir nos AOC M\u00e9doc & Haut-M\u00e9doc tout au long de l'\u00e9t\u00e9 !","og_url":"https:\/\/medoc-hautmedoc.fr\/evenements\/foires-aux-vins-2026\/","og_site_name":"AOC M\u00e9doc & Haut-M\u00e9doc","article_modified_time":"2026-02-05T09:18:12+00:00","og_image":[{"width":2560,"height":1707,"url":"https:\/\/medoc-hautmedoc.fr\/wp-content\/uploads\/portrait-degustateur-sourire-2-scaled.jpg","type":"image\/jpeg"}],"twitter_card":"summary_large_image","twitter_misc":{"Est. reading time":"4 minutes"},"schema":{"@context":"https:\/\/schema.org","@graph":[{"@type":"WebPage","@id":"https:\/\/medoc-hautmedoc.fr\/evenements\/foires-aux-vins-2026\/","url":"https:\/\/medoc-hautmedoc.fr\/evenements\/foires-aux-vins-2026\/","name":"Foires aux Vins 2026 - AOC M\u00e9doc & Haut-M\u00e9doc","isPartOf":{"@id":"https:\/\/medoc-hautmedoc.fr\/#website"},"primaryImageOfPage":{"@id":"https:\/\/medoc-hautmedoc.fr\/evenements\/foires-aux-vins-2026\/#primaryimage"},"image":{"@id":"https:\/\/medoc-hautmedoc.fr\/evenements\/foires-aux-vins-2026\/#primaryimage"},"thumbnailUrl":"https:\/\/medoc-hautmedoc.fr\/wp-content\/uploads\/portrait-degustateur-sourire-2-scaled.jpg","datePublished":"2026-02-04T09:03:14+00:00","dateModified":"2026-02-05T09:18:12+00:00","description":"Venez rencontrer nos vigneron(ne)s lors des Foires Aux Vins 2026 et d\u00e9couvrir nos AOC M\u00e9doc & Haut-M\u00e9doc tout au long de l'\u00e9t\u00e9 !","breadcrumb":{"@id":"https:\/\/medoc-hautmedoc.fr\/evenements\/foires-aux-vins-2026\/#breadcrumb"},"inLanguage":"en-US","potentialAction":[{"@type":"ReadAction","target":["https:\/\/medoc-hautmedoc.fr\/evenements\/foires-aux-vins-2026\/"]}]},{"@type":"ImageObject","inLanguage":"en-US","@id":"https:\/\/medoc-hautmedoc.fr\/evenements\/foires-aux-vins-2026\/#primaryimage","url":"https:\/\/medoc-hautmedoc.fr\/wp-content\/uploads\/portrait-degustateur-sourire-2-scaled.jpg","contentUrl":"https:\/\/medoc-hautmedoc.fr\/wp-content\/uploads\/portrait-degustateur-sourire-2-scaled.jpg","width":2560,"height":1707},{"@type":"BreadcrumbList","@id":"https:\/\/medoc-hautmedoc.fr\/evenements\/foires-aux-vins-2026\/#breadcrumb","itemListElement":[{"@type":"ListItem","position":1,"name":"Accueil","item":"https:\/\/medoc-hautmedoc.fr\/en\/"},{"@type":"ListItem","position":2,"name":"\u00c9v\u00e9nements","item":"https:\/\/medoc-hautmedoc.fr\/evenements\/"},{"@type":"ListItem","position":3,"name":"Foires aux Vins 2026"}]},{"@type":"WebSite","@id":"https:\/\/medoc-hautmedoc.fr\/#website","url":"https:\/\/medoc-hautmedoc.fr\/","name":"AOC M\u00e9doc & Haut-M\u00e9doc","description":"","publisher":{"@id":"https:\/\/medoc-hautmedoc.fr\/#organization"},"potentialAction":[{"@type":"SearchAction","target":{"@type":"EntryPoint","urlTemplate":"https:\/\/medoc-hautmedoc.fr\/?s={search_term_string}"},"query-input":{"@type":"PropertyValueSpecification","valueRequired":true,"valueName":"search_term_string"}}],"inLanguage":"en-US"},{"@type":"Organization","@id":"https:\/\/medoc-hautmedoc.fr\/#organization","name":"AOC M\u00e9doc & Haut-M\u00e9doc","url":"https:\/\/medoc-hautmedoc.fr\/","logo":{"@type":"ImageObject","inLanguage":"en-US","@id":"https:\/\/medoc-hautmedoc.fr\/#\/schema\/logo\/image\/","url":"https:\/\/medoc-hautmedoc.fr\/wp-content\/uploads\/logo.svg","contentUrl":"https:\/\/medoc-hautmedoc.fr\/wp-content\/uploads\/logo.svg","width":1,"height":1,"caption":"AOC M\u00e9doc & Haut-M\u00e9doc"},"image":{"@id":"https:\/\/medoc-hautmedoc.fr\/#\/schema\/logo\/image\/"}}]}},"_links":{"self":[{"href":"https:\/\/medoc-hautmedoc.fr\/en\/wp-json\/wp\/v2\/evenements\/3551","targetHints":{"allow":["GET"]}}],"collection":[{"href":"https:\/\/medoc-hautmedoc.fr\/en\/wp-json\/wp\/v2\/evenements"}],"about":[{"href":"https:\/\/medoc-hautmedoc.fr\/en\/wp-json\/wp\/v2\/types\/evenements"}],"version-history":[{"count":14,"href":"https:\/\/medoc-hautmedoc.fr\/en\/wp-json\/wp\/v2\/evenements\/3551\/revisions"}],"predecessor-version":[{"id":3584,"href":"https:\/\/medoc-hautmedoc.fr\/en\/wp-json\/wp\/v2\/evenements\/3551\/revisions\/3584"}],"wp:featuredmedia":[{"embeddable":true,"href":"https:\/\/medoc-hautmedoc.fr\/en\/wp-json\/wp\/v2\/media\/3629"}],"wp:attachment":[{"href":"https:\/\/medoc-hautmedoc.fr\/en\/wp-json\/wp\/v2\/media?parent=3551"}],"wp:term":[{"taxonomy":"informations","embeddable":true,"href":"https:\/\/medoc-hautmedoc.fr\/en\/wp-json\/wp\/v2\/informations?post=3551"}],"curies":[{"name":"wp","href":"https:\/\/api.w.org\/{rel}","templated":true}]}}