{"id":3573,"date":"2026-08-10T10:12:51","date_gmt":"2026-08-10T10:12:51","guid":{"rendered":"https:\/\/medoc-hautmedoc.fr\/?post_type=evenements&#038;p=3573"},"modified":"2026-08-10T10:12:51","modified_gmt":"2026-08-10T10:12:51","slug":"marathon-du-medoc-2026","status":"publish","type":"evenements","link":"https:\/\/medoc-hautmedoc.fr\/en\/evenements\/marathon-du-medoc-2026\/","title":{"rendered":"Marathon du M\u00e9doc 2026"},"content":{"rendered":"<div id=\"block_c2c0382a7faa0913d7cf14145a6c353e\"class=\"event-infos \">\n    <h3 class=\"event-infos-title\">\u00c0 quoi s\u2019attendre :<\/h3>\n    <div class=\"event-infos-text\"> <p>Pour la cinqui\u00e8me ann\u00e9e cons\u00e9cutive, on se retrouve au Marathon des Ch\u00e2teaux du M\u00e9doc les vendredi 4 et samedi 5 septembre 2026.<\/p>\n<p>Cette ann\u00e9e le th\u00e8me du Marathon est &#8220;Les ann\u00e9es 80&#8217;s&#8221;&#8230; Alors, on veut vous voir avec les plus beaux costumes sur la ligne de d\u00e9part (et la ligne d&#8217;arriv\u00e9e \ud83e\udd1e).<\/p>\n<p>&nbsp;<\/p>\n<p><em><strong>Vendredi 4 septembre<\/strong><\/em><\/p>\n<p>Comme chaque \u00e9dition, le Wine Truck des AOC M\u00e9doc &amp; Haut-M\u00e9doc vous attendra le vendredi de 10h00 \u00e0 20h00 pour de belles d\u00e9gustations au Village Expo du retrait des dossards. On vous propose un bel apr\u00e8s-midi et une belle soir\u00e9e en notre compagnie avant le Jour J.<\/p>\n<p>&nbsp;<\/p>\n<p><em><strong>Samedi 5 septembre<\/strong><\/em><\/p>\n<p>Hop Hop Hop, il est enfin l&#8217;heure de l&#8217;\u00e9v\u00e9nement de l&#8217;ann\u00e9e (non non on n&#8217;est pas du tout chauvins \ud83d\ude05), c&#8217;est le top d\u00e9part du Marathon des Ch\u00e2teaux du M\u00e9doc. 2026 ne d\u00e9rogera pas \u00e0 la r\u00e8gle et nous serons une nouvelle fois pr\u00e9sents dans le cort\u00e8ge de la Caravane Publicitaire&#8230; De nombreux goodies vous attendent ! Que vous soyez participant ou supporter, on sera sur la ligne d&#8217;arriv\u00e9e pour assurer de superbes d\u00e9gustations \u00e0 partir de 14h00 et jusqu&#8217;\u00e0 18h00.<\/p>\n<p>&nbsp;<\/p>\n<p>Retrouvez le programme d\u00e9taill\u00e9 sur <a href=\"https:\/\/www.marathondumedoc.com\/\">le site officiel du Marathon du M\u00e9doc<\/a>.<\/p>\n<\/div> \n<\/div>\n\n<div id=\"block_c7cdd91571ccf38d438b26e002086e03\"class=\"event-infos \">\n    <h3 class=\"event-infos-title\">Infos<\/h3>\n    <div class=\"event-infos-text\"> <p><em>4 septembre 2026<\/em><\/p>\n<p>\ud83d\udccd Cosec de Pauillac<\/p>\n<p><em>5 septembre 2026<\/em><\/p>\n<p>\ud83d\udccd Les Quais de Pauillac pour la ligne de d\u00e9part !<\/p>\n<p>&nbsp;<\/p>\n<\/div> \n<\/div>","protected":false},"excerpt":{"rendered":"","protected":false},"featured_media":4025,"menu_order":0,"template":"","meta":{"_acf_changed":false,"footnotes":""},"informations":[5,4],"class_list":["post-3573","evenements","type-evenements","status-publish","has-post-thumbnail","hentry","informations-ou-est-notre-wine-truck","informations-quand-les-rencontrer"],"acf":[],"yoast_head":"<!-- This site is optimized with the Yoast SEO plugin v28.4 - https:\/\/yoast.com\/product\/yoast-seo-wordpress\/ -->\n<title>Marathon du M\u00e9doc 2026 - AOC M\u00e9doc &amp; Haut-M\u00e9doc<\/title>\n<meta name=\"description\" content=\"Les AOC M\u00e9doc &amp; Haut-M\u00e9doc sont de nouveaux partenaires du Marathon des Ch\u00e2teaux du M\u00e9doc \u00e9dition 2026. Rendez-vous en septembre ! \ud83c\udf77\" \/>\n<meta name=\"robots\" content=\"index, follow, max-snippet:-1, max-image-preview:large, max-video-preview:-1\" \/>\n<link rel=\"canonical\" href=\"https:\/\/medoc-hautmedoc.fr\/evenements\/marathon-du-medoc-2026\/\" \/>\n<meta property=\"og:locale\" content=\"en_US\" \/>\n<meta property=\"og:type\" content=\"article\" \/>\n<meta property=\"og:title\" content=\"Marathon du M\u00e9doc 2026 - AOC M\u00e9doc &amp; Haut-M\u00e9doc\" \/>\n<meta property=\"og:description\" content=\"Les AOC M\u00e9doc &amp; Haut-M\u00e9doc sont de nouveaux partenaires du Marathon des Ch\u00e2teaux du M\u00e9doc \u00e9dition 2026. Rendez-vous en septembre ! \ud83c\udf77\" \/>\n<meta property=\"og:url\" content=\"https:\/\/medoc-hautmedoc.fr\/evenements\/marathon-du-medoc-2026\/\" \/>\n<meta property=\"og:site_name\" content=\"AOC M\u00e9doc &amp; Haut-M\u00e9doc\" \/>\n<meta property=\"og:image\" content=\"https:\/\/medoc-hautmedoc.fr\/wp-content\/uploads\/MARATHON_DU_MEDOC\u00a9Claude_Clin_2022-4254-scaled.jpg\" \/>\n\t<meta property=\"og:image:width\" content=\"2560\" \/>\n\t<meta property=\"og:image:height\" content=\"1707\" \/>\n\t<meta property=\"og:image:type\" content=\"image\/jpeg\" \/>\n<meta name=\"twitter:card\" content=\"summary_large_image\" \/>\n<meta name=\"twitter:label1\" content=\"Est. reading time\" \/>\n\t<meta name=\"twitter:data1\" content=\"1 minute\" \/>\n<script type=\"application\/ld+json\" class=\"yoast-schema-graph\">{\"@context\":\"https:\\\/\\\/schema.org\",\"@graph\":[{\"@type\":\"WebPage\",\"@id\":\"https:\\\/\\\/medoc-hautmedoc.fr\\\/evenements\\\/marathon-du-medoc-2026\\\/\",\"url\":\"https:\\\/\\\/medoc-hautmedoc.fr\\\/evenements\\\/marathon-du-medoc-2026\\\/\",\"name\":\"Marathon du M\u00e9doc 2026 - AOC M\u00e9doc & Haut-M\u00e9doc\",\"isPartOf\":{\"@id\":\"https:\\\/\\\/medoc-hautmedoc.fr\\\/#website\"},\"primaryImageOfPage\":{\"@id\":\"https:\\\/\\\/medoc-hautmedoc.fr\\\/evenements\\\/marathon-du-medoc-2026\\\/#primaryimage\"},\"image\":{\"@id\":\"https:\\\/\\\/medoc-hautmedoc.fr\\\/evenements\\\/marathon-du-medoc-2026\\\/#primaryimage\"},\"thumbnailUrl\":\"https:\\\/\\\/medoc-hautmedoc.fr\\\/wp-content\\\/uploads\\\/MARATHON_DU_MEDOC\u00a9Claude_Clin_2022-4254-scaled.jpg\",\"datePublished\":\"2026-08-10T10:12:51+00:00\",\"description\":\"Les AOC M\u00e9doc & Haut-M\u00e9doc sont de nouveaux partenaires du Marathon des Ch\u00e2teaux du M\u00e9doc \u00e9dition 2026. Rendez-vous en septembre ! \ud83c\udf77\",\"breadcrumb\":{\"@id\":\"https:\\\/\\\/medoc-hautmedoc.fr\\\/evenements\\\/marathon-du-medoc-2026\\\/#breadcrumb\"},\"inLanguage\":\"en-US\",\"potentialAction\":[{\"@type\":\"ReadAction\",\"target\":[\"https:\\\/\\\/medoc-hautmedoc.fr\\\/evenements\\\/marathon-du-medoc-2026\\\/\"]}]},{\"@type\":\"ImageObject\",\"inLanguage\":\"en-US\",\"@id\":\"https:\\\/\\\/medoc-hautmedoc.fr\\\/evenements\\\/marathon-du-medoc-2026\\\/#primaryimage\",\"url\":\"https:\\\/\\\/medoc-hautmedoc.fr\\\/wp-content\\\/uploads\\\/MARATHON_DU_MEDOC\u00a9Claude_Clin_2022-4254-scaled.jpg\",\"contentUrl\":\"https:\\\/\\\/medoc-hautmedoc.fr\\\/wp-content\\\/uploads\\\/MARATHON_DU_MEDOC\u00a9Claude_Clin_2022-4254-scaled.jpg\",\"width\":2560,\"height\":1707},{\"@type\":\"BreadcrumbList\",\"@id\":\"https:\\\/\\\/medoc-hautmedoc.fr\\\/evenements\\\/marathon-du-medoc-2026\\\/#breadcrumb\",\"itemListElement\":[{\"@type\":\"ListItem\",\"position\":1,\"name\":\"Accueil\",\"item\":\"https:\\\/\\\/medoc-hautmedoc.fr\\\/en\\\/\"},{\"@type\":\"ListItem\",\"position\":2,\"name\":\"\u00c9v\u00e9nements\",\"item\":\"https:\\\/\\\/medoc-hautmedoc.fr\\\/evenements\\\/\"},{\"@type\":\"ListItem\",\"position\":3,\"name\":\"Marathon du M\u00e9doc 2026\"}]},{\"@type\":\"WebSite\",\"@id\":\"https:\\\/\\\/medoc-hautmedoc.fr\\\/#website\",\"url\":\"https:\\\/\\\/medoc-hautmedoc.fr\\\/\",\"name\":\"AOC M\u00e9doc & Haut-M\u00e9doc\",\"description\":\"\",\"publisher\":{\"@id\":\"https:\\\/\\\/medoc-hautmedoc.fr\\\/#organization\"},\"potentialAction\":[{\"@type\":\"SearchAction\",\"target\":{\"@type\":\"EntryPoint\",\"urlTemplate\":\"https:\\\/\\\/medoc-hautmedoc.fr\\\/?s={search_term_string}\"},\"query-input\":{\"@type\":\"PropertyValueSpecification\",\"valueRequired\":true,\"valueName\":\"search_term_string\"}}],\"inLanguage\":\"en-US\"},{\"@type\":\"Organization\",\"@id\":\"https:\\\/\\\/medoc-hautmedoc.fr\\\/#organization\",\"name\":\"AOC M\u00e9doc & Haut-M\u00e9doc\",\"url\":\"https:\\\/\\\/medoc-hautmedoc.fr\\\/\",\"logo\":{\"@type\":\"ImageObject\",\"inLanguage\":\"en-US\",\"@id\":\"https:\\\/\\\/medoc-hautmedoc.fr\\\/#\\\/schema\\\/logo\\\/image\\\/\",\"url\":\"https:\\\/\\\/medoc-hautmedoc.fr\\\/wp-content\\\/uploads\\\/logo.svg\",\"contentUrl\":\"https:\\\/\\\/medoc-hautmedoc.fr\\\/wp-content\\\/uploads\\\/logo.svg\",\"width\":1,\"height\":1,\"caption\":\"AOC M\u00e9doc & Haut-M\u00e9doc\"},\"image\":{\"@id\":\"https:\\\/\\\/medoc-hautmedoc.fr\\\/#\\\/schema\\\/logo\\\/image\\\/\"}}]}<\/script>\n<!-- \/ Yoast SEO plugin. -->","yoast_head_json":{"title":"Marathon du M\u00e9doc 2026 - AOC M\u00e9doc & Haut-M\u00e9doc","description":"Les AOC M\u00e9doc & Haut-M\u00e9doc sont de nouveaux partenaires du Marathon des Ch\u00e2teaux du M\u00e9doc \u00e9dition 2026. Rendez-vous en septembre ! \ud83c\udf77","robots":{"index":"index","follow":"follow","max-snippet":"max-snippet:-1","max-image-preview":"max-image-preview:large","max-video-preview":"max-video-preview:-1"},"canonical":"https:\/\/medoc-hautmedoc.fr\/evenements\/marathon-du-medoc-2026\/","og_locale":"en_US","og_type":"article","og_title":"Marathon du M\u00e9doc 2026 - AOC M\u00e9doc & Haut-M\u00e9doc","og_description":"Les AOC M\u00e9doc & Haut-M\u00e9doc sont de nouveaux partenaires du Marathon des Ch\u00e2teaux du M\u00e9doc \u00e9dition 2026. Rendez-vous en septembre ! \ud83c\udf77","og_url":"https:\/\/medoc-hautmedoc.fr\/evenements\/marathon-du-medoc-2026\/","og_site_name":"AOC M\u00e9doc & Haut-M\u00e9doc","og_image":[{"width":2560,"height":1707,"url":"https:\/\/medoc-hautmedoc.fr\/wp-content\/uploads\/MARATHON_DU_MEDOC\u00a9Claude_Clin_2022-4254-scaled.jpg","type":"image\/jpeg"}],"twitter_card":"summary_large_image","twitter_misc":{"Est. reading time":"1 minute"},"schema":{"@context":"https:\/\/schema.org","@graph":[{"@type":"WebPage","@id":"https:\/\/medoc-hautmedoc.fr\/evenements\/marathon-du-medoc-2026\/","url":"https:\/\/medoc-hautmedoc.fr\/evenements\/marathon-du-medoc-2026\/","name":"Marathon du M\u00e9doc 2026 - AOC M\u00e9doc & Haut-M\u00e9doc","isPartOf":{"@id":"https:\/\/medoc-hautmedoc.fr\/#website"},"primaryImageOfPage":{"@id":"https:\/\/medoc-hautmedoc.fr\/evenements\/marathon-du-medoc-2026\/#primaryimage"},"image":{"@id":"https:\/\/medoc-hautmedoc.fr\/evenements\/marathon-du-medoc-2026\/#primaryimage"},"thumbnailUrl":"https:\/\/medoc-hautmedoc.fr\/wp-content\/uploads\/MARATHON_DU_MEDOC\u00a9Claude_Clin_2022-4254-scaled.jpg","datePublished":"2026-08-10T10:12:51+00:00","description":"Les AOC M\u00e9doc & Haut-M\u00e9doc sont de nouveaux partenaires du Marathon des Ch\u00e2teaux du M\u00e9doc \u00e9dition 2026. Rendez-vous en septembre ! \ud83c\udf77","breadcrumb":{"@id":"https:\/\/medoc-hautmedoc.fr\/evenements\/marathon-du-medoc-2026\/#breadcrumb"},"inLanguage":"en-US","potentialAction":[{"@type":"ReadAction","target":["https:\/\/medoc-hautmedoc.fr\/evenements\/marathon-du-medoc-2026\/"]}]},{"@type":"ImageObject","inLanguage":"en-US","@id":"https:\/\/medoc-hautmedoc.fr\/evenements\/marathon-du-medoc-2026\/#primaryimage","url":"https:\/\/medoc-hautmedoc.fr\/wp-content\/uploads\/MARATHON_DU_MEDOC\u00a9Claude_Clin_2022-4254-scaled.jpg","contentUrl":"https:\/\/medoc-hautmedoc.fr\/wp-content\/uploads\/MARATHON_DU_MEDOC\u00a9Claude_Clin_2022-4254-scaled.jpg","width":2560,"height":1707},{"@type":"BreadcrumbList","@id":"https:\/\/medoc-hautmedoc.fr\/evenements\/marathon-du-medoc-2026\/#breadcrumb","itemListElement":[{"@type":"ListItem","position":1,"name":"Accueil","item":"https:\/\/medoc-hautmedoc.fr\/en\/"},{"@type":"ListItem","position":2,"name":"\u00c9v\u00e9nements","item":"https:\/\/medoc-hautmedoc.fr\/evenements\/"},{"@type":"ListItem","position":3,"name":"Marathon du M\u00e9doc 2026"}]},{"@type":"WebSite","@id":"https:\/\/medoc-hautmedoc.fr\/#website","url":"https:\/\/medoc-hautmedoc.fr\/","name":"AOC M\u00e9doc & Haut-M\u00e9doc","description":"","publisher":{"@id":"https:\/\/medoc-hautmedoc.fr\/#organization"},"potentialAction":[{"@type":"SearchAction","target":{"@type":"EntryPoint","urlTemplate":"https:\/\/medoc-hautmedoc.fr\/?s={search_term_string}"},"query-input":{"@type":"PropertyValueSpecification","valueRequired":true,"valueName":"search_term_string"}}],"inLanguage":"en-US"},{"@type":"Organization","@id":"https:\/\/medoc-hautmedoc.fr\/#organization","name":"AOC M\u00e9doc & Haut-M\u00e9doc","url":"https:\/\/medoc-hautmedoc.fr\/","logo":{"@type":"ImageObject","inLanguage":"en-US","@id":"https:\/\/medoc-hautmedoc.fr\/#\/schema\/logo\/image\/","url":"https:\/\/medoc-hautmedoc.fr\/wp-content\/uploads\/logo.svg","contentUrl":"https:\/\/medoc-hautmedoc.fr\/wp-content\/uploads\/logo.svg","width":1,"height":1,"caption":"AOC M\u00e9doc & Haut-M\u00e9doc"},"image":{"@id":"https:\/\/medoc-hautmedoc.fr\/#\/schema\/logo\/image\/"}}]}},"_links":{"self":[{"href":"https:\/\/medoc-hautmedoc.fr\/en\/wp-json\/wp\/v2\/evenements\/3573","targetHints":{"allow":["GET"]}}],"collection":[{"href":"https:\/\/medoc-hautmedoc.fr\/en\/wp-json\/wp\/v2\/evenements"}],"about":[{"href":"https:\/\/medoc-hautmedoc.fr\/en\/wp-json\/wp\/v2\/types\/evenements"}],"version-history":[{"count":5,"href":"https:\/\/medoc-hautmedoc.fr\/en\/wp-json\/wp\/v2\/evenements\/3573\/revisions"}],"predecessor-version":[{"id":4020,"href":"https:\/\/medoc-hautmedoc.fr\/en\/wp-json\/wp\/v2\/evenements\/3573\/revisions\/4020"}],"wp:featuredmedia":[{"embeddable":true,"href":"https:\/\/medoc-hautmedoc.fr\/en\/wp-json\/wp\/v2\/media\/4025"}],"wp:attachment":[{"href":"https:\/\/medoc-hautmedoc.fr\/en\/wp-json\/wp\/v2\/media?parent=3573"}],"wp:term":[{"taxonomy":"informations","embeddable":true,"href":"https:\/\/medoc-hautmedoc.fr\/en\/wp-json\/wp\/v2\/informations?post=3573"}],"curies":[{"name":"wp","href":"https:\/\/api.w.org\/{rel}","templated":true}]}}