{"id":1201,"date":"2022-08-01T13:46:57","date_gmt":"2022-08-01T13:46:57","guid":{"rendered":"https:\/\/medoc-hautmedoc.fr\/?post_type=vignerons&#038;p=1201"},"modified":"2025-01-16T15:26:53","modified_gmt":"2025-01-16T15:26:53","slug":"stephanie-francisco-vigneronne","status":"publish","type":"vignerons","link":"https:\/\/medoc-hautmedoc.fr\/en\/vigneron.ne.s\/stephanie-francisco-vigneronne\/","title":{"rendered":"St\u00e9phanie FRANCISCO"},"content":{"rendered":"\n<div class=\"single-vigneron-portrait-container\">\n    <img loading=\"lazy\" decoding=\"async\" width=\"1000\" height=\"585\" src=\"https:\/\/medoc-hautmedoc.fr\/wp-content\/uploads\/stephanie-velo-vigne-1.jpg\" class=\"single-vigneron-portrait-background\" alt=\"\" srcset=\"https:\/\/medoc-hautmedoc.fr\/wp-content\/uploads\/stephanie-velo-vigne-1.jpg 1000w, https:\/\/medoc-hautmedoc.fr\/wp-content\/uploads\/stephanie-velo-vigne-1-300x176.jpg 300w, https:\/\/medoc-hautmedoc.fr\/wp-content\/uploads\/stephanie-velo-vigne-1-768x449.jpg 768w\" sizes=\"auto, (max-width: 1000px) 100vw, 1000px\" \/>    <div class=\"single-vigneron-portrait-title\">\n        <h1>Vigneron(ne)s<\/h1>\n    <\/div>\n    <div class=\"single-vigneron-portrait-wrapper\">\n        <div class=\"is-style-small-arrow-link\">\n            <a class=\"is-style-container-small-left back-selection has-primary-color wp-block-button__link\" href=\"https:\/\/medoc-hautmedoc.fr\/en\/\/vigneron(ne)s\">retour<\/a>\n        <\/div>\n        <h2 class=\"single-vigneron-portrait-name\">\n            St\u00e9phanie FRANCISCO        <\/h2>\n        <div class=\"single-vigneron-portrait-text\">\n            <svg fill=\"none\" height=\"109\" viewBox=\"0 0 149 109\" width=\"149\" xmlns=\"http:\/\/www.w3.org\/2000\/svg\"><path d=\"m36.3701 109c-6.2572 0-11.7323-1.172-16.4252-3.516-4.6929-2.605-8.4733-5.9906-11.34123-10.1578-2.60717-4.1673-4.69291-9.1159-6.25722-14.8459-1.564299-5.73-2.34645-11.7205-2.34645-17.9713 0-12.7623 3.25897-24.7432 9.7769-35.9427 6.7787-11.1995 17.2074-20.05494 31.2861-26.5663l3.5197 7.03225c-7.3001 3.38595-13.818 8.33455-19.5538 14.84595-5.4751 6.2509-8.7341 12.8924-9.7769 19.9247-1.5643 5.4695-1.6947 10.8088-.3911 16.0179 5.7358-6.2509 13.4269-9.3764 23.0735-9.3764 8.8644 0 16.1645 2.7348 21.9002 8.2044 5.7358 5.209 8.6037 12.5017 8.6037 21.8781 0 9.1159-2.9982 16.5388-8.9947 22.2691-5.9965 5.469-13.6877 8.204-23.0735 8.204zm80.5619 0c-6.257 0-11.733-1.172-16.425-3.516-4.6933-2.605-8.4738-5.9906-11.3416-10.1578-2.6072-4.1673-4.6929-9.1159-6.2573-14.8459-1.5643-5.73-2.3464-11.7205-2.3464-17.9713 0-12.7623 3.2589-24.7432 9.7769-35.9427 6.7786-11.1995 17.2074-20.05494 31.2864-26.5663l3.519 7.03225c-7.3 3.38595-13.818 8.33455-19.553 14.84595-5.476 6.2509-8.7345 12.8924-9.7773 19.9247-1.5643 5.4695-1.6947 10.8088-.3911 16.0179 5.7354-6.2509 13.4274-9.3764 23.0734-9.3764 8.864 0 16.165 2.7348 21.9 8.2044 5.736 5.209 8.604 12.5017 8.604 21.8781 0 9.1159-2.998 16.5388-8.995 22.2691-5.996 5.469-13.687 8.204-23.073 8.204z\" fill=\"#fff\"\/><\/svg>\n            <p>Ch\u00e2teau de la Croix \u00e0 Ordonnac<\/p>\n        <\/div>\n        <div class=\"single-vigneron-portrait-image-wrapper\">\n            <img loading=\"lazy\" decoding=\"async\" width=\"580\" height=\"580\" src=\"https:\/\/medoc-hautmedoc.fr\/wp-content\/uploads\/stephanie-francisco.jpg\" class=\"single-vigneron-portrait-image\" alt=\"vignerons-aoc-medoc-haut-medoc-Stephanie-FRANCISCO\" srcset=\"https:\/\/medoc-hautmedoc.fr\/wp-content\/uploads\/stephanie-francisco.jpg 580w, https:\/\/medoc-hautmedoc.fr\/wp-content\/uploads\/stephanie-francisco-300x300.jpg 300w, https:\/\/medoc-hautmedoc.fr\/wp-content\/uploads\/stephanie-francisco-150x150.jpg 150w\" sizes=\"auto, (max-width: 580px) 100vw, 580px\" \/>        <\/div>\n    <\/div>\n<\/div>\n\n\r\n<div id=\"block_19f41e109f2c7867c354a61168706ba4\" class=\"spacer-block \" style=\"height: 10vh;\"><\/div>\n\n\n<div class=\"wp-block-group is-style-container-small is-layout-flow wp-block-group-is-layout-flow\">\n<p style=\"padding-top:0;padding-right:0;padding-bottom:0;padding-left:0\">St\u00e9phanie repr\u00e9sente la 5eme g\u00e9n\u00e9ration de vigneron(ne)s a faire vivre le Ch\u00e2teau de la Croix. Fait int\u00e9ressant les femmes ont toujours jou\u00e9 un r\u00f4le primordial  depuis sa cr\u00e9ation en 1870. <\/p>\n\n\n\n<p style=\"padding-top:0;padding-right:0;padding-bottom:0;padding-left:0\">Une exploitation tr\u00e8s &#8220;m\u00e9docaine&#8221;.<\/p>\n\n\n\n<p style=\"padding-top:0;padding-right:0;padding-bottom:0;padding-left:0\">La physionomie du domaine a beaucoup \u00e9volu\u00e9 <a href=\"https:\/\/medoc-hautmedoc.fr\/vignoble-terroir\/\">\u00e0 l&#8217;image du reste du M\u00e9doc<\/a>. Au d\u00e9part il vivait de diff\u00e9rentes activit\u00e9s : bois, c\u00e9r\u00e9ales et vignes. Les raisins \u00e9taient port\u00e9s \u00e0 la coop\u00e9rative du village. La propri\u00e9t\u00e9, telle que nous vous la pr\u00e9sentons aujourd&#8217;hui, doit sa destin\u00e9e \u00e0 une femme de caract\u00e8re : Raymonde, la grand-m\u00e8re de St\u00e9phanie. En effet, Raymonde a pos\u00e9 ses conditions pour reprendre l&#8217;exploitation :<\/p>\n\n\n\n<h2 class=\"wp-block-heading\"><span class=\"w-100\"><mark style=\"background-color:rgba(0, 0, 0, 0)\" class=\"has-inline-color has-primary-color\">&#8220;Je ferai mon propre vin ou rien&#8221;.<\/mark><\/span><\/h2>\n\n\n\n<p style=\"padding-top:0;padding-right:0;padding-bottom:0;padding-left:0\">Sa d\u00e9termination ayant convaincu ses parents, elle r\u00e9volutionne l&#8217;exploitation : sp\u00e9cialisation dans la vigne, vinification et \u00e9levage en barriques au domaine.<\/p>\n\n\n\n<p style=\"padding-top:0;padding-right:0;padding-bottom:0;padding-left:0\">Coup dur en 1956 : le gel ravage le vignoble. Raymonde loin de se laisser  abattre  r\u00e9investit dans une vingtaine d&#8217;hectares, pour le bonheur des g\u00e9n\u00e9rations futures.<\/p>\n\n\n\n<p style=\"padding-top:0;padding-right:0;padding-bottom:0;padding-left:0\">Consciente de la force de son h\u00e9ritage familial et du fait qu&#8217;il faudra se faire une place dans un monde vigneron qui reste tr\u00e8s &#8220;masculin&#8221;, St\u00e9phanie d\u00e9cide de se former aussi bien en th\u00e9orie qu&#8217;en pratique avant d&#8217;envisager de prendre la suite de ses parents.  <\/p>\n\n\n\n<p style=\"padding-top:0;padding-right:0;padding-bottom:0;padding-left:0\">Pour elle, le M\u00e9doc doit s&#8217;ouvrir et s&#8217;inspirer de ce qui se fait \u00e0 travers le monde. \u00c0 la sortie de ses \u00e9tudes elle travaille donc dans diff\u00e9rents vignobles fran\u00e7ais et \u00e9trangers. <\/p>\n\n\n\n<p style=\"padding-top:0;padding-right:0;padding-bottom:0;padding-left:0\">Convaincus des comp\u00e9tences de la nouvelle g\u00e9n\u00e9ration Jean et Marie-Claude c\u00e8dent les r\u00eanes \u00e0 St\u00e9phanie et \u00e0 Claude son cousin en 2016.<\/p>\n\n\n\n<p>Aujourd&#8217;hui, le ch\u00e2teau est constitu\u00e9 d&#8217;une petite \u00e9quipe efficace, St\u00e9phanie est sp\u00e9cialis\u00e9e au chai et \u00e0 la commercialisation et Claude \u00e0 la vigne. Ils sont aid\u00e9s par deux ouvri\u00e8res polyvalentes et par Jean qui n&#8217;est jamais tr\u00e8s loin pour donner un coup de main.<\/p>\n\n\n\n<h2 class=\"wp-block-heading\"><span class=\"w-100\"><mark style=\"background-color:rgba(0, 0, 0, 0)\" class=\"has-inline-color has-primary-color\">Parfum de renouveau apport\u00e9 par la nouvelle g\u00e9n\u00e9ration :<\/mark><\/span><\/h2>\n\n\n\n<p>Claude a d\u00e9cid\u00e9 de ne plus du tout utiliser de d\u00e9sherbant. Le travail \u00e0 la vigne s&#8217;en retrouve augment\u00e9, mais il estime que le jeu en vaut vraiment la chandelle. <\/p>\n\n\n\n<p>St\u00e9phanie de son c\u00f4t\u00e9 a r\u00e9cemment sorti une nouvelle gamme d&#8217;\u00e9tiquettes. Elle identifie 3 bonnes raisons de boire du vin : la convivialit\u00e9, l&#8217;amour et la d\u00e9tente. Une promesse \u00e9picurienne initi\u00e9e par des vignerons passionn\u00e9s en qu\u00eate de partage. Peut-\u00eatre que le mieux serait d&#8217;aller vous-m\u00eame v\u00e9rifier cette promesse !<\/p>\n\n\n\n<blockquote class=\"wp-block-quote is-style-default has-text-color is-layout-flow wp-block-quote-is-layout-flow\" style=\"color:#8e577f\">\n<p>\u00ab&nbsp;Venez passer un moment sur nos parcelles de vignes&#8230; En couple, entre amis ou en famille, nous vous accueillerons toujours avec grand plaisir pour partager notre passion, visiter les chais, d\u00e9guster nos vins, et d\u00e9couvrir nos techniques de travail.&nbsp;Le cadre et l\u2019atmosph\u00e8re qui se d\u00e9gagent dans notre propri\u00e9t\u00e9 familiale ne vous laisseront pas sans souvenir ! \u00c0 tr\u00e8s bient\u00f4t \u00bb&nbsp;<\/p>\n<cite>St\u00e9phanie Francisco<\/cite><\/blockquote>\n\n\n\n<p>Balade, pique-nique dans les vignes, visite guid\u00e9e des installations techniques, d\u00e9gustation, le ch\u00e2teau propose de nombreuses activit\u00e9s\u2026et ce n\u2019est pas tout ! St\u00e9phanie a mis les bouch\u00e9es doubles pour que vous passiez un beau moment de convivialit\u00e9\u2026 Chaque \u00e9t\u00e9, elle vous donne rendez-vous pour des sessions yoga au c\u0153ur des vignes. Les cours se cl\u00f4turent par une d\u00e9gustation des cuv\u00e9es du ch\u00e2teau. De quoi se d\u00e9tendre et repartir avec des souvenirs que vous n\u2019oublierez pas de sit\u00f4t !&nbsp;<\/p>\n\n\n\n<figure class=\"wp-block-image size-large is-resized\"><img loading=\"lazy\" decoding=\"async\" width=\"1024\" height=\"683\" src=\"https:\/\/medoc-hautmedoc.fr\/wp-content\/uploads\/stephanie-1024x683.jpg\" alt=\"\" class=\"wp-image-1452\" style=\"width:1060px\" srcset=\"https:\/\/medoc-hautmedoc.fr\/wp-content\/uploads\/stephanie-1024x683.jpg 1024w, https:\/\/medoc-hautmedoc.fr\/wp-content\/uploads\/stephanie-300x200.jpg 300w, https:\/\/medoc-hautmedoc.fr\/wp-content\/uploads\/stephanie-768x512.jpg 768w, https:\/\/medoc-hautmedoc.fr\/wp-content\/uploads\/stephanie.jpg 1242w\" sizes=\"auto, (max-width: 1024px) 100vw, 1024px\" \/><\/figure>\n\n\n\n<div class=\"wp-block-columns is-layout-flex wp-container-core-columns-is-layout-28f84493 wp-block-columns-is-layout-flex\">\n<div class=\"wp-block-column is-layout-flow wp-block-column-is-layout-flow\" style=\"flex-basis:50%\">\n<figure class=\"wp-block-image size-full\"><img loading=\"lazy\" decoding=\"async\" width=\"1000\" height=\"1000\" src=\"https:\/\/medoc-hautmedoc.fr\/wp-content\/uploads\/stephanie-vigne-carre.jpg\" alt=\"\" class=\"wp-image-2995\" srcset=\"https:\/\/medoc-hautmedoc.fr\/wp-content\/uploads\/stephanie-vigne-carre.jpg 1000w, https:\/\/medoc-hautmedoc.fr\/wp-content\/uploads\/stephanie-vigne-carre-300x300.jpg 300w, https:\/\/medoc-hautmedoc.fr\/wp-content\/uploads\/stephanie-vigne-carre-150x150.jpg 150w, https:\/\/medoc-hautmedoc.fr\/wp-content\/uploads\/stephanie-vigne-carre-768x768.jpg 768w\" sizes=\"auto, (max-width: 1000px) 100vw, 1000px\" \/><\/figure>\n<\/div>\n\n\n\n<div class=\"wp-block-column is-layout-flow wp-block-column-is-layout-flow\" style=\"flex-basis:50%\">\n<figure class=\"wp-block-image alignleft size-full is-resized\"><img loading=\"lazy\" decoding=\"async\" width=\"585\" height=\"700\" src=\"https:\/\/medoc-hautmedoc.fr\/wp-content\/uploads\/raisons-amour-3.jpg\" alt=\"\" class=\"wp-image-3007\" style=\"width:439px;height:525px\" srcset=\"https:\/\/medoc-hautmedoc.fr\/wp-content\/uploads\/raisons-amour-3.jpg 585w, https:\/\/medoc-hautmedoc.fr\/wp-content\/uploads\/raisons-amour-3-251x300.jpg 251w\" sizes=\"auto, (max-width: 585px) 100vw, 585px\" \/><figcaption class=\"wp-element-caption\">L&#8217;\u00e9tiquette de la &#8220;2eme bonne raison de boire du vin : l&#8217;Amour&#8221; (que pourtant la raison ignore !)<\/figcaption><\/figure>\n<\/div>\n<\/div>\n\n\n\n<h3 class=\"wp-block-heading\"><span class=\"w-100\"><br>Vous pouvez directement aller au <a href=\"https:\/\/www.chateau-de-la-croix.com\/oenotourisme-visite\/\">Ch\u00e2teau de La Croix pour rencontrer St\u00e9phanie<\/a> !<\/span><\/h3>\n\n\n\n<p>6 Chemin de la Croix, 33340 Ordonnac<\/p>\n\n\n\n<p><a href=\"tel:\">05 56 09 04 14<\/a> \u2022 <a href=\"tel:\">06 22 24 92 50<\/a><\/p>\n\n\n\n<p><a href=\"https:\/\/www.chateau-de-la-croix.com\" target=\"_blank\" rel=\"noreferrer noopener\">https:\/\/www.chateau-de-la-croix.com<\/a><\/p>\n\n\n\n<p>\u2709\ufe0f <a href=\"mailto:cdlc@chateau-de-la-croix.com\" target=\"_blank\" rel=\"noreferrer noopener\">cdlc@chateau-de-la-croix.com<\/a><\/p>\n\n\n\n<div class=\"wp-block-buttons is-layout-flex wp-block-buttons-is-layout-flex\">\n<div class=\"wp-block-button is-style-fill\"><a class=\"wp-block-button__link wp-element-button\" href=\"https:\/\/www.chateau-de-la-croix.com\/contact\/\" target=\"_blank\" rel=\"noreferrer noopener\">Contact<\/a><\/div>\n<\/div>\n<\/div>\n","protected":false},"excerpt":{"rendered":"<p>St\u00e9phanie repr\u00e9sente la 5eme g\u00e9n\u00e9ration de vigneron(ne)s a faire vivre le Ch\u00e2teau de la Croix. Fait int\u00e9ressant les femmes ont toujours jou\u00e9 un r\u00f4le primordial depuis sa cr\u00e9ation en 1870. Une exploitation tr\u00e8s &#8220;m\u00e9docaine&#8221;. La physionomie du domaine a beaucoup \u00e9volu\u00e9 \u00e0 l&#8217;image du reste du M\u00e9doc. Au d\u00e9part il vivait de diff\u00e9rentes activit\u00e9s : [&hellip;]<\/p>\n","protected":false},"featured_media":1302,"menu_order":0,"template":"","meta":{"_acf_changed":false,"footnotes":""},"caracteres":[7,14],"class_list":["post-1201","vignerons","type-vignerons","status-publish","has-post-thumbnail","hentry","caracteres-le-vin-au-feminin","caracteres-tous-les-vignerons"],"acf":[],"yoast_head":"<!-- This site is optimized with the Yoast SEO plugin v27.5 - https:\/\/yoast.com\/product\/yoast-seo-wordpress\/ -->\n<title>St\u00e9phanie FRANCISCO - AOC M\u00e9doc &amp; Haut-M\u00e9doc<\/title>\n<meta name=\"description\" content=\"Portait de St\u00e9phanie Francisco, vigneronne en AOC M\u00e9doc au Ch\u00e2teau de la Croix. D\u00e9couvrez comment elle conjugue le vin au f\u00e9minin.\" \/>\n<meta name=\"robots\" content=\"index, follow, max-snippet:-1, max-image-preview:large, max-video-preview:-1\" \/>\n<link rel=\"canonical\" href=\"https:\/\/medoc-hautmedoc.fr\/vigneron.ne.s\/stephanie-francisco-vigneronne\/\" \/>\n<meta property=\"og:locale\" content=\"en_US\" \/>\n<meta property=\"og:type\" content=\"article\" \/>\n<meta property=\"og:title\" content=\"St\u00e9phanie FRANCISCO - AOC M\u00e9doc &amp; Haut-M\u00e9doc\" \/>\n<meta property=\"og:description\" content=\"Portait de St\u00e9phanie Francisco, vigneronne en AOC M\u00e9doc au Ch\u00e2teau de la Croix. D\u00e9couvrez comment elle conjugue le vin au f\u00e9minin.\" \/>\n<meta property=\"og:url\" content=\"https:\/\/medoc-hautmedoc.fr\/vigneron.ne.s\/stephanie-francisco-vigneronne\/\" \/>\n<meta property=\"og:site_name\" content=\"AOC M\u00e9doc &amp; Haut-M\u00e9doc\" \/>\n<meta property=\"article:modified_time\" content=\"2025-01-16T15:26:53+00:00\" \/>\n<meta property=\"og:image\" content=\"https:\/\/medoc-hautmedoc.fr\/wp-content\/uploads\/stephanie-francisco.jpg\" \/>\n\t<meta property=\"og:image:width\" content=\"580\" \/>\n\t<meta property=\"og:image:height\" content=\"580\" \/>\n\t<meta property=\"og:image:type\" content=\"image\/jpeg\" \/>\n<meta name=\"twitter:card\" content=\"summary_large_image\" \/>\n<meta name=\"twitter:label1\" content=\"Est. reading time\" \/>\n\t<meta name=\"twitter:data1\" content=\"4 minutes\" \/>\n<script type=\"application\/ld+json\" class=\"yoast-schema-graph\">{\"@context\":\"https:\\\/\\\/schema.org\",\"@graph\":[{\"@type\":\"WebPage\",\"@id\":\"https:\\\/\\\/medoc-hautmedoc.fr\\\/vigneron.ne.s\\\/stephanie-francisco-vigneronne\\\/\",\"url\":\"https:\\\/\\\/medoc-hautmedoc.fr\\\/vigneron.ne.s\\\/stephanie-francisco-vigneronne\\\/\",\"name\":\"St\u00e9phanie FRANCISCO - AOC M\u00e9doc & Haut-M\u00e9doc\",\"isPartOf\":{\"@id\":\"https:\\\/\\\/medoc-hautmedoc.fr\\\/#website\"},\"primaryImageOfPage\":{\"@id\":\"https:\\\/\\\/medoc-hautmedoc.fr\\\/vigneron.ne.s\\\/stephanie-francisco-vigneronne\\\/#primaryimage\"},\"image\":{\"@id\":\"https:\\\/\\\/medoc-hautmedoc.fr\\\/vigneron.ne.s\\\/stephanie-francisco-vigneronne\\\/#primaryimage\"},\"thumbnailUrl\":\"https:\\\/\\\/medoc-hautmedoc.fr\\\/wp-content\\\/uploads\\\/stephanie-francisco.jpg\",\"datePublished\":\"2022-08-01T13:46:57+00:00\",\"dateModified\":\"2025-01-16T15:26:53+00:00\",\"description\":\"Portait de St\u00e9phanie Francisco, vigneronne en AOC M\u00e9doc au Ch\u00e2teau de la Croix. D\u00e9couvrez comment elle conjugue le vin au f\u00e9minin.\",\"breadcrumb\":{\"@id\":\"https:\\\/\\\/medoc-hautmedoc.fr\\\/vigneron.ne.s\\\/stephanie-francisco-vigneronne\\\/#breadcrumb\"},\"inLanguage\":\"en-US\",\"potentialAction\":[{\"@type\":\"ReadAction\",\"target\":[\"https:\\\/\\\/medoc-hautmedoc.fr\\\/vigneron.ne.s\\\/stephanie-francisco-vigneronne\\\/\"]}]},{\"@type\":\"ImageObject\",\"inLanguage\":\"en-US\",\"@id\":\"https:\\\/\\\/medoc-hautmedoc.fr\\\/vigneron.ne.s\\\/stephanie-francisco-vigneronne\\\/#primaryimage\",\"url\":\"https:\\\/\\\/medoc-hautmedoc.fr\\\/wp-content\\\/uploads\\\/stephanie-francisco.jpg\",\"contentUrl\":\"https:\\\/\\\/medoc-hautmedoc.fr\\\/wp-content\\\/uploads\\\/stephanie-francisco.jpg\",\"width\":580,\"height\":580,\"caption\":\"vignerons-aoc-medoc-haut-medoc-Stephanie-FRANCISCO\"},{\"@type\":\"BreadcrumbList\",\"@id\":\"https:\\\/\\\/medoc-hautmedoc.fr\\\/vigneron.ne.s\\\/stephanie-francisco-vigneronne\\\/#breadcrumb\",\"itemListElement\":[{\"@type\":\"ListItem\",\"position\":1,\"name\":\"Accueil\",\"item\":\"https:\\\/\\\/medoc-hautmedoc.fr\\\/en\\\/\"},{\"@type\":\"ListItem\",\"position\":2,\"name\":\"Vigneron(ne)s\",\"item\":\"https:\\\/\\\/medoc-hautmedoc.fr\\\/vigneron.ne.s\\\/\"},{\"@type\":\"ListItem\",\"position\":3,\"name\":\"St\u00e9phanie FRANCISCO\"}]},{\"@type\":\"WebSite\",\"@id\":\"https:\\\/\\\/medoc-hautmedoc.fr\\\/#website\",\"url\":\"https:\\\/\\\/medoc-hautmedoc.fr\\\/\",\"name\":\"AOC M\u00e9doc & Haut-M\u00e9doc\",\"description\":\"\",\"publisher\":{\"@id\":\"https:\\\/\\\/medoc-hautmedoc.fr\\\/#organization\"},\"potentialAction\":[{\"@type\":\"SearchAction\",\"target\":{\"@type\":\"EntryPoint\",\"urlTemplate\":\"https:\\\/\\\/medoc-hautmedoc.fr\\\/?s={search_term_string}\"},\"query-input\":{\"@type\":\"PropertyValueSpecification\",\"valueRequired\":true,\"valueName\":\"search_term_string\"}}],\"inLanguage\":\"en-US\"},{\"@type\":\"Organization\",\"@id\":\"https:\\\/\\\/medoc-hautmedoc.fr\\\/#organization\",\"name\":\"AOC M\u00e9doc & Haut-M\u00e9doc\",\"url\":\"https:\\\/\\\/medoc-hautmedoc.fr\\\/\",\"logo\":{\"@type\":\"ImageObject\",\"inLanguage\":\"en-US\",\"@id\":\"https:\\\/\\\/medoc-hautmedoc.fr\\\/#\\\/schema\\\/logo\\\/image\\\/\",\"url\":\"https:\\\/\\\/medoc-hautmedoc.fr\\\/wp-content\\\/uploads\\\/logo.svg\",\"contentUrl\":\"https:\\\/\\\/medoc-hautmedoc.fr\\\/wp-content\\\/uploads\\\/logo.svg\",\"width\":1,\"height\":1,\"caption\":\"AOC M\u00e9doc & Haut-M\u00e9doc\"},\"image\":{\"@id\":\"https:\\\/\\\/medoc-hautmedoc.fr\\\/#\\\/schema\\\/logo\\\/image\\\/\"}}]}<\/script>\n<!-- \/ Yoast SEO plugin. -->","yoast_head_json":{"title":"St\u00e9phanie FRANCISCO - AOC M\u00e9doc & Haut-M\u00e9doc","description":"Portait de St\u00e9phanie Francisco, vigneronne en AOC M\u00e9doc au Ch\u00e2teau de la Croix. D\u00e9couvrez comment elle conjugue le vin au f\u00e9minin.","robots":{"index":"index","follow":"follow","max-snippet":"max-snippet:-1","max-image-preview":"max-image-preview:large","max-video-preview":"max-video-preview:-1"},"canonical":"https:\/\/medoc-hautmedoc.fr\/vigneron.ne.s\/stephanie-francisco-vigneronne\/","og_locale":"en_US","og_type":"article","og_title":"St\u00e9phanie FRANCISCO - AOC M\u00e9doc & Haut-M\u00e9doc","og_description":"Portait de St\u00e9phanie Francisco, vigneronne en AOC M\u00e9doc au Ch\u00e2teau de la Croix. D\u00e9couvrez comment elle conjugue le vin au f\u00e9minin.","og_url":"https:\/\/medoc-hautmedoc.fr\/vigneron.ne.s\/stephanie-francisco-vigneronne\/","og_site_name":"AOC M\u00e9doc & Haut-M\u00e9doc","article_modified_time":"2025-01-16T15:26:53+00:00","og_image":[{"width":580,"height":580,"url":"https:\/\/medoc-hautmedoc.fr\/wp-content\/uploads\/stephanie-francisco.jpg","type":"image\/jpeg"}],"twitter_card":"summary_large_image","twitter_misc":{"Est. reading time":"4 minutes"},"schema":{"@context":"https:\/\/schema.org","@graph":[{"@type":"WebPage","@id":"https:\/\/medoc-hautmedoc.fr\/vigneron.ne.s\/stephanie-francisco-vigneronne\/","url":"https:\/\/medoc-hautmedoc.fr\/vigneron.ne.s\/stephanie-francisco-vigneronne\/","name":"St\u00e9phanie FRANCISCO - AOC M\u00e9doc & Haut-M\u00e9doc","isPartOf":{"@id":"https:\/\/medoc-hautmedoc.fr\/#website"},"primaryImageOfPage":{"@id":"https:\/\/medoc-hautmedoc.fr\/vigneron.ne.s\/stephanie-francisco-vigneronne\/#primaryimage"},"image":{"@id":"https:\/\/medoc-hautmedoc.fr\/vigneron.ne.s\/stephanie-francisco-vigneronne\/#primaryimage"},"thumbnailUrl":"https:\/\/medoc-hautmedoc.fr\/wp-content\/uploads\/stephanie-francisco.jpg","datePublished":"2022-08-01T13:46:57+00:00","dateModified":"2025-01-16T15:26:53+00:00","description":"Portait de St\u00e9phanie Francisco, vigneronne en AOC M\u00e9doc au Ch\u00e2teau de la Croix. D\u00e9couvrez comment elle conjugue le vin au f\u00e9minin.","breadcrumb":{"@id":"https:\/\/medoc-hautmedoc.fr\/vigneron.ne.s\/stephanie-francisco-vigneronne\/#breadcrumb"},"inLanguage":"en-US","potentialAction":[{"@type":"ReadAction","target":["https:\/\/medoc-hautmedoc.fr\/vigneron.ne.s\/stephanie-francisco-vigneronne\/"]}]},{"@type":"ImageObject","inLanguage":"en-US","@id":"https:\/\/medoc-hautmedoc.fr\/vigneron.ne.s\/stephanie-francisco-vigneronne\/#primaryimage","url":"https:\/\/medoc-hautmedoc.fr\/wp-content\/uploads\/stephanie-francisco.jpg","contentUrl":"https:\/\/medoc-hautmedoc.fr\/wp-content\/uploads\/stephanie-francisco.jpg","width":580,"height":580,"caption":"vignerons-aoc-medoc-haut-medoc-Stephanie-FRANCISCO"},{"@type":"BreadcrumbList","@id":"https:\/\/medoc-hautmedoc.fr\/vigneron.ne.s\/stephanie-francisco-vigneronne\/#breadcrumb","itemListElement":[{"@type":"ListItem","position":1,"name":"Accueil","item":"https:\/\/medoc-hautmedoc.fr\/en\/"},{"@type":"ListItem","position":2,"name":"Vigneron(ne)s","item":"https:\/\/medoc-hautmedoc.fr\/vigneron.ne.s\/"},{"@type":"ListItem","position":3,"name":"St\u00e9phanie FRANCISCO"}]},{"@type":"WebSite","@id":"https:\/\/medoc-hautmedoc.fr\/#website","url":"https:\/\/medoc-hautmedoc.fr\/","name":"AOC M\u00e9doc & Haut-M\u00e9doc","description":"","publisher":{"@id":"https:\/\/medoc-hautmedoc.fr\/#organization"},"potentialAction":[{"@type":"SearchAction","target":{"@type":"EntryPoint","urlTemplate":"https:\/\/medoc-hautmedoc.fr\/?s={search_term_string}"},"query-input":{"@type":"PropertyValueSpecification","valueRequired":true,"valueName":"search_term_string"}}],"inLanguage":"en-US"},{"@type":"Organization","@id":"https:\/\/medoc-hautmedoc.fr\/#organization","name":"AOC M\u00e9doc & Haut-M\u00e9doc","url":"https:\/\/medoc-hautmedoc.fr\/","logo":{"@type":"ImageObject","inLanguage":"en-US","@id":"https:\/\/medoc-hautmedoc.fr\/#\/schema\/logo\/image\/","url":"https:\/\/medoc-hautmedoc.fr\/wp-content\/uploads\/logo.svg","contentUrl":"https:\/\/medoc-hautmedoc.fr\/wp-content\/uploads\/logo.svg","width":1,"height":1,"caption":"AOC M\u00e9doc & Haut-M\u00e9doc"},"image":{"@id":"https:\/\/medoc-hautmedoc.fr\/#\/schema\/logo\/image\/"}}]}},"_links":{"self":[{"href":"https:\/\/medoc-hautmedoc.fr\/en\/wp-json\/wp\/v2\/vignerons\/1201","targetHints":{"allow":["GET"]}}],"collection":[{"href":"https:\/\/medoc-hautmedoc.fr\/en\/wp-json\/wp\/v2\/vignerons"}],"about":[{"href":"https:\/\/medoc-hautmedoc.fr\/en\/wp-json\/wp\/v2\/types\/vignerons"}],"version-history":[{"count":45,"href":"https:\/\/medoc-hautmedoc.fr\/en\/wp-json\/wp\/v2\/vignerons\/1201\/revisions"}],"predecessor-version":[{"id":3273,"href":"https:\/\/medoc-hautmedoc.fr\/en\/wp-json\/wp\/v2\/vignerons\/1201\/revisions\/3273"}],"wp:featuredmedia":[{"embeddable":true,"href":"https:\/\/medoc-hautmedoc.fr\/en\/wp-json\/wp\/v2\/media\/1302"}],"wp:attachment":[{"href":"https:\/\/medoc-hautmedoc.fr\/en\/wp-json\/wp\/v2\/media?parent=1201"}],"wp:term":[{"taxonomy":"caracteres","embeddable":true,"href":"https:\/\/medoc-hautmedoc.fr\/en\/wp-json\/wp\/v2\/caracteres?post=1201"}],"curies":[{"name":"wp","href":"https:\/\/api.w.org\/{rel}","templated":true}]}}