{"id":3175,"date":"2025-01-21T15:58:32","date_gmt":"2025-01-21T15:58:32","guid":{"rendered":"https:\/\/medoc-hautmedoc.fr\/?post_type=vignerons&#038;p=3175"},"modified":"2025-01-22T10:58:57","modified_gmt":"2025-01-22T10:58:57","slug":"portrait-thomas-marquant-oenologue-vigneron","status":"publish","type":"vignerons","link":"https:\/\/medoc-hautmedoc.fr\/en\/vigneron.ne.s\/portrait-thomas-marquant-oenologue-vigneron\/","title":{"rendered":"Thomas MARQUANT"},"content":{"rendered":"\n<div class=\"single-vigneron-portrait-container\">\n    <img loading=\"lazy\" decoding=\"async\" width=\"842\" height=\"568\" src=\"https:\/\/medoc-hautmedoc.fr\/wp-content\/uploads\/Thomas-marquant-presentation-cavistes.jpg\" class=\"single-vigneron-portrait-background\" alt=\"Portrait thomas marquant pr\u00e9sentant son vin\" srcset=\"https:\/\/medoc-hautmedoc.fr\/wp-content\/uploads\/Thomas-marquant-presentation-cavistes.jpg 842w, https:\/\/medoc-hautmedoc.fr\/wp-content\/uploads\/Thomas-marquant-presentation-cavistes-300x202.jpg 300w, https:\/\/medoc-hautmedoc.fr\/wp-content\/uploads\/Thomas-marquant-presentation-cavistes-768x518.jpg 768w\" sizes=\"auto, (max-width: 842px) 100vw, 842px\" \/>    <div class=\"single-vigneron-portrait-title\">\n        <h1>Vigneron(ne)s<\/h1>\n    <\/div>\n    <div class=\"single-vigneron-portrait-wrapper\">\n        <div class=\"is-style-small-arrow-link\">\n            <a class=\"is-style-container-small-left back-selection has-primary-color wp-block-button__link\" href=\"https:\/\/medoc-hautmedoc.fr\/en\/\/vigneron(ne)s\">retour<\/a>\n        <\/div>\n        <h2 class=\"single-vigneron-portrait-name\">\n            Thomas Marquant        <\/h2>\n        <div class=\"single-vigneron-portrait-text\">\n            <svg fill=\"none\" height=\"109\" viewBox=\"0 0 149 109\" width=\"149\" xmlns=\"http:\/\/www.w3.org\/2000\/svg\"><path d=\"m36.3701 109c-6.2572 0-11.7323-1.172-16.4252-3.516-4.6929-2.605-8.4733-5.9906-11.34123-10.1578-2.60717-4.1673-4.69291-9.1159-6.25722-14.8459-1.564299-5.73-2.34645-11.7205-2.34645-17.9713 0-12.7623 3.25897-24.7432 9.7769-35.9427 6.7787-11.1995 17.2074-20.05494 31.2861-26.5663l3.5197 7.03225c-7.3001 3.38595-13.818 8.33455-19.5538 14.84595-5.4751 6.2509-8.7341 12.8924-9.7769 19.9247-1.5643 5.4695-1.6947 10.8088-.3911 16.0179 5.7358-6.2509 13.4269-9.3764 23.0735-9.3764 8.8644 0 16.1645 2.7348 21.9002 8.2044 5.7358 5.209 8.6037 12.5017 8.6037 21.8781 0 9.1159-2.9982 16.5388-8.9947 22.2691-5.9965 5.469-13.6877 8.204-23.0735 8.204zm80.5619 0c-6.257 0-11.733-1.172-16.425-3.516-4.6933-2.605-8.4738-5.9906-11.3416-10.1578-2.6072-4.1673-4.6929-9.1159-6.2573-14.8459-1.5643-5.73-2.3464-11.7205-2.3464-17.9713 0-12.7623 3.2589-24.7432 9.7769-35.9427 6.7786-11.1995 17.2074-20.05494 31.2864-26.5663l3.519 7.03225c-7.3 3.38595-13.818 8.33455-19.553 14.84595-5.476 6.2509-8.7345 12.8924-9.7773 19.9247-1.5643 5.4695-1.6947 10.8088-.3911 16.0179 5.7354-6.2509 13.4274-9.3764 23.0734-9.3764 8.864 0 16.165 2.7348 21.9 8.2044 5.736 5.209 8.604 12.5017 8.604 21.8781 0 9.1159-2.998 16.5388-8.995 22.2691-5.996 5.469-13.687 8.204-23.073 8.204z\" fill=\"#fff\"\/><\/svg>\n            <p>Ch\u00e2teau Fleur La Mothe \u00e0 Saint-Yzans-de-M\u00e9doc<\/p>\n        <\/div>\n        <div class=\"single-vigneron-portrait-image-wrapper\">\n            <img loading=\"lazy\" decoding=\"async\" width=\"1000\" height=\"1000\" src=\"https:\/\/medoc-hautmedoc.fr\/wp-content\/uploads\/Thomas-Marquant-light.jpg\" class=\"single-vigneron-portrait-image\" alt=\"Portrait serr\u00e9 Thomas Marquant\" srcset=\"https:\/\/medoc-hautmedoc.fr\/wp-content\/uploads\/Thomas-Marquant-light.jpg 1000w, https:\/\/medoc-hautmedoc.fr\/wp-content\/uploads\/Thomas-Marquant-light-300x300.jpg 300w, https:\/\/medoc-hautmedoc.fr\/wp-content\/uploads\/Thomas-Marquant-light-150x150.jpg 150w, https:\/\/medoc-hautmedoc.fr\/wp-content\/uploads\/Thomas-Marquant-light-768x768.jpg 768w\" sizes=\"auto, (max-width: 1000px) 100vw, 1000px\" \/>        <\/div>\n    <\/div>\n<\/div>\n\n\r\n<div id=\"block_1547df0074b05dc78b8367bd37f32b73\" class=\"spacer-block \" style=\"height: 10vh;\"><\/div>\n\n\n<div class=\"wp-block-group is-style-container-small is-layout-flow wp-block-group-is-layout-flow\">\n<p>S\u2019\u00e9tant pris de passion pour le monde du vin au cours de ses \u00e9tudes de biologie \u00e0 Bordeaux, Thomas Marquant est <strong>\u0153nologue de formation<\/strong>. Une fois dipl\u00f4m\u00e9, il a voyag\u00e9, notamment en Nouvelle-Z\u00e9lande et en Europe, en d\u00e9couvrant diff\u00e9rentes exploitations du monde. Celui qui se qualifie de \u00ab m\u00e9docain d\u2019adoption \u00bb int\u00e8gre en 2015 le Laboratoire Oenoconseil de Pauillac.<\/p>\n\n\n\n<p>4 ans plus tard, ses coll\u00e8gues du laboratoire, qui sont \u00e9galement les 3 associ\u00e9s historiques du <a href=\"https:\/\/www.chateaufleurlamothe.fr\/intro.html\" target=\"_blank\" rel=\"noreferrer noopener\">Ch\u00e2teau Fleur La Mothe<\/a>, proposent \u00e0 Thomas de rejoindre la propri\u00e9t\u00e9 en tant que nouvel associ\u00e9. Celui-ci accepte \u00ab sans h\u00e9siter \u00bb de se lancer dans l\u2019aventure. Il se confronte d\u00e9sormais \u00e0 toutes les \u00e9tapes de l\u2019\u00e9laboration du vin.&nbsp;<\/p>\n\n\n\n<h2 class=\"wp-block-heading\"><span class=\"w-100\"><mark style=\"background-color:rgba(0, 0, 0, 0)\" class=\"has-inline-color has-primary-color\">Un mod\u00e8le atypique<\/mark><\/span><\/h2>\n\n\n\n<p>Ce projet pour le moins atypique, dans lequel au total <a href=\"https:\/\/www.chateaufleurlamothe.fr\/histoire.html\" target=\"_blank\" rel=\"noreferrer noopener\">5 oenologues collaborent<\/a>, est bas\u00e9 sur une d\u00e9marche unique dans laquelle ils ont \u00e9galement la casquette de vigneron. Thomas confie que pour lui, jongler entre les deux se fait naturellement, mais le rend&nbsp;encore plus critique envers son propre vin. Leur expertise professionnelle se m\u00eale \u00e0 <a href=\"https:\/\/medoc-hautmedoc.fr\/vignoble-terroir\/\" target=\"_blank\" rel=\"noreferrer noopener\">la pratique sur le terrain<\/a> et cr\u00e9e une <strong>v\u00e9ritable singularit\u00e9 m\u00e9docaine<\/strong>.<\/p>\n\n\n\n<p>C\u2019est avec une grande fiert\u00e9 et une passion communicative qu\u2019il d\u00e9crit cette production. En m\u00ealant exp\u00e9riences et connaissances scientifiques, les associ\u00e9s du Ch\u00e2teau Fleur La Mothe ont mis en place un processus rigoureux : ils produisent des <a href=\"https:\/\/www.chateaufleurlamothe.fr\/nosvins.html\" target=\"_blank\" rel=\"noreferrer noopener\">vins \u00e0 la complexit\u00e9 aromatique certaine tout en gardant une grande buvabilit\u00e9<\/a>. Cette activit\u00e9 s\u2019inscrit dans une d\u00e9marche raisonn\u00e9e tant quantitativement qu\u2019\u00e9cologiquement, une priorit\u00e9 pour ces vignerons.<\/p>\n<\/div>\n\n\n\n<p><\/p>\n\n\n\n<div class=\"wp-block-group is-style-container-small is-layout-flow wp-block-group-is-layout-flow\">\n<blockquote class=\"wp-block-quote is-style-default has-text-color is-layout-flow wp-block-quote-is-layout-flow\" style=\"color:#8e577f\">\n<p>&#8220;Faire preuve de bon sens paysan tout en utilisant les connaissances scientifiques actuelles&#8221;, telle est la devise de Thomas !<\/p>\n<\/blockquote>\n\n\n\n<figure class=\"wp-block-gallery has-nested-images columns-2 is-cropped wp-block-gallery-1 is-layout-flex wp-block-gallery-is-layout-flex\">\n<figure class=\"wp-block-image size-full\"><img loading=\"lazy\" decoding=\"async\" width=\"1000\" height=\"1000\" data-id=\"3315\" src=\"https:\/\/medoc-hautmedoc.fr\/wp-content\/uploads\/Thomas-marquant-au-chais.jpg\" alt=\"\" class=\"wp-image-3315\" srcset=\"https:\/\/medoc-hautmedoc.fr\/wp-content\/uploads\/Thomas-marquant-au-chais.jpg 1000w, https:\/\/medoc-hautmedoc.fr\/wp-content\/uploads\/Thomas-marquant-au-chais-300x300.jpg 300w, https:\/\/medoc-hautmedoc.fr\/wp-content\/uploads\/Thomas-marquant-au-chais-150x150.jpg 150w, https:\/\/medoc-hautmedoc.fr\/wp-content\/uploads\/Thomas-marquant-au-chais-768x768.jpg 768w\" sizes=\"auto, (max-width: 1000px) 100vw, 1000px\" \/><figcaption class=\"wp-element-caption\">Thomas Marquant travaillant au chai du Ch\u00e2teau Fleur La Mothe<\/figcaption><\/figure>\n\n\n\n<figure class=\"wp-block-image size-full\"><img loading=\"lazy\" decoding=\"async\" width=\"1000\" height=\"1000\" data-id=\"3317\" src=\"https:\/\/medoc-hautmedoc.fr\/wp-content\/uploads\/Vue-de-leglise-saint-yzans.jpg\" alt=\"\" class=\"wp-image-3317\" srcset=\"https:\/\/medoc-hautmedoc.fr\/wp-content\/uploads\/Vue-de-leglise-saint-yzans.jpg 1000w, https:\/\/medoc-hautmedoc.fr\/wp-content\/uploads\/Vue-de-leglise-saint-yzans-300x300.jpg 300w, https:\/\/medoc-hautmedoc.fr\/wp-content\/uploads\/Vue-de-leglise-saint-yzans-150x150.jpg 150w, https:\/\/medoc-hautmedoc.fr\/wp-content\/uploads\/Vue-de-leglise-saint-yzans-768x768.jpg 768w\" sizes=\"auto, (max-width: 1000px) 100vw, 1000px\" \/><figcaption class=\"wp-element-caption\">Vue depuis les vignes du Ch\u00e2teau Fleur La Mothe<\/figcaption><\/figure>\n<\/figure>\n\n\n\n<p class=\"has-white-color has-text-color\" id=\"EDV\" style=\"font-style:normal;font-weight:100\">&#8211;<\/p>\n\n\n\n<p style=\"font-style:italic;font-weight:400\">Vous souhaitez en savoir plus sur Thomas ? Consultez l&#8217;article <mark style=\"background-color:rgba(0, 0, 0, 0)\" class=\"has-inline-color has-secondary-color\"><a href=\"http:\/\/toutlevin.com\/article\/ma-tribu-medocaine-thomas-marquant-oenologue-de-campagne \u2197\" target=\"_blank\" rel=\"noreferrer noopener\">Thomas Marquant, oenologue de campagne sur Tout le Vin<\/a><\/mark>.<\/p>\n\n\n\n<p><\/p>\n\n\n\n<p>Pour en apprendre toujours plus sur le Laboratoire Oenoconseil de Pauillac mais \u00e9galement sur les collaborateurs de Thomas, c&#8217;est par ici ! <\/p>\n\n\n\n<div class=\"wp-block-buttons is-content-justification-center is-layout-flex wp-container-core-buttons-is-layout-a89b3969 wp-block-buttons-is-layout-flex\">\n<div class=\"wp-block-button\"><a class=\"wp-block-button__link wp-element-button\" href=\"https:\/\/oenoconseil.com\" target=\"_blank\" rel=\"noreferrer noopener\">Laboratoire Oenoconseil de Pauillac<\/a><\/div>\n<\/div>\n\n\n\n<p><\/p>\n\n\n\n<h3 class=\"wp-block-heading\"><span class=\"w-100\">Le Ch\u00e2teau Fleur La Mothe vous accueille, <a href=\"https:\/\/www.chateaufleurlamothe.fr\/contact.html\" target=\"_blank\" rel=\"noreferrer noopener\">pensez \u00e0 r\u00e9server votre visite<\/a> !<\/span><\/h3>\n\n\n\n<p>Ch\u00e2teau Fleur La Mothe, 4&nbsp;rue de l&#8217;\u00c9toile, 33340 Saint-Yzans-de-M\u00e9doc<\/p>\n\n\n\n<p>07 63 59 67 40 <\/p>\n\n\n\n<p><a href=\"https:\/\/www.chateaufleurlamothe.fr\/intro.html\" target=\"_blank\" rel=\"noreferrer noopener\">https:\/\/www.chateaufleurlamothe.fr<\/a><\/p>\n<\/div>\n\n\n\n<p><\/p>\n","protected":false},"excerpt":{"rendered":"<p>S\u2019\u00e9tant pris de passion pour le monde du vin au cours de ses \u00e9tudes de biologie \u00e0 Bordeaux, Thomas Marquant est \u0153nologue de formation. Une fois dipl\u00f4m\u00e9, il a voyag\u00e9, notamment en Nouvelle-Z\u00e9lande et en Europe, en d\u00e9couvrant diff\u00e9rentes exploitations du monde. Celui qui se qualifie de \u00ab m\u00e9docain d\u2019adoption \u00bb int\u00e8gre en 2015 le [&hellip;]<\/p>\n","protected":false},"featured_media":3313,"menu_order":0,"template":"","meta":{"_acf_changed":false,"footnotes":""},"caracteres":[10,14],"class_list":["post-3175","vignerons","type-vignerons","status-publish","has-post-thumbnail","hentry","caracteres-lunion-fait-la-force","caracteres-tous-les-vignerons"],"acf":[],"yoast_head":"<!-- This site is optimized with the Yoast SEO plugin v27.5 - https:\/\/yoast.com\/product\/yoast-seo-wordpress\/ -->\n<title>Thomas Marquant - AOC M\u00e9doc &amp; Haut-M\u00e9doc<\/title>\n<meta name=\"description\" content=\"\u0152nologue de formation, Thomas Marquant rejoint l&#039;aventure du Ch\u00e2teau Fleur La Mothe en 2019 en devenant un des 5 vignerons associ\u00e9s.\" \/>\n<meta name=\"robots\" content=\"index, follow, max-snippet:-1, max-image-preview:large, max-video-preview:-1\" \/>\n<link rel=\"canonical\" href=\"https:\/\/medoc-hautmedoc.fr\/vigneron.ne.s\/portrait-thomas-marquant-oenologue-vigneron\/\" \/>\n<meta property=\"og:locale\" content=\"en_US\" \/>\n<meta property=\"og:type\" content=\"article\" \/>\n<meta property=\"og:title\" content=\"Thomas Marquant - AOC M\u00e9doc &amp; Haut-M\u00e9doc\" \/>\n<meta property=\"og:description\" content=\"\u0152nologue de formation, Thomas Marquant rejoint l&#039;aventure du Ch\u00e2teau Fleur La Mothe en 2019 en devenant un des 5 vignerons associ\u00e9s.\" \/>\n<meta property=\"og:url\" content=\"https:\/\/medoc-hautmedoc.fr\/vigneron.ne.s\/portrait-thomas-marquant-oenologue-vigneron\/\" \/>\n<meta property=\"og:site_name\" content=\"AOC M\u00e9doc &amp; Haut-M\u00e9doc\" \/>\n<meta property=\"article:modified_time\" content=\"2025-01-22T10:58:57+00:00\" \/>\n<meta property=\"og:image\" content=\"https:\/\/medoc-hautmedoc.fr\/wp-content\/uploads\/Thomas-Marquant-light.jpg\" \/>\n\t<meta property=\"og:image:width\" content=\"1000\" \/>\n\t<meta property=\"og:image:height\" content=\"1000\" \/>\n\t<meta property=\"og:image:type\" content=\"image\/jpeg\" \/>\n<meta name=\"twitter:card\" content=\"summary_large_image\" \/>\n<meta name=\"twitter:label1\" content=\"Est. reading time\" \/>\n\t<meta name=\"twitter:data1\" content=\"3 minutes\" \/>\n<script type=\"application\/ld+json\" class=\"yoast-schema-graph\">{\"@context\":\"https:\\\/\\\/schema.org\",\"@graph\":[{\"@type\":\"WebPage\",\"@id\":\"https:\\\/\\\/medoc-hautmedoc.fr\\\/vigneron.ne.s\\\/portrait-thomas-marquant-oenologue-vigneron\\\/\",\"url\":\"https:\\\/\\\/medoc-hautmedoc.fr\\\/vigneron.ne.s\\\/portrait-thomas-marquant-oenologue-vigneron\\\/\",\"name\":\"Thomas Marquant - AOC M\u00e9doc & Haut-M\u00e9doc\",\"isPartOf\":{\"@id\":\"https:\\\/\\\/medoc-hautmedoc.fr\\\/#website\"},\"primaryImageOfPage\":{\"@id\":\"https:\\\/\\\/medoc-hautmedoc.fr\\\/vigneron.ne.s\\\/portrait-thomas-marquant-oenologue-vigneron\\\/#primaryimage\"},\"image\":{\"@id\":\"https:\\\/\\\/medoc-hautmedoc.fr\\\/vigneron.ne.s\\\/portrait-thomas-marquant-oenologue-vigneron\\\/#primaryimage\"},\"thumbnailUrl\":\"https:\\\/\\\/medoc-hautmedoc.fr\\\/wp-content\\\/uploads\\\/Thomas-Marquant-light.jpg\",\"datePublished\":\"2025-01-21T15:58:32+00:00\",\"dateModified\":\"2025-01-22T10:58:57+00:00\",\"description\":\"\u0152nologue de formation, Thomas Marquant rejoint l'aventure du Ch\u00e2teau Fleur La Mothe en 2019 en devenant un des 5 vignerons associ\u00e9s.\",\"breadcrumb\":{\"@id\":\"https:\\\/\\\/medoc-hautmedoc.fr\\\/vigneron.ne.s\\\/portrait-thomas-marquant-oenologue-vigneron\\\/#breadcrumb\"},\"inLanguage\":\"en-US\",\"potentialAction\":[{\"@type\":\"ReadAction\",\"target\":[\"https:\\\/\\\/medoc-hautmedoc.fr\\\/vigneron.ne.s\\\/portrait-thomas-marquant-oenologue-vigneron\\\/\"]}]},{\"@type\":\"ImageObject\",\"inLanguage\":\"en-US\",\"@id\":\"https:\\\/\\\/medoc-hautmedoc.fr\\\/vigneron.ne.s\\\/portrait-thomas-marquant-oenologue-vigneron\\\/#primaryimage\",\"url\":\"https:\\\/\\\/medoc-hautmedoc.fr\\\/wp-content\\\/uploads\\\/Thomas-Marquant-light.jpg\",\"contentUrl\":\"https:\\\/\\\/medoc-hautmedoc.fr\\\/wp-content\\\/uploads\\\/Thomas-Marquant-light.jpg\",\"width\":1000,\"height\":1000,\"caption\":\"Portrait serr\u00e9 Thomas Marquant\"},{\"@type\":\"BreadcrumbList\",\"@id\":\"https:\\\/\\\/medoc-hautmedoc.fr\\\/vigneron.ne.s\\\/portrait-thomas-marquant-oenologue-vigneron\\\/#breadcrumb\",\"itemListElement\":[{\"@type\":\"ListItem\",\"position\":1,\"name\":\"Accueil\",\"item\":\"https:\\\/\\\/medoc-hautmedoc.fr\\\/en\\\/\"},{\"@type\":\"ListItem\",\"position\":2,\"name\":\"Vigneron(ne)s\",\"item\":\"https:\\\/\\\/medoc-hautmedoc.fr\\\/vigneron.ne.s\\\/\"},{\"@type\":\"ListItem\",\"position\":3,\"name\":\"Thomas MARQUANT\"}]},{\"@type\":\"WebSite\",\"@id\":\"https:\\\/\\\/medoc-hautmedoc.fr\\\/#website\",\"url\":\"https:\\\/\\\/medoc-hautmedoc.fr\\\/\",\"name\":\"AOC M\u00e9doc & Haut-M\u00e9doc\",\"description\":\"\",\"publisher\":{\"@id\":\"https:\\\/\\\/medoc-hautmedoc.fr\\\/#organization\"},\"potentialAction\":[{\"@type\":\"SearchAction\",\"target\":{\"@type\":\"EntryPoint\",\"urlTemplate\":\"https:\\\/\\\/medoc-hautmedoc.fr\\\/?s={search_term_string}\"},\"query-input\":{\"@type\":\"PropertyValueSpecification\",\"valueRequired\":true,\"valueName\":\"search_term_string\"}}],\"inLanguage\":\"en-US\"},{\"@type\":\"Organization\",\"@id\":\"https:\\\/\\\/medoc-hautmedoc.fr\\\/#organization\",\"name\":\"AOC M\u00e9doc & Haut-M\u00e9doc\",\"url\":\"https:\\\/\\\/medoc-hautmedoc.fr\\\/\",\"logo\":{\"@type\":\"ImageObject\",\"inLanguage\":\"en-US\",\"@id\":\"https:\\\/\\\/medoc-hautmedoc.fr\\\/#\\\/schema\\\/logo\\\/image\\\/\",\"url\":\"https:\\\/\\\/medoc-hautmedoc.fr\\\/wp-content\\\/uploads\\\/logo.svg\",\"contentUrl\":\"https:\\\/\\\/medoc-hautmedoc.fr\\\/wp-content\\\/uploads\\\/logo.svg\",\"width\":1,\"height\":1,\"caption\":\"AOC M\u00e9doc & Haut-M\u00e9doc\"},\"image\":{\"@id\":\"https:\\\/\\\/medoc-hautmedoc.fr\\\/#\\\/schema\\\/logo\\\/image\\\/\"}}]}<\/script>\n<!-- \/ Yoast SEO plugin. -->","yoast_head_json":{"title":"Thomas Marquant - AOC M\u00e9doc & Haut-M\u00e9doc","description":"\u0152nologue de formation, Thomas Marquant rejoint l'aventure du Ch\u00e2teau Fleur La Mothe en 2019 en devenant un des 5 vignerons associ\u00e9s.","robots":{"index":"index","follow":"follow","max-snippet":"max-snippet:-1","max-image-preview":"max-image-preview:large","max-video-preview":"max-video-preview:-1"},"canonical":"https:\/\/medoc-hautmedoc.fr\/vigneron.ne.s\/portrait-thomas-marquant-oenologue-vigneron\/","og_locale":"en_US","og_type":"article","og_title":"Thomas Marquant - AOC M\u00e9doc & Haut-M\u00e9doc","og_description":"\u0152nologue de formation, Thomas Marquant rejoint l'aventure du Ch\u00e2teau Fleur La Mothe en 2019 en devenant un des 5 vignerons associ\u00e9s.","og_url":"https:\/\/medoc-hautmedoc.fr\/vigneron.ne.s\/portrait-thomas-marquant-oenologue-vigneron\/","og_site_name":"AOC M\u00e9doc & Haut-M\u00e9doc","article_modified_time":"2025-01-22T10:58:57+00:00","og_image":[{"width":1000,"height":1000,"url":"https:\/\/medoc-hautmedoc.fr\/wp-content\/uploads\/Thomas-Marquant-light.jpg","type":"image\/jpeg"}],"twitter_card":"summary_large_image","twitter_misc":{"Est. reading time":"3 minutes"},"schema":{"@context":"https:\/\/schema.org","@graph":[{"@type":"WebPage","@id":"https:\/\/medoc-hautmedoc.fr\/vigneron.ne.s\/portrait-thomas-marquant-oenologue-vigneron\/","url":"https:\/\/medoc-hautmedoc.fr\/vigneron.ne.s\/portrait-thomas-marquant-oenologue-vigneron\/","name":"Thomas Marquant - AOC M\u00e9doc & Haut-M\u00e9doc","isPartOf":{"@id":"https:\/\/medoc-hautmedoc.fr\/#website"},"primaryImageOfPage":{"@id":"https:\/\/medoc-hautmedoc.fr\/vigneron.ne.s\/portrait-thomas-marquant-oenologue-vigneron\/#primaryimage"},"image":{"@id":"https:\/\/medoc-hautmedoc.fr\/vigneron.ne.s\/portrait-thomas-marquant-oenologue-vigneron\/#primaryimage"},"thumbnailUrl":"https:\/\/medoc-hautmedoc.fr\/wp-content\/uploads\/Thomas-Marquant-light.jpg","datePublished":"2025-01-21T15:58:32+00:00","dateModified":"2025-01-22T10:58:57+00:00","description":"\u0152nologue de formation, Thomas Marquant rejoint l'aventure du Ch\u00e2teau Fleur La Mothe en 2019 en devenant un des 5 vignerons associ\u00e9s.","breadcrumb":{"@id":"https:\/\/medoc-hautmedoc.fr\/vigneron.ne.s\/portrait-thomas-marquant-oenologue-vigneron\/#breadcrumb"},"inLanguage":"en-US","potentialAction":[{"@type":"ReadAction","target":["https:\/\/medoc-hautmedoc.fr\/vigneron.ne.s\/portrait-thomas-marquant-oenologue-vigneron\/"]}]},{"@type":"ImageObject","inLanguage":"en-US","@id":"https:\/\/medoc-hautmedoc.fr\/vigneron.ne.s\/portrait-thomas-marquant-oenologue-vigneron\/#primaryimage","url":"https:\/\/medoc-hautmedoc.fr\/wp-content\/uploads\/Thomas-Marquant-light.jpg","contentUrl":"https:\/\/medoc-hautmedoc.fr\/wp-content\/uploads\/Thomas-Marquant-light.jpg","width":1000,"height":1000,"caption":"Portrait serr\u00e9 Thomas Marquant"},{"@type":"BreadcrumbList","@id":"https:\/\/medoc-hautmedoc.fr\/vigneron.ne.s\/portrait-thomas-marquant-oenologue-vigneron\/#breadcrumb","itemListElement":[{"@type":"ListItem","position":1,"name":"Accueil","item":"https:\/\/medoc-hautmedoc.fr\/en\/"},{"@type":"ListItem","position":2,"name":"Vigneron(ne)s","item":"https:\/\/medoc-hautmedoc.fr\/vigneron.ne.s\/"},{"@type":"ListItem","position":3,"name":"Thomas MARQUANT"}]},{"@type":"WebSite","@id":"https:\/\/medoc-hautmedoc.fr\/#website","url":"https:\/\/medoc-hautmedoc.fr\/","name":"AOC M\u00e9doc & Haut-M\u00e9doc","description":"","publisher":{"@id":"https:\/\/medoc-hautmedoc.fr\/#organization"},"potentialAction":[{"@type":"SearchAction","target":{"@type":"EntryPoint","urlTemplate":"https:\/\/medoc-hautmedoc.fr\/?s={search_term_string}"},"query-input":{"@type":"PropertyValueSpecification","valueRequired":true,"valueName":"search_term_string"}}],"inLanguage":"en-US"},{"@type":"Organization","@id":"https:\/\/medoc-hautmedoc.fr\/#organization","name":"AOC M\u00e9doc & Haut-M\u00e9doc","url":"https:\/\/medoc-hautmedoc.fr\/","logo":{"@type":"ImageObject","inLanguage":"en-US","@id":"https:\/\/medoc-hautmedoc.fr\/#\/schema\/logo\/image\/","url":"https:\/\/medoc-hautmedoc.fr\/wp-content\/uploads\/logo.svg","contentUrl":"https:\/\/medoc-hautmedoc.fr\/wp-content\/uploads\/logo.svg","width":1,"height":1,"caption":"AOC M\u00e9doc & Haut-M\u00e9doc"},"image":{"@id":"https:\/\/medoc-hautmedoc.fr\/#\/schema\/logo\/image\/"}}]}},"_links":{"self":[{"href":"https:\/\/medoc-hautmedoc.fr\/en\/wp-json\/wp\/v2\/vignerons\/3175","targetHints":{"allow":["GET"]}}],"collection":[{"href":"https:\/\/medoc-hautmedoc.fr\/en\/wp-json\/wp\/v2\/vignerons"}],"about":[{"href":"https:\/\/medoc-hautmedoc.fr\/en\/wp-json\/wp\/v2\/types\/vignerons"}],"version-history":[{"count":24,"href":"https:\/\/medoc-hautmedoc.fr\/en\/wp-json\/wp\/v2\/vignerons\/3175\/revisions"}],"predecessor-version":[{"id":3342,"href":"https:\/\/medoc-hautmedoc.fr\/en\/wp-json\/wp\/v2\/vignerons\/3175\/revisions\/3342"}],"wp:featuredmedia":[{"embeddable":true,"href":"https:\/\/medoc-hautmedoc.fr\/en\/wp-json\/wp\/v2\/media\/3313"}],"wp:attachment":[{"href":"https:\/\/medoc-hautmedoc.fr\/en\/wp-json\/wp\/v2\/media?parent=3175"}],"wp:term":[{"taxonomy":"caracteres","embeddable":true,"href":"https:\/\/medoc-hautmedoc.fr\/en\/wp-json\/wp\/v2\/caracteres?post=3175"}],"curies":[{"name":"wp","href":"https:\/\/api.w.org\/{rel}","templated":true}]}}