{"id":3182,"date":"2025-01-21T15:23:57","date_gmt":"2025-01-21T15:23:57","guid":{"rendered":"https:\/\/medoc-hautmedoc.fr\/?post_type=vignerons&#038;p=3182"},"modified":"2025-01-21T16:14:52","modified_gmt":"2025-01-21T16:14:52","slug":"jean-hubert-fabre-vigneron","status":"publish","type":"vignerons","link":"https:\/\/medoc-hautmedoc.fr\/en\/vigneron.ne.s\/jean-hubert-fabre-vigneron\/","title":{"rendered":"Jean Hubert FABRE"},"content":{"rendered":"\n<div class=\"single-vigneron-portrait-container\">\n    <img loading=\"lazy\" decoding=\"async\" width=\"842\" height=\"595\" src=\"https:\/\/medoc-hautmedoc.fr\/wp-content\/uploads\/jean-hubert-presentation-cavistes.jpg\" class=\"single-vigneron-portrait-background\" alt=\"Jean Hubert pr\u00e9sente son vin aux cavistes\" srcset=\"https:\/\/medoc-hautmedoc.fr\/wp-content\/uploads\/jean-hubert-presentation-cavistes.jpg 842w, https:\/\/medoc-hautmedoc.fr\/wp-content\/uploads\/jean-hubert-presentation-cavistes-300x212.jpg 300w, https:\/\/medoc-hautmedoc.fr\/wp-content\/uploads\/jean-hubert-presentation-cavistes-768x543.jpg 768w\" sizes=\"auto, (max-width: 842px) 100vw, 842px\" \/>    <div class=\"single-vigneron-portrait-title\">\n        <h1>Vigneron(ne)s<\/h1>\n    <\/div>\n    <div class=\"single-vigneron-portrait-wrapper\">\n        <div class=\"is-style-small-arrow-link\">\n            <a class=\"is-style-container-small-left back-selection has-primary-color wp-block-button__link\" href=\"https:\/\/medoc-hautmedoc.fr\/en\/\/vigneron(ne)s\">retour<\/a>\n        <\/div>\n        <h2 class=\"single-vigneron-portrait-name\">\n            Jean Hubert FABRE        <\/h2>\n        <div class=\"single-vigneron-portrait-text\">\n            <svg fill=\"none\" height=\"109\" viewBox=\"0 0 149 109\" width=\"149\" xmlns=\"http:\/\/www.w3.org\/2000\/svg\"><path d=\"m36.3701 109c-6.2572 0-11.7323-1.172-16.4252-3.516-4.6929-2.605-8.4733-5.9906-11.34123-10.1578-2.60717-4.1673-4.69291-9.1159-6.25722-14.8459-1.564299-5.73-2.34645-11.7205-2.34645-17.9713 0-12.7623 3.25897-24.7432 9.7769-35.9427 6.7787-11.1995 17.2074-20.05494 31.2861-26.5663l3.5197 7.03225c-7.3001 3.38595-13.818 8.33455-19.5538 14.84595-5.4751 6.2509-8.7341 12.8924-9.7769 19.9247-1.5643 5.4695-1.6947 10.8088-.3911 16.0179 5.7358-6.2509 13.4269-9.3764 23.0735-9.3764 8.8644 0 16.1645 2.7348 21.9002 8.2044 5.7358 5.209 8.6037 12.5017 8.6037 21.8781 0 9.1159-2.9982 16.5388-8.9947 22.2691-5.9965 5.469-13.6877 8.204-23.0735 8.204zm80.5619 0c-6.257 0-11.733-1.172-16.425-3.516-4.6933-2.605-8.4738-5.9906-11.3416-10.1578-2.6072-4.1673-4.6929-9.1159-6.2573-14.8459-1.5643-5.73-2.3464-11.7205-2.3464-17.9713 0-12.7623 3.2589-24.7432 9.7769-35.9427 6.7786-11.1995 17.2074-20.05494 31.2864-26.5663l3.519 7.03225c-7.3 3.38595-13.818 8.33455-19.553 14.84595-5.476 6.2509-8.7345 12.8924-9.7773 19.9247-1.5643 5.4695-1.6947 10.8088-.3911 16.0179 5.7354-6.2509 13.4274-9.3764 23.0734-9.3764 8.864 0 16.165 2.7348 21.9 8.2044 5.736 5.209 8.604 12.5017 8.604 21.8781 0 9.1159-2.998 16.5388-8.995 22.2691-5.996 5.469-13.687 8.204-23.073 8.204z\" fill=\"#fff\"\/><\/svg>\n            <p>Ch\u00e2teau Lamothe-Cissac \u00e0 Cissac-M\u00e9doc<\/p>\n        <\/div>\n        <div class=\"single-vigneron-portrait-image-wrapper\">\n            <img loading=\"lazy\" decoding=\"async\" width=\"1000\" height=\"1000\" src=\"https:\/\/medoc-hautmedoc.fr\/wp-content\/uploads\/Jean_Hubert_light.jpg\" class=\"single-vigneron-portrait-image\" alt=\"Portrait Jean Hubert en noir et blanc\" srcset=\"https:\/\/medoc-hautmedoc.fr\/wp-content\/uploads\/Jean_Hubert_light.jpg 1000w, https:\/\/medoc-hautmedoc.fr\/wp-content\/uploads\/Jean_Hubert_light-300x300.jpg 300w, https:\/\/medoc-hautmedoc.fr\/wp-content\/uploads\/Jean_Hubert_light-150x150.jpg 150w, https:\/\/medoc-hautmedoc.fr\/wp-content\/uploads\/Jean_Hubert_light-768x768.jpg 768w\" sizes=\"auto, (max-width: 1000px) 100vw, 1000px\" \/>        <\/div>\n    <\/div>\n<\/div>\n\n\r\n<div id=\"block_67b3a8aa63c6ffc4d156369945bec5cb\" class=\"spacer-block \" style=\"height: 10vh;\"><\/div>\n\n\n<div class=\"wp-block-group is-style-container-small is-layout-flow wp-block-group-is-layout-flow\">\n<p>Jean Hubert Fabre fait partie de cette nouvelle g\u00e9n\u00e9ration de vignerons qui apportent un vent de fra\u00eecheur aux vignobles du M\u00e9doc. Le vin, bien plus qu&#8217;une passion, est une vocation inscrite dans son patrimoine. Fils et petit-fils de vignerons, il se d\u00e9finit comme un m\u00e9docain d\u2019origine<a href=\"https:\/\/medoc-hautmedoc.fr\/vignoble-terroir\/\" target=\"_blank\" rel=\"noreferrer noopener\">. Il ch\u00e9rit sa r\u00e9gion viticole et en exploite tout le potentiel.<\/a><\/p>\n\n\n\n<h2 class=\"wp-block-heading\"><span class=\"w-100\"><mark style=\"background-color:rgba(0, 0, 0, 0)\" class=\"has-inline-color has-primary-color\"><strong>Tous les chemins m\u00e8nent au M\u00e9doc<\/strong><\/mark><\/span><\/h2>\n\n\n\n<p>Apr\u00e8s des \u00e9tudes d\u2019ing\u00e9nieur agricole \u00e0 Toulouse et des exp\u00e9riences \u00e0 l\u2019\u00e9tranger, notamment en Californie, au Canada et en Australie, Jean Hubert revient en France et travaille en tant que consultant dans le monde du vin. En 2017, il rejoint la propri\u00e9t\u00e9 familiale et s&#8217;implique particuli\u00e8rement dans les affaires commerciales du domaine. Il apporte \u00e9galement sa cr\u00e9ativit\u00e9 et sa vision moderne \u00e0 la tradition du Domaine Fabre.<\/p>\n\n\n\n<h2 class=\"wp-block-heading\"><span class=\"w-100\"><mark style=\"background-color:rgba(0, 0, 0, 0)\" class=\"has-inline-color has-primary-color\"><strong>Famille&#8230; et brebis !<\/strong><\/mark><\/span><\/h2>\n\n\n\n<p>Le Domaine Fabre, c&#8217;est une histoire de famille. Jean-Hubert travaille main dans la main avec sa s\u0153ur M\u00e9lanie et ses parents. \u00c0 cette collaboration familiale s\u2019ajoute l\u2019intervention de petites pattes puisque les parcelles de vignes accueillent depuis quelques ann\u00e9es <a href=\"https:\/\/www.domaines-fabre.fr\/notre-histoire\/notre-engagement-environnemental\" target=\"_blank\" rel=\"noreferrer noopener\">un troupeau de brebis<\/a>. Jean Hubert d\u00e9crit cette initiative comme \u00ab&nbsp;utile et agr\u00e9able&nbsp;\u00bb. Les brebis sont d\u2019une grande aide dans la d\u00e9marche respectueuse de l\u2019environnement que la famille a adopt\u00e9 tout en \u00e9merveillant les visiteurs.&nbsp;<\/p>\n\n\n\n<h2 class=\"wp-block-heading\"><span class=\"w-100\"><strong><mark style=\"background-color:rgba(0, 0, 0, 0)\" class=\"has-inline-color has-primary-color\">Esprit cr\u00e9atif<\/mark><\/strong><\/span><\/h2>\n\n\n\n<p>La singularit\u00e9 de Jean Hubert, c&#8217;est sa capacit\u00e9 \u00e0 innover tout en valorisant le terroir m\u00e9docain. Au sein de l\u2019AOC Haut-M\u00e9doc, il s&#8217;efforce de cr\u00e9er des vins originaux, avec des assemblages audacieux comme ses cuv\u00e9es monoc\u00e9pages et sans sulfites ou encore des \u00e9tiquettes modernes et color\u00e9es qui d\u00e9tonnent. Son objectif : se renouveler chaque ann\u00e9e et surprendre sans cesse ses clients, avec qui il noue des liens solides et durables. Jean Hubert se diversifie \u00e9galement \u00e0 travers des projets avant-gardistes \u00e0 l\u2019image du Vail. Ce mariage surprenant entre vin et cocktail et au packaging 100% compostable lui permet de conqu\u00e9rir de nouveaux publics et continuer \u00e0 \u00e9voluer.<\/p>\n\n\n\n<blockquote class=\"wp-block-quote is-style-default has-text-color is-layout-flow wp-block-quote-is-layout-flow\" style=\"color:#8e577f\">\n<p>Jean Hubert a pour ambition de &#8220;sortir des sentiers battus&#8221; !<\/p>\n<\/blockquote>\n\n\n\n<figure class=\"wp-block-gallery has-nested-images columns-2 is-cropped wp-block-gallery-1 is-layout-flex wp-block-gallery-is-layout-flex\">\n<figure class=\"wp-block-image size-full\"><img loading=\"lazy\" decoding=\"async\" width=\"1001\" height=\"751\" data-id=\"3297\" src=\"https:\/\/medoc-hautmedoc.fr\/wp-content\/uploads\/Degustation-jean-hubert-edited.jpg\" alt=\"\" class=\"wp-image-3297\" srcset=\"https:\/\/medoc-hautmedoc.fr\/wp-content\/uploads\/Degustation-jean-hubert-edited.jpg 1001w, https:\/\/medoc-hautmedoc.fr\/wp-content\/uploads\/Degustation-jean-hubert-edited-300x225.jpg 300w, https:\/\/medoc-hautmedoc.fr\/wp-content\/uploads\/Degustation-jean-hubert-edited-768x576.jpg 768w\" sizes=\"auto, (max-width: 1001px) 100vw, 1001px\" \/><figcaption class=\"wp-element-caption\">Jean Hubert en d\u00e9gustation pendant un meeting professionnel<\/figcaption><\/figure>\n\n\n\n<figure class=\"wp-block-image size-full\"><img loading=\"lazy\" decoding=\"async\" width=\"1000\" height=\"1000\" data-id=\"3294\" src=\"https:\/\/medoc-hautmedoc.fr\/wp-content\/uploads\/Vendanges-vue-drone.jpg\" alt=\"\" class=\"wp-image-3294\" srcset=\"https:\/\/medoc-hautmedoc.fr\/wp-content\/uploads\/Vendanges-vue-drone.jpg 1000w, https:\/\/medoc-hautmedoc.fr\/wp-content\/uploads\/Vendanges-vue-drone-300x300.jpg 300w, https:\/\/medoc-hautmedoc.fr\/wp-content\/uploads\/Vendanges-vue-drone-150x150.jpg 150w, https:\/\/medoc-hautmedoc.fr\/wp-content\/uploads\/Vendanges-vue-drone-768x768.jpg 768w\" sizes=\"auto, (max-width: 1000px) 100vw, 1000px\" \/><figcaption class=\"wp-element-caption\">Vue du ciel des machines pendant les vendanges du Ch\u00e2teau Lamothe-Cissac<\/figcaption><\/figure>\n<\/figure>\n\n\n\n<p class=\"has-white-color has-text-color\" id=\"EDV\" style=\"font-style:normal;font-weight:100\">&#8211;<\/p>\n\n\n\n<figure class=\"wp-block-embed is-type-video is-provider-youtube wp-block-embed-youtube wp-embed-aspect-16-9 wp-has-aspect-ratio\" style=\"margin-top:var(--wp--preset--spacing--20);margin-right:var(--wp--preset--spacing--20);margin-bottom:var(--wp--preset--spacing--20);margin-left:var(--wp--preset--spacing--20)\"><div class=\"wp-block-embed__wrapper\">\n<iframe loading=\"lazy\" title=\"Les Domaines Fabre\" width=\"640\" height=\"360\" src=\"https:\/\/www.youtube.com\/embed\/u9_Lg8tW0t4?feature=oembed\" frameborder=\"0\" allow=\"accelerometer; autoplay; clipboard-write; encrypted-media; gyroscope; picture-in-picture; web-share\" referrerpolicy=\"strict-origin-when-cross-origin\" allowfullscreen><\/iframe>\n<\/div><figcaption class=\"wp-element-caption\">Pr\u00e9sentation du domaine en vue drone<\/figcaption><\/figure>\n\n\n\n<p style=\"font-style:italic;font-weight:400\">Vous souhaitez en savoir plus sur Jean Hubert ? Consultez l&#8217;article <a href=\"https:\/\/www.ouestboissons.fr\/l-entreprise\/actualites\/portrait-producteur-domaines-fabre\" target=\"_blank\" rel=\"noreferrer noopener\"><mark style=\"background-color:rgba(0, 0, 0, 0)\" class=\"has-inline-color has-secondary-color\">Portrait producteur : Domaines Fabre sur Ouest Boissons<\/mark><\/a>.<\/p>\n\n\n\n<p><\/p>\n\n\n\n<h3 class=\"wp-block-heading\"><span class=\"w-100\">Envie de d\u00e9couvrir le Ch\u00e2teau Lamothe-Cissac ? <a href=\"https:\/\/www.domaines-fabre.fr\/oenotourisme\/d\u00e9couverte-et-d\u00e9gustations\" target=\"_blank\" rel=\"noreferrer noopener\">R\u00e9servez d\u00e8s \u00e0 pr\u00e9sent<\/a> !<\/span><\/h3>\n\n\n\n<p>1 Lamothe, 33250 CISSAC-MEDOC<\/p>\n\n\n\n<p>05 56 59 58 16<\/p>\n\n\n\n<p><a href=\"https:\/\/www.domaines-fabre.fr\" target=\"_blank\" rel=\"noreferrer noopener\">https:\/\/www.domaines-fabre.fr<\/a><\/p>\n\n\n\n<p>\u2709\ufe0f info@domaines-fabre.com <\/p>\n\n\n\n<div class=\"wp-block-buttons is-layout-flex wp-block-buttons-is-layout-flex\"><\/div>\n<\/div>\n","protected":false},"excerpt":{"rendered":"<p>Jean Hubert Fabre fait partie de cette nouvelle g\u00e9n\u00e9ration de vignerons qui apportent un vent de fra\u00eecheur aux vignobles du M\u00e9doc. Le vin, bien plus qu&#8217;une passion, est une vocation inscrite dans son patrimoine. Fils et petit-fils de vignerons, il se d\u00e9finit comme un m\u00e9docain d\u2019origine. Il ch\u00e9rit sa r\u00e9gion viticole et en exploite tout [&hellip;]<\/p>\n","protected":false},"featured_media":3286,"menu_order":0,"template":"","meta":{"_acf_changed":false,"footnotes":""},"caracteres":[9,14],"class_list":["post-3182","vignerons","type-vignerons","status-publish","has-post-thumbnail","hentry","caracteres-histoire-de-famille","caracteres-tous-les-vignerons"],"acf":[],"yoast_head":"<!-- This site is optimized with the Yoast SEO plugin v27.5 - https:\/\/yoast.com\/product\/yoast-seo-wordpress\/ -->\n<title>Jean Hubert FABRE - AOC M\u00e9doc &amp; Haut-M\u00e9doc<\/title>\n<meta name=\"description\" content=\"Le vin est une vocation inscrite dans son patrimoine. Jean Hubert fait partie de cette g\u00e9n\u00e9ration de vignerons qui innovent dans le M\u00e9doc.\" \/>\n<meta name=\"robots\" content=\"index, follow, max-snippet:-1, max-image-preview:large, max-video-preview:-1\" \/>\n<link rel=\"canonical\" href=\"https:\/\/medoc-hautmedoc.fr\/vigneron.ne.s\/jean-hubert-fabre-vigneron\/\" \/>\n<meta property=\"og:locale\" content=\"en_US\" \/>\n<meta property=\"og:type\" content=\"article\" \/>\n<meta property=\"og:title\" content=\"Jean Hubert FABRE - AOC M\u00e9doc &amp; Haut-M\u00e9doc\" \/>\n<meta property=\"og:description\" content=\"Le vin est une vocation inscrite dans son patrimoine. Jean Hubert fait partie de cette g\u00e9n\u00e9ration de vignerons qui innovent dans le M\u00e9doc.\" \/>\n<meta property=\"og:url\" content=\"https:\/\/medoc-hautmedoc.fr\/vigneron.ne.s\/jean-hubert-fabre-vigneron\/\" \/>\n<meta property=\"og:site_name\" content=\"AOC M\u00e9doc &amp; Haut-M\u00e9doc\" \/>\n<meta property=\"article:modified_time\" content=\"2025-01-21T16:14:52+00:00\" \/>\n<meta property=\"og:image\" content=\"https:\/\/medoc-hautmedoc.fr\/wp-content\/uploads\/Jean_Hubert_light.jpg\" \/>\n\t<meta property=\"og:image:width\" content=\"1000\" \/>\n\t<meta property=\"og:image:height\" content=\"1000\" \/>\n\t<meta property=\"og:image:type\" content=\"image\/jpeg\" \/>\n<meta name=\"twitter:card\" content=\"summary_large_image\" \/>\n<meta name=\"twitter:label1\" content=\"Est. reading time\" \/>\n\t<meta name=\"twitter:data1\" content=\"3 minutes\" \/>\n<script type=\"application\/ld+json\" class=\"yoast-schema-graph\">{\"@context\":\"https:\\\/\\\/schema.org\",\"@graph\":[{\"@type\":\"WebPage\",\"@id\":\"https:\\\/\\\/medoc-hautmedoc.fr\\\/vigneron.ne.s\\\/jean-hubert-fabre-vigneron\\\/\",\"url\":\"https:\\\/\\\/medoc-hautmedoc.fr\\\/vigneron.ne.s\\\/jean-hubert-fabre-vigneron\\\/\",\"name\":\"Jean Hubert FABRE - AOC M\u00e9doc & Haut-M\u00e9doc\",\"isPartOf\":{\"@id\":\"https:\\\/\\\/medoc-hautmedoc.fr\\\/#website\"},\"primaryImageOfPage\":{\"@id\":\"https:\\\/\\\/medoc-hautmedoc.fr\\\/vigneron.ne.s\\\/jean-hubert-fabre-vigneron\\\/#primaryimage\"},\"image\":{\"@id\":\"https:\\\/\\\/medoc-hautmedoc.fr\\\/vigneron.ne.s\\\/jean-hubert-fabre-vigneron\\\/#primaryimage\"},\"thumbnailUrl\":\"https:\\\/\\\/medoc-hautmedoc.fr\\\/wp-content\\\/uploads\\\/Jean_Hubert_light.jpg\",\"datePublished\":\"2025-01-21T15:23:57+00:00\",\"dateModified\":\"2025-01-21T16:14:52+00:00\",\"description\":\"Le vin est une vocation inscrite dans son patrimoine. Jean Hubert fait partie de cette g\u00e9n\u00e9ration de vignerons qui innovent dans le M\u00e9doc.\",\"breadcrumb\":{\"@id\":\"https:\\\/\\\/medoc-hautmedoc.fr\\\/vigneron.ne.s\\\/jean-hubert-fabre-vigneron\\\/#breadcrumb\"},\"inLanguage\":\"en-US\",\"potentialAction\":[{\"@type\":\"ReadAction\",\"target\":[\"https:\\\/\\\/medoc-hautmedoc.fr\\\/vigneron.ne.s\\\/jean-hubert-fabre-vigneron\\\/\"]}]},{\"@type\":\"ImageObject\",\"inLanguage\":\"en-US\",\"@id\":\"https:\\\/\\\/medoc-hautmedoc.fr\\\/vigneron.ne.s\\\/jean-hubert-fabre-vigneron\\\/#primaryimage\",\"url\":\"https:\\\/\\\/medoc-hautmedoc.fr\\\/wp-content\\\/uploads\\\/Jean_Hubert_light.jpg\",\"contentUrl\":\"https:\\\/\\\/medoc-hautmedoc.fr\\\/wp-content\\\/uploads\\\/Jean_Hubert_light.jpg\",\"width\":1000,\"height\":1000,\"caption\":\"Portrait Jean Hubert en noir et blanc\"},{\"@type\":\"BreadcrumbList\",\"@id\":\"https:\\\/\\\/medoc-hautmedoc.fr\\\/vigneron.ne.s\\\/jean-hubert-fabre-vigneron\\\/#breadcrumb\",\"itemListElement\":[{\"@type\":\"ListItem\",\"position\":1,\"name\":\"Accueil\",\"item\":\"https:\\\/\\\/medoc-hautmedoc.fr\\\/en\\\/\"},{\"@type\":\"ListItem\",\"position\":2,\"name\":\"Vigneron(ne)s\",\"item\":\"https:\\\/\\\/medoc-hautmedoc.fr\\\/vigneron.ne.s\\\/\"},{\"@type\":\"ListItem\",\"position\":3,\"name\":\"Jean Hubert FABRE\"}]},{\"@type\":\"WebSite\",\"@id\":\"https:\\\/\\\/medoc-hautmedoc.fr\\\/#website\",\"url\":\"https:\\\/\\\/medoc-hautmedoc.fr\\\/\",\"name\":\"AOC M\u00e9doc & Haut-M\u00e9doc\",\"description\":\"\",\"publisher\":{\"@id\":\"https:\\\/\\\/medoc-hautmedoc.fr\\\/#organization\"},\"potentialAction\":[{\"@type\":\"SearchAction\",\"target\":{\"@type\":\"EntryPoint\",\"urlTemplate\":\"https:\\\/\\\/medoc-hautmedoc.fr\\\/?s={search_term_string}\"},\"query-input\":{\"@type\":\"PropertyValueSpecification\",\"valueRequired\":true,\"valueName\":\"search_term_string\"}}],\"inLanguage\":\"en-US\"},{\"@type\":\"Organization\",\"@id\":\"https:\\\/\\\/medoc-hautmedoc.fr\\\/#organization\",\"name\":\"AOC M\u00e9doc & Haut-M\u00e9doc\",\"url\":\"https:\\\/\\\/medoc-hautmedoc.fr\\\/\",\"logo\":{\"@type\":\"ImageObject\",\"inLanguage\":\"en-US\",\"@id\":\"https:\\\/\\\/medoc-hautmedoc.fr\\\/#\\\/schema\\\/logo\\\/image\\\/\",\"url\":\"https:\\\/\\\/medoc-hautmedoc.fr\\\/wp-content\\\/uploads\\\/logo.svg\",\"contentUrl\":\"https:\\\/\\\/medoc-hautmedoc.fr\\\/wp-content\\\/uploads\\\/logo.svg\",\"width\":1,\"height\":1,\"caption\":\"AOC M\u00e9doc & Haut-M\u00e9doc\"},\"image\":{\"@id\":\"https:\\\/\\\/medoc-hautmedoc.fr\\\/#\\\/schema\\\/logo\\\/image\\\/\"}}]}<\/script>\n<!-- \/ Yoast SEO plugin. -->","yoast_head_json":{"title":"Jean Hubert FABRE - AOC M\u00e9doc & Haut-M\u00e9doc","description":"Le vin est une vocation inscrite dans son patrimoine. Jean Hubert fait partie de cette g\u00e9n\u00e9ration de vignerons qui innovent dans le M\u00e9doc.","robots":{"index":"index","follow":"follow","max-snippet":"max-snippet:-1","max-image-preview":"max-image-preview:large","max-video-preview":"max-video-preview:-1"},"canonical":"https:\/\/medoc-hautmedoc.fr\/vigneron.ne.s\/jean-hubert-fabre-vigneron\/","og_locale":"en_US","og_type":"article","og_title":"Jean Hubert FABRE - AOC M\u00e9doc & Haut-M\u00e9doc","og_description":"Le vin est une vocation inscrite dans son patrimoine. Jean Hubert fait partie de cette g\u00e9n\u00e9ration de vignerons qui innovent dans le M\u00e9doc.","og_url":"https:\/\/medoc-hautmedoc.fr\/vigneron.ne.s\/jean-hubert-fabre-vigneron\/","og_site_name":"AOC M\u00e9doc & Haut-M\u00e9doc","article_modified_time":"2025-01-21T16:14:52+00:00","og_image":[{"width":1000,"height":1000,"url":"https:\/\/medoc-hautmedoc.fr\/wp-content\/uploads\/Jean_Hubert_light.jpg","type":"image\/jpeg"}],"twitter_card":"summary_large_image","twitter_misc":{"Est. reading time":"3 minutes"},"schema":{"@context":"https:\/\/schema.org","@graph":[{"@type":"WebPage","@id":"https:\/\/medoc-hautmedoc.fr\/vigneron.ne.s\/jean-hubert-fabre-vigneron\/","url":"https:\/\/medoc-hautmedoc.fr\/vigneron.ne.s\/jean-hubert-fabre-vigneron\/","name":"Jean Hubert FABRE - AOC M\u00e9doc & Haut-M\u00e9doc","isPartOf":{"@id":"https:\/\/medoc-hautmedoc.fr\/#website"},"primaryImageOfPage":{"@id":"https:\/\/medoc-hautmedoc.fr\/vigneron.ne.s\/jean-hubert-fabre-vigneron\/#primaryimage"},"image":{"@id":"https:\/\/medoc-hautmedoc.fr\/vigneron.ne.s\/jean-hubert-fabre-vigneron\/#primaryimage"},"thumbnailUrl":"https:\/\/medoc-hautmedoc.fr\/wp-content\/uploads\/Jean_Hubert_light.jpg","datePublished":"2025-01-21T15:23:57+00:00","dateModified":"2025-01-21T16:14:52+00:00","description":"Le vin est une vocation inscrite dans son patrimoine. Jean Hubert fait partie de cette g\u00e9n\u00e9ration de vignerons qui innovent dans le M\u00e9doc.","breadcrumb":{"@id":"https:\/\/medoc-hautmedoc.fr\/vigneron.ne.s\/jean-hubert-fabre-vigneron\/#breadcrumb"},"inLanguage":"en-US","potentialAction":[{"@type":"ReadAction","target":["https:\/\/medoc-hautmedoc.fr\/vigneron.ne.s\/jean-hubert-fabre-vigneron\/"]}]},{"@type":"ImageObject","inLanguage":"en-US","@id":"https:\/\/medoc-hautmedoc.fr\/vigneron.ne.s\/jean-hubert-fabre-vigneron\/#primaryimage","url":"https:\/\/medoc-hautmedoc.fr\/wp-content\/uploads\/Jean_Hubert_light.jpg","contentUrl":"https:\/\/medoc-hautmedoc.fr\/wp-content\/uploads\/Jean_Hubert_light.jpg","width":1000,"height":1000,"caption":"Portrait Jean Hubert en noir et blanc"},{"@type":"BreadcrumbList","@id":"https:\/\/medoc-hautmedoc.fr\/vigneron.ne.s\/jean-hubert-fabre-vigneron\/#breadcrumb","itemListElement":[{"@type":"ListItem","position":1,"name":"Accueil","item":"https:\/\/medoc-hautmedoc.fr\/en\/"},{"@type":"ListItem","position":2,"name":"Vigneron(ne)s","item":"https:\/\/medoc-hautmedoc.fr\/vigneron.ne.s\/"},{"@type":"ListItem","position":3,"name":"Jean Hubert FABRE"}]},{"@type":"WebSite","@id":"https:\/\/medoc-hautmedoc.fr\/#website","url":"https:\/\/medoc-hautmedoc.fr\/","name":"AOC M\u00e9doc & Haut-M\u00e9doc","description":"","publisher":{"@id":"https:\/\/medoc-hautmedoc.fr\/#organization"},"potentialAction":[{"@type":"SearchAction","target":{"@type":"EntryPoint","urlTemplate":"https:\/\/medoc-hautmedoc.fr\/?s={search_term_string}"},"query-input":{"@type":"PropertyValueSpecification","valueRequired":true,"valueName":"search_term_string"}}],"inLanguage":"en-US"},{"@type":"Organization","@id":"https:\/\/medoc-hautmedoc.fr\/#organization","name":"AOC M\u00e9doc & Haut-M\u00e9doc","url":"https:\/\/medoc-hautmedoc.fr\/","logo":{"@type":"ImageObject","inLanguage":"en-US","@id":"https:\/\/medoc-hautmedoc.fr\/#\/schema\/logo\/image\/","url":"https:\/\/medoc-hautmedoc.fr\/wp-content\/uploads\/logo.svg","contentUrl":"https:\/\/medoc-hautmedoc.fr\/wp-content\/uploads\/logo.svg","width":1,"height":1,"caption":"AOC M\u00e9doc & Haut-M\u00e9doc"},"image":{"@id":"https:\/\/medoc-hautmedoc.fr\/#\/schema\/logo\/image\/"}}]}},"_links":{"self":[{"href":"https:\/\/medoc-hautmedoc.fr\/en\/wp-json\/wp\/v2\/vignerons\/3182","targetHints":{"allow":["GET"]}}],"collection":[{"href":"https:\/\/medoc-hautmedoc.fr\/en\/wp-json\/wp\/v2\/vignerons"}],"about":[{"href":"https:\/\/medoc-hautmedoc.fr\/en\/wp-json\/wp\/v2\/types\/vignerons"}],"version-history":[{"count":45,"href":"https:\/\/medoc-hautmedoc.fr\/en\/wp-json\/wp\/v2\/vignerons\/3182\/revisions"}],"predecessor-version":[{"id":3341,"href":"https:\/\/medoc-hautmedoc.fr\/en\/wp-json\/wp\/v2\/vignerons\/3182\/revisions\/3341"}],"wp:featuredmedia":[{"embeddable":true,"href":"https:\/\/medoc-hautmedoc.fr\/en\/wp-json\/wp\/v2\/media\/3286"}],"wp:attachment":[{"href":"https:\/\/medoc-hautmedoc.fr\/en\/wp-json\/wp\/v2\/media?parent=3182"}],"wp:term":[{"taxonomy":"caracteres","embeddable":true,"href":"https:\/\/medoc-hautmedoc.fr\/en\/wp-json\/wp\/v2\/caracteres?post=3182"}],"curies":[{"name":"wp","href":"https:\/\/api.w.org\/{rel}","templated":true}]}}