{"id":3197,"date":"2025-01-21T16:07:46","date_gmt":"2025-01-21T16:07:46","guid":{"rendered":"https:\/\/medoc-hautmedoc.fr\/?post_type=vignerons&#038;p=3197"},"modified":"2025-01-21T16:07:47","modified_gmt":"2025-01-21T16:07:47","slug":"frederic-morlier-vigneron","status":"publish","type":"vignerons","link":"https:\/\/medoc-hautmedoc.fr\/en\/vigneron.ne.s\/frederic-morlier-vigneron\/","title":{"rendered":"Fr\u00e9d\u00e9ric MORLIER"},"content":{"rendered":"\n<div class=\"single-vigneron-portrait-container\">\n    <img loading=\"lazy\" decoding=\"async\" width=\"842\" height=\"595\" src=\"https:\/\/medoc-hautmedoc.fr\/wp-content\/uploads\/rederic-Morlier-presentant-son-vin.jpg\" class=\"single-vigneron-portrait-background\" alt=\"Fr\u00e9d\u00e9ric pr\u00e9sente son vin aux cavistes\" srcset=\"https:\/\/medoc-hautmedoc.fr\/wp-content\/uploads\/rederic-Morlier-presentant-son-vin.jpg 842w, https:\/\/medoc-hautmedoc.fr\/wp-content\/uploads\/rederic-Morlier-presentant-son-vin-300x212.jpg 300w, https:\/\/medoc-hautmedoc.fr\/wp-content\/uploads\/rederic-Morlier-presentant-son-vin-768x543.jpg 768w\" sizes=\"auto, (max-width: 842px) 100vw, 842px\" \/>    <div class=\"single-vigneron-portrait-title\">\n        <h1>Vigneron(ne)s<\/h1>\n    <\/div>\n    <div class=\"single-vigneron-portrait-wrapper\">\n        <div class=\"is-style-small-arrow-link\">\n            <a class=\"is-style-container-small-left back-selection has-primary-color wp-block-button__link\" href=\"https:\/\/medoc-hautmedoc.fr\/en\/\/vigneron(ne)s\">retour<\/a>\n        <\/div>\n        <h2 class=\"single-vigneron-portrait-name\">\n            Fr\u00e9d\u00e9ric Morlier        <\/h2>\n        <div class=\"single-vigneron-portrait-text\">\n            <svg fill=\"none\" height=\"109\" viewBox=\"0 0 149 109\" width=\"149\" xmlns=\"http:\/\/www.w3.org\/2000\/svg\"><path d=\"m36.3701 109c-6.2572 0-11.7323-1.172-16.4252-3.516-4.6929-2.605-8.4733-5.9906-11.34123-10.1578-2.60717-4.1673-4.69291-9.1159-6.25722-14.8459-1.564299-5.73-2.34645-11.7205-2.34645-17.9713 0-12.7623 3.25897-24.7432 9.7769-35.9427 6.7787-11.1995 17.2074-20.05494 31.2861-26.5663l3.5197 7.03225c-7.3001 3.38595-13.818 8.33455-19.5538 14.84595-5.4751 6.2509-8.7341 12.8924-9.7769 19.9247-1.5643 5.4695-1.6947 10.8088-.3911 16.0179 5.7358-6.2509 13.4269-9.3764 23.0735-9.3764 8.8644 0 16.1645 2.7348 21.9002 8.2044 5.7358 5.209 8.6037 12.5017 8.6037 21.8781 0 9.1159-2.9982 16.5388-8.9947 22.2691-5.9965 5.469-13.6877 8.204-23.0735 8.204zm80.5619 0c-6.257 0-11.733-1.172-16.425-3.516-4.6933-2.605-8.4738-5.9906-11.3416-10.1578-2.6072-4.1673-4.6929-9.1159-6.2573-14.8459-1.5643-5.73-2.3464-11.7205-2.3464-17.9713 0-12.7623 3.2589-24.7432 9.7769-35.9427 6.7786-11.1995 17.2074-20.05494 31.2864-26.5663l3.519 7.03225c-7.3 3.38595-13.818 8.33455-19.553 14.84595-5.476 6.2509-8.7345 12.8924-9.7773 19.9247-1.5643 5.4695-1.6947 10.8088-.3911 16.0179 5.7354-6.2509 13.4274-9.3764 23.0734-9.3764 8.864 0 16.165 2.7348 21.9 8.2044 5.736 5.209 8.604 12.5017 8.604 21.8781 0 9.1159-2.998 16.5388-8.995 22.2691-5.996 5.469-13.687 8.204-23.073 8.204z\" fill=\"#fff\"\/><\/svg>\n            <p>Ch\u00e2teau d&#8217;Osmond \u00e0 Cissac-M\u00e9doc<\/p>\n        <\/div>\n        <div class=\"single-vigneron-portrait-image-wrapper\">\n            <img loading=\"lazy\" decoding=\"async\" width=\"1000\" height=\"1000\" src=\"https:\/\/medoc-hautmedoc.fr\/wp-content\/uploads\/Fred-light.jpg\" class=\"single-vigneron-portrait-image\" alt=\"Portrait Fr\u00e9d\u00e9ric Morlier noir et blanc\" srcset=\"https:\/\/medoc-hautmedoc.fr\/wp-content\/uploads\/Fred-light.jpg 1000w, https:\/\/medoc-hautmedoc.fr\/wp-content\/uploads\/Fred-light-300x300.jpg 300w, https:\/\/medoc-hautmedoc.fr\/wp-content\/uploads\/Fred-light-150x150.jpg 150w, https:\/\/medoc-hautmedoc.fr\/wp-content\/uploads\/Fred-light-768x768.jpg 768w\" sizes=\"auto, (max-width: 1000px) 100vw, 1000px\" \/>        <\/div>\n    <\/div>\n<\/div>\n\n\n<div class=\"wp-block-group is-style-container-small is-layout-flow wp-block-group-is-layout-flow\">\r\n<div id=\"block_9ed69821ebfdb022876d814ec5f7c9b5\" class=\"spacer-block \" style=\"height: 10vh;\"><\/div>\n\n\n<p>Fr\u00e9d\u00e9ric fait partie de ces profils atypiques qui composent le vignoble m\u00e9docain. Fort d\u2019une exp\u00e9rience impressionnante dans la communication, ce touche-\u00e0-tout \u00e0 la bonhommie naturelle a v\u00e9cu plusieurs vies en une comme il aime \u00e0 dire.&nbsp;<\/p>\n\n\n\n<p>Apr\u00e8s ses \u00e9tudes, Fr\u00e9d\u00e9ric d\u00e9marre sa carri\u00e8re dans les ann\u00e9es 70 en int\u00e9grant une entreprise d\u2019affichage, o\u00f9 il gravit rapidement les \u00e9chelons. Dans les ann\u00e9es 80, il se lance \u00e0 son compte et fonde le groupe PANO, devenu une success story qui d\u00e9passe nos fronti\u00e8res puisque le groupe s\u2019est implant\u00e9 \u00e0 l\u2019international. Cette aventure professionnelle, qui l\u2019am\u00e8ne \u00e0 voyager aux quatre coins du monde, lui permet d\u2019accumuler exp\u00e9rience et savoir, notamment dans le domaine viticole.<\/p>\n\n\n\n<p>Au-del\u00e0 de son parcours impressionnant, Fr\u00e9d\u00e9ric nourrit une passion de longue date pour le vin. Il se souvient du jour o\u00f9 un verre de Patache d\u2019Aux a fait chavirer son c\u0153ur en 1972. D\u00e8s lors, il commence \u00e0 constituer une cave personnelle, qu\u2019il entretient avec soin depuis pr\u00e8s de 50 ans. Ce go\u00fbt pour le vin ne fait que grandir, \u00e0 tel point que cet \u00ab\u00a0amateur \u00e9clair\u00e9\u00a0\u00bb d\u00e9cide qu\u2019\u00e0 sa retraite, il deviendra vigneron.<\/p>\n\n\n\n<h2 class=\"wp-block-heading\"><span class=\"w-100\"><mark style=\"background-color:rgba(0, 0, 0, 0)\" class=\"has-inline-color has-primary-color\">L&#8217;heure de la reconversion<\/mark><\/span><\/h2>\n\n\n\n<p>Apr\u00e8s avoir transmis les r\u00eanes de son entreprise \u00e0 son fils, Fr\u00e9d\u00e9ric entame donc une nouvelle \u00e9tape de sa vie. Son r\u00eave devient r\u00e9alit\u00e9 en 2021 lorsqu\u2019il reprend le <a href=\"https:\/\/chateaudosmond.com\/\" target=\"_blank\" rel=\"noreferrer noopener\">Ch\u00e2teau d\u2019Osmond, un domaine situ\u00e9 \u00e0 Cissac-M\u00e9doc<\/a>, o\u00f9 il travaille avec sa compagne. Comme il dit si bien, il occupe maintenant 3 m\u00e9tiers : faire du raisin, faire du vin, et enfin, le commercialiser.\u00a0<\/p>\n\n\n\n<p>Il peut s\u2019appuyer sur son \u00e9quipe, son expertise en communication et son recul marketing. Fr\u00e9d\u00e9ric se distingue par son sens du relationnel. Il accorde une attention toute particuli\u00e8re \u00e0 ses visiteurs et son contact humain chaleureux est l\u2019un de ses plus grands atouts. Alors n\u2019h\u00e9sitez plus \u00e0 lui rendre visite, le domaine est ouvert 7 jours sur 7 ! <\/p>\n\n\n\n<blockquote class=\"wp-block-quote is-style-default has-text-color is-layout-flow wp-block-quote-is-layout-flow\" style=\"color:#8e577f\">\n<p>&#8220;Mon coeur bat pour le M\u00e9doc ! &#8221; &#8211; Fr\u00e9d\u00e9ric Morlier<\/p>\n<\/blockquote>\n\n\n\n<figure class=\"wp-block-gallery has-nested-images columns-2 is-cropped wp-block-gallery-1 is-layout-flex wp-block-gallery-is-layout-flex\">\n<figure class=\"wp-block-image size-full\"><img loading=\"lazy\" decoding=\"async\" width=\"1000\" height=\"1000\" data-id=\"3328\" src=\"https:\/\/medoc-hautmedoc.fr\/wp-content\/uploads\/Propriete-Chateau-dOsmond.jpg\" alt=\"\" class=\"wp-image-3328\" srcset=\"https:\/\/medoc-hautmedoc.fr\/wp-content\/uploads\/Propriete-Chateau-dOsmond.jpg 1000w, https:\/\/medoc-hautmedoc.fr\/wp-content\/uploads\/Propriete-Chateau-dOsmond-300x300.jpg 300w, https:\/\/medoc-hautmedoc.fr\/wp-content\/uploads\/Propriete-Chateau-dOsmond-150x150.jpg 150w, https:\/\/medoc-hautmedoc.fr\/wp-content\/uploads\/Propriete-Chateau-dOsmond-768x768.jpg 768w\" sizes=\"auto, (max-width: 1000px) 100vw, 1000px\" \/><figcaption class=\"wp-element-caption\">Photo prise au drone du Ch\u00e2teau d&#8217;Osmond <\/figcaption><\/figure>\n\n\n\n<figure class=\"wp-block-image size-full\"><img loading=\"lazy\" decoding=\"async\" width=\"1000\" height=\"1000\" data-id=\"3330\" src=\"https:\/\/medoc-hautmedoc.fr\/wp-content\/uploads\/Frederic-morlier-accoude-sur-amphore.jpg\" alt=\"\" class=\"wp-image-3330\" srcset=\"https:\/\/medoc-hautmedoc.fr\/wp-content\/uploads\/Frederic-morlier-accoude-sur-amphore.jpg 1000w, https:\/\/medoc-hautmedoc.fr\/wp-content\/uploads\/Frederic-morlier-accoude-sur-amphore-300x300.jpg 300w, https:\/\/medoc-hautmedoc.fr\/wp-content\/uploads\/Frederic-morlier-accoude-sur-amphore-150x150.jpg 150w, https:\/\/medoc-hautmedoc.fr\/wp-content\/uploads\/Frederic-morlier-accoude-sur-amphore-768x768.jpg 768w\" sizes=\"auto, (max-width: 1000px) 100vw, 1000px\" \/><figcaption class=\"wp-element-caption\">Fr\u00e9d\u00e9ric Morlier accoud\u00e9 \u00e0 une amphore<\/figcaption><\/figure>\n<\/figure>\n\n\n\n<p class=\"has-white-color has-text-color\" id=\"EDV\" style=\"font-style:normal;font-weight:100\"><\/p>\n\n\n\n<h3 class=\"wp-block-heading\"><span class=\"w-100\">Le ch\u00e2teau est ouvert de 09h \u00e0 18h, <a href=\"https:\/\/chateaudosmond.com\/nous-contacter\" target=\"_blank\" rel=\"noreferrer noopener\">r\u00e9servez d\u00e8s \u00e0 pr\u00e9sent<\/a> !<\/span><\/h3>\n\n\n\n<p>Ch\u00e2teau d&#8217;Osmond, 36 route des Gunes &#8211; 33250 Cissac-M\u00e9doc<\/p>\n\n\n\n<p><a href=\"tel:+33%206%2009%2074%2036%2025\">06 09 74 36 25<\/a><\/p>\n\n\n\n<p>\u2709\ufe0f  commandes@chateaudosmond.com<\/p>\n\n\n\n<p><a href=\"https:\/\/chateaudosmond.com\" target=\"_blank\" rel=\"noreferrer noopener\">https:\/\/chateaudosmond.com<\/a><\/p>\n\n\n\n<div class=\"wp-block-buttons is-layout-flex wp-block-buttons-is-layout-flex\"><\/div>\n<\/div>\n\n\n\n<p><\/p>\n","protected":false},"excerpt":{"rendered":"<p>Fr\u00e9d\u00e9ric fait partie de ces profils atypiques qui composent le vignoble m\u00e9docain. Fort d\u2019une exp\u00e9rience impressionnante dans la communication, ce touche-\u00e0-tout \u00e0 la bonhommie naturelle a v\u00e9cu plusieurs vies en une comme il aime \u00e0 dire.&nbsp; Apr\u00e8s ses \u00e9tudes, Fr\u00e9d\u00e9ric d\u00e9marre sa carri\u00e8re dans les ann\u00e9es 70 en int\u00e9grant une entreprise d\u2019affichage, o\u00f9 il gravit [&hellip;]<\/p>\n","protected":false},"featured_media":3326,"menu_order":0,"template":"","meta":{"_acf_changed":false,"footnotes":""},"caracteres":[8,14],"class_list":["post-3197","vignerons","type-vignerons","status-publish","has-post-thumbnail","hentry","caracteres-changement-de-vie","caracteres-tous-les-vignerons"],"acf":[],"yoast_head":"<!-- This site is optimized with the Yoast SEO plugin v27.5 - https:\/\/yoast.com\/product\/yoast-seo-wordpress\/ -->\n<title>Fr\u00e9d\u00e9ric MORLIER - AOC M\u00e9doc &amp; Haut-M\u00e9doc<\/title>\n<meta name=\"description\" content=\"Fort d\u2019une exp\u00e9rience impressionnante dans la communication, Fr\u00e9d\u00e9ric Morlier a v\u00e9cu plusieurs vies avant de devenir vigneron.\u00a0\" \/>\n<meta name=\"robots\" content=\"index, follow, max-snippet:-1, max-image-preview:large, max-video-preview:-1\" \/>\n<link rel=\"canonical\" href=\"https:\/\/medoc-hautmedoc.fr\/vigneron.ne.s\/frederic-morlier-vigneron\/\" \/>\n<meta property=\"og:locale\" content=\"en_US\" \/>\n<meta property=\"og:type\" content=\"article\" \/>\n<meta property=\"og:title\" content=\"Fr\u00e9d\u00e9ric MORLIER - AOC M\u00e9doc &amp; Haut-M\u00e9doc\" \/>\n<meta property=\"og:description\" content=\"Fort d\u2019une exp\u00e9rience impressionnante dans la communication, Fr\u00e9d\u00e9ric Morlier a v\u00e9cu plusieurs vies avant de devenir vigneron.\u00a0\" \/>\n<meta property=\"og:url\" content=\"https:\/\/medoc-hautmedoc.fr\/vigneron.ne.s\/frederic-morlier-vigneron\/\" \/>\n<meta property=\"og:site_name\" content=\"AOC M\u00e9doc &amp; Haut-M\u00e9doc\" \/>\n<meta property=\"article:modified_time\" content=\"2025-01-21T16:07:47+00:00\" \/>\n<meta property=\"og:image\" content=\"https:\/\/medoc-hautmedoc.fr\/wp-content\/uploads\/Fred-light.jpg\" \/>\n\t<meta property=\"og:image:width\" content=\"1000\" \/>\n\t<meta property=\"og:image:height\" content=\"1000\" \/>\n\t<meta property=\"og:image:type\" content=\"image\/jpeg\" \/>\n<meta name=\"twitter:card\" content=\"summary_large_image\" \/>\n<meta name=\"twitter:label1\" content=\"Est. reading time\" \/>\n\t<meta name=\"twitter:data1\" content=\"3 minutes\" \/>\n<script type=\"application\/ld+json\" class=\"yoast-schema-graph\">{\"@context\":\"https:\\\/\\\/schema.org\",\"@graph\":[{\"@type\":\"WebPage\",\"@id\":\"https:\\\/\\\/medoc-hautmedoc.fr\\\/vigneron.ne.s\\\/frederic-morlier-vigneron\\\/\",\"url\":\"https:\\\/\\\/medoc-hautmedoc.fr\\\/vigneron.ne.s\\\/frederic-morlier-vigneron\\\/\",\"name\":\"Fr\u00e9d\u00e9ric MORLIER - AOC M\u00e9doc & Haut-M\u00e9doc\",\"isPartOf\":{\"@id\":\"https:\\\/\\\/medoc-hautmedoc.fr\\\/#website\"},\"primaryImageOfPage\":{\"@id\":\"https:\\\/\\\/medoc-hautmedoc.fr\\\/vigneron.ne.s\\\/frederic-morlier-vigneron\\\/#primaryimage\"},\"image\":{\"@id\":\"https:\\\/\\\/medoc-hautmedoc.fr\\\/vigneron.ne.s\\\/frederic-morlier-vigneron\\\/#primaryimage\"},\"thumbnailUrl\":\"https:\\\/\\\/medoc-hautmedoc.fr\\\/wp-content\\\/uploads\\\/Fred-light.jpg\",\"datePublished\":\"2025-01-21T16:07:46+00:00\",\"dateModified\":\"2025-01-21T16:07:47+00:00\",\"description\":\"Fort d\u2019une exp\u00e9rience impressionnante dans la communication, Fr\u00e9d\u00e9ric Morlier a v\u00e9cu plusieurs vies avant de devenir vigneron.\u00a0\",\"breadcrumb\":{\"@id\":\"https:\\\/\\\/medoc-hautmedoc.fr\\\/vigneron.ne.s\\\/frederic-morlier-vigneron\\\/#breadcrumb\"},\"inLanguage\":\"en-US\",\"potentialAction\":[{\"@type\":\"ReadAction\",\"target\":[\"https:\\\/\\\/medoc-hautmedoc.fr\\\/vigneron.ne.s\\\/frederic-morlier-vigneron\\\/\"]}]},{\"@type\":\"ImageObject\",\"inLanguage\":\"en-US\",\"@id\":\"https:\\\/\\\/medoc-hautmedoc.fr\\\/vigneron.ne.s\\\/frederic-morlier-vigneron\\\/#primaryimage\",\"url\":\"https:\\\/\\\/medoc-hautmedoc.fr\\\/wp-content\\\/uploads\\\/Fred-light.jpg\",\"contentUrl\":\"https:\\\/\\\/medoc-hautmedoc.fr\\\/wp-content\\\/uploads\\\/Fred-light.jpg\",\"width\":1000,\"height\":1000,\"caption\":\"Portrait Fr\u00e9d\u00e9ric Morlier noir et blanc\"},{\"@type\":\"BreadcrumbList\",\"@id\":\"https:\\\/\\\/medoc-hautmedoc.fr\\\/vigneron.ne.s\\\/frederic-morlier-vigneron\\\/#breadcrumb\",\"itemListElement\":[{\"@type\":\"ListItem\",\"position\":1,\"name\":\"Accueil\",\"item\":\"https:\\\/\\\/medoc-hautmedoc.fr\\\/en\\\/\"},{\"@type\":\"ListItem\",\"position\":2,\"name\":\"Vigneron(ne)s\",\"item\":\"https:\\\/\\\/medoc-hautmedoc.fr\\\/vigneron.ne.s\\\/\"},{\"@type\":\"ListItem\",\"position\":3,\"name\":\"Fr\u00e9d\u00e9ric MORLIER\"}]},{\"@type\":\"WebSite\",\"@id\":\"https:\\\/\\\/medoc-hautmedoc.fr\\\/#website\",\"url\":\"https:\\\/\\\/medoc-hautmedoc.fr\\\/\",\"name\":\"AOC M\u00e9doc & Haut-M\u00e9doc\",\"description\":\"\",\"publisher\":{\"@id\":\"https:\\\/\\\/medoc-hautmedoc.fr\\\/#organization\"},\"potentialAction\":[{\"@type\":\"SearchAction\",\"target\":{\"@type\":\"EntryPoint\",\"urlTemplate\":\"https:\\\/\\\/medoc-hautmedoc.fr\\\/?s={search_term_string}\"},\"query-input\":{\"@type\":\"PropertyValueSpecification\",\"valueRequired\":true,\"valueName\":\"search_term_string\"}}],\"inLanguage\":\"en-US\"},{\"@type\":\"Organization\",\"@id\":\"https:\\\/\\\/medoc-hautmedoc.fr\\\/#organization\",\"name\":\"AOC M\u00e9doc & Haut-M\u00e9doc\",\"url\":\"https:\\\/\\\/medoc-hautmedoc.fr\\\/\",\"logo\":{\"@type\":\"ImageObject\",\"inLanguage\":\"en-US\",\"@id\":\"https:\\\/\\\/medoc-hautmedoc.fr\\\/#\\\/schema\\\/logo\\\/image\\\/\",\"url\":\"https:\\\/\\\/medoc-hautmedoc.fr\\\/wp-content\\\/uploads\\\/logo.svg\",\"contentUrl\":\"https:\\\/\\\/medoc-hautmedoc.fr\\\/wp-content\\\/uploads\\\/logo.svg\",\"width\":1,\"height\":1,\"caption\":\"AOC M\u00e9doc & Haut-M\u00e9doc\"},\"image\":{\"@id\":\"https:\\\/\\\/medoc-hautmedoc.fr\\\/#\\\/schema\\\/logo\\\/image\\\/\"}}]}<\/script>\n<!-- \/ Yoast SEO plugin. -->","yoast_head_json":{"title":"Fr\u00e9d\u00e9ric MORLIER - AOC M\u00e9doc & Haut-M\u00e9doc","description":"Fort d\u2019une exp\u00e9rience impressionnante dans la communication, Fr\u00e9d\u00e9ric Morlier a v\u00e9cu plusieurs vies avant de devenir vigneron.\u00a0","robots":{"index":"index","follow":"follow","max-snippet":"max-snippet:-1","max-image-preview":"max-image-preview:large","max-video-preview":"max-video-preview:-1"},"canonical":"https:\/\/medoc-hautmedoc.fr\/vigneron.ne.s\/frederic-morlier-vigneron\/","og_locale":"en_US","og_type":"article","og_title":"Fr\u00e9d\u00e9ric MORLIER - AOC M\u00e9doc & Haut-M\u00e9doc","og_description":"Fort d\u2019une exp\u00e9rience impressionnante dans la communication, Fr\u00e9d\u00e9ric Morlier a v\u00e9cu plusieurs vies avant de devenir vigneron.\u00a0","og_url":"https:\/\/medoc-hautmedoc.fr\/vigneron.ne.s\/frederic-morlier-vigneron\/","og_site_name":"AOC M\u00e9doc & Haut-M\u00e9doc","article_modified_time":"2025-01-21T16:07:47+00:00","og_image":[{"width":1000,"height":1000,"url":"https:\/\/medoc-hautmedoc.fr\/wp-content\/uploads\/Fred-light.jpg","type":"image\/jpeg"}],"twitter_card":"summary_large_image","twitter_misc":{"Est. reading time":"3 minutes"},"schema":{"@context":"https:\/\/schema.org","@graph":[{"@type":"WebPage","@id":"https:\/\/medoc-hautmedoc.fr\/vigneron.ne.s\/frederic-morlier-vigneron\/","url":"https:\/\/medoc-hautmedoc.fr\/vigneron.ne.s\/frederic-morlier-vigneron\/","name":"Fr\u00e9d\u00e9ric MORLIER - AOC M\u00e9doc & Haut-M\u00e9doc","isPartOf":{"@id":"https:\/\/medoc-hautmedoc.fr\/#website"},"primaryImageOfPage":{"@id":"https:\/\/medoc-hautmedoc.fr\/vigneron.ne.s\/frederic-morlier-vigneron\/#primaryimage"},"image":{"@id":"https:\/\/medoc-hautmedoc.fr\/vigneron.ne.s\/frederic-morlier-vigneron\/#primaryimage"},"thumbnailUrl":"https:\/\/medoc-hautmedoc.fr\/wp-content\/uploads\/Fred-light.jpg","datePublished":"2025-01-21T16:07:46+00:00","dateModified":"2025-01-21T16:07:47+00:00","description":"Fort d\u2019une exp\u00e9rience impressionnante dans la communication, Fr\u00e9d\u00e9ric Morlier a v\u00e9cu plusieurs vies avant de devenir vigneron.\u00a0","breadcrumb":{"@id":"https:\/\/medoc-hautmedoc.fr\/vigneron.ne.s\/frederic-morlier-vigneron\/#breadcrumb"},"inLanguage":"en-US","potentialAction":[{"@type":"ReadAction","target":["https:\/\/medoc-hautmedoc.fr\/vigneron.ne.s\/frederic-morlier-vigneron\/"]}]},{"@type":"ImageObject","inLanguage":"en-US","@id":"https:\/\/medoc-hautmedoc.fr\/vigneron.ne.s\/frederic-morlier-vigneron\/#primaryimage","url":"https:\/\/medoc-hautmedoc.fr\/wp-content\/uploads\/Fred-light.jpg","contentUrl":"https:\/\/medoc-hautmedoc.fr\/wp-content\/uploads\/Fred-light.jpg","width":1000,"height":1000,"caption":"Portrait Fr\u00e9d\u00e9ric Morlier noir et blanc"},{"@type":"BreadcrumbList","@id":"https:\/\/medoc-hautmedoc.fr\/vigneron.ne.s\/frederic-morlier-vigneron\/#breadcrumb","itemListElement":[{"@type":"ListItem","position":1,"name":"Accueil","item":"https:\/\/medoc-hautmedoc.fr\/en\/"},{"@type":"ListItem","position":2,"name":"Vigneron(ne)s","item":"https:\/\/medoc-hautmedoc.fr\/vigneron.ne.s\/"},{"@type":"ListItem","position":3,"name":"Fr\u00e9d\u00e9ric MORLIER"}]},{"@type":"WebSite","@id":"https:\/\/medoc-hautmedoc.fr\/#website","url":"https:\/\/medoc-hautmedoc.fr\/","name":"AOC M\u00e9doc & Haut-M\u00e9doc","description":"","publisher":{"@id":"https:\/\/medoc-hautmedoc.fr\/#organization"},"potentialAction":[{"@type":"SearchAction","target":{"@type":"EntryPoint","urlTemplate":"https:\/\/medoc-hautmedoc.fr\/?s={search_term_string}"},"query-input":{"@type":"PropertyValueSpecification","valueRequired":true,"valueName":"search_term_string"}}],"inLanguage":"en-US"},{"@type":"Organization","@id":"https:\/\/medoc-hautmedoc.fr\/#organization","name":"AOC M\u00e9doc & Haut-M\u00e9doc","url":"https:\/\/medoc-hautmedoc.fr\/","logo":{"@type":"ImageObject","inLanguage":"en-US","@id":"https:\/\/medoc-hautmedoc.fr\/#\/schema\/logo\/image\/","url":"https:\/\/medoc-hautmedoc.fr\/wp-content\/uploads\/logo.svg","contentUrl":"https:\/\/medoc-hautmedoc.fr\/wp-content\/uploads\/logo.svg","width":1,"height":1,"caption":"AOC M\u00e9doc & Haut-M\u00e9doc"},"image":{"@id":"https:\/\/medoc-hautmedoc.fr\/#\/schema\/logo\/image\/"}}]}},"_links":{"self":[{"href":"https:\/\/medoc-hautmedoc.fr\/en\/wp-json\/wp\/v2\/vignerons\/3197","targetHints":{"allow":["GET"]}}],"collection":[{"href":"https:\/\/medoc-hautmedoc.fr\/en\/wp-json\/wp\/v2\/vignerons"}],"about":[{"href":"https:\/\/medoc-hautmedoc.fr\/en\/wp-json\/wp\/v2\/types\/vignerons"}],"version-history":[{"count":14,"href":"https:\/\/medoc-hautmedoc.fr\/en\/wp-json\/wp\/v2\/vignerons\/3197\/revisions"}],"predecessor-version":[{"id":3339,"href":"https:\/\/medoc-hautmedoc.fr\/en\/wp-json\/wp\/v2\/vignerons\/3197\/revisions\/3339"}],"wp:featuredmedia":[{"embeddable":true,"href":"https:\/\/medoc-hautmedoc.fr\/en\/wp-json\/wp\/v2\/media\/3326"}],"wp:attachment":[{"href":"https:\/\/medoc-hautmedoc.fr\/en\/wp-json\/wp\/v2\/media?parent=3197"}],"wp:term":[{"taxonomy":"caracteres","embeddable":true,"href":"https:\/\/medoc-hautmedoc.fr\/en\/wp-json\/wp\/v2\/caracteres?post=3197"}],"curies":[{"name":"wp","href":"https:\/\/api.w.org\/{rel}","templated":true}]}}