{"id":3357,"date":"2025-02-14T16:13:45","date_gmt":"2025-02-14T16:13:45","guid":{"rendered":"https:\/\/medoc-hautmedoc.fr\/?post_type=vignerons&#038;p=3357"},"modified":"2025-02-14T16:13:46","modified_gmt":"2025-02-14T16:13:46","slug":"brice-alban-roualec-vigneron","status":"publish","type":"vignerons","link":"https:\/\/medoc-hautmedoc.fr\/en\/vigneron.ne.s\/brice-alban-roualec-vigneron\/","title":{"rendered":"Brice-Alban Roualec"},"content":{"rendered":"\n<div class=\"single-vigneron-portrait-container\">\n    <img loading=\"lazy\" decoding=\"async\" width=\"2560\" height=\"1810\" src=\"https:\/\/medoc-hautmedoc.fr\/wp-content\/uploads\/chais-clos-grange-vieille-scaled.jpg\" class=\"single-vigneron-portrait-background\" alt=\"Barrique au chai du Clos Grange Vieille\" srcset=\"https:\/\/medoc-hautmedoc.fr\/wp-content\/uploads\/chais-clos-grange-vieille-scaled.jpg 2560w, https:\/\/medoc-hautmedoc.fr\/wp-content\/uploads\/chais-clos-grange-vieille-300x212.jpg 300w, https:\/\/medoc-hautmedoc.fr\/wp-content\/uploads\/chais-clos-grange-vieille-1024x724.jpg 1024w, https:\/\/medoc-hautmedoc.fr\/wp-content\/uploads\/chais-clos-grange-vieille-768x543.jpg 768w, https:\/\/medoc-hautmedoc.fr\/wp-content\/uploads\/chais-clos-grange-vieille-1536x1086.jpg 1536w, https:\/\/medoc-hautmedoc.fr\/wp-content\/uploads\/chais-clos-grange-vieille-2048x1448.jpg 2048w\" sizes=\"auto, (max-width: 2560px) 100vw, 2560px\" \/>    <div class=\"single-vigneron-portrait-title\">\n        <h1>Vigneron(ne)s<\/h1>\n    <\/div>\n    <div class=\"single-vigneron-portrait-wrapper\">\n        <div class=\"is-style-small-arrow-link\">\n            <a class=\"is-style-container-small-left back-selection has-primary-color wp-block-button__link\" href=\"https:\/\/medoc-hautmedoc.fr\/en\/\/vigneron(ne)s\">retour<\/a>\n        <\/div>\n        <h2 class=\"single-vigneron-portrait-name\">\n            Brice-Alban ROUALEC        <\/h2>\n        <div class=\"single-vigneron-portrait-text\">\n            <svg fill=\"none\" height=\"109\" viewBox=\"0 0 149 109\" width=\"149\" xmlns=\"http:\/\/www.w3.org\/2000\/svg\"><path d=\"m36.3701 109c-6.2572 0-11.7323-1.172-16.4252-3.516-4.6929-2.605-8.4733-5.9906-11.34123-10.1578-2.60717-4.1673-4.69291-9.1159-6.25722-14.8459-1.564299-5.73-2.34645-11.7205-2.34645-17.9713 0-12.7623 3.25897-24.7432 9.7769-35.9427 6.7787-11.1995 17.2074-20.05494 31.2861-26.5663l3.5197 7.03225c-7.3001 3.38595-13.818 8.33455-19.5538 14.84595-5.4751 6.2509-8.7341 12.8924-9.7769 19.9247-1.5643 5.4695-1.6947 10.8088-.3911 16.0179 5.7358-6.2509 13.4269-9.3764 23.0735-9.3764 8.8644 0 16.1645 2.7348 21.9002 8.2044 5.7358 5.209 8.6037 12.5017 8.6037 21.8781 0 9.1159-2.9982 16.5388-8.9947 22.2691-5.9965 5.469-13.6877 8.204-23.0735 8.204zm80.5619 0c-6.257 0-11.733-1.172-16.425-3.516-4.6933-2.605-8.4738-5.9906-11.3416-10.1578-2.6072-4.1673-4.6929-9.1159-6.2573-14.8459-1.5643-5.73-2.3464-11.7205-2.3464-17.9713 0-12.7623 3.2589-24.7432 9.7769-35.9427 6.7786-11.1995 17.2074-20.05494 31.2864-26.5663l3.519 7.03225c-7.3 3.38595-13.818 8.33455-19.553 14.84595-5.476 6.2509-8.7345 12.8924-9.7773 19.9247-1.5643 5.4695-1.6947 10.8088-.3911 16.0179 5.7354-6.2509 13.4274-9.3764 23.0734-9.3764 8.864 0 16.165 2.7348 21.9 8.2044 5.736 5.209 8.604 12.5017 8.604 21.8781 0 9.1159-2.998 16.5388-8.995 22.2691-5.996 5.469-13.687 8.204-23.073 8.204z\" fill=\"#fff\"\/><\/svg>\n            <p>Clos Grange-Vieille \u00e0 Saint-Christoly-M\u00e9doc<\/p>\n        <\/div>\n        <div class=\"single-vigneron-portrait-image-wrapper\">\n            <img loading=\"lazy\" decoding=\"async\" width=\"1500\" height=\"1500\" src=\"https:\/\/medoc-hautmedoc.fr\/wp-content\/uploads\/portrait-NB-Brice-Alban.jpg\" class=\"single-vigneron-portrait-image\" alt=\"Portrait de Brice-Alban en noir et blanc\" srcset=\"https:\/\/medoc-hautmedoc.fr\/wp-content\/uploads\/portrait-NB-Brice-Alban.jpg 1500w, https:\/\/medoc-hautmedoc.fr\/wp-content\/uploads\/portrait-NB-Brice-Alban-300x300.jpg 300w, https:\/\/medoc-hautmedoc.fr\/wp-content\/uploads\/portrait-NB-Brice-Alban-1024x1024.jpg 1024w, https:\/\/medoc-hautmedoc.fr\/wp-content\/uploads\/portrait-NB-Brice-Alban-150x150.jpg 150w, https:\/\/medoc-hautmedoc.fr\/wp-content\/uploads\/portrait-NB-Brice-Alban-768x768.jpg 768w\" sizes=\"auto, (max-width: 1500px) 100vw, 1500px\" \/>        <\/div>\n    <\/div>\n<\/div>\n\n\n<div class=\"wp-block-group is-style-container-small is-layout-flow wp-block-group-is-layout-flow\">\r\n<div id=\"block_96c638c86b533155ffe5bc8c84f223cf\" class=\"spacer-block \" style=\"height: 10vh;\"><\/div>\n\n\n<p>Originaire de la r\u00e9gion parisienne, Brice-Alban ne se destinait pas \u00e0 devenir vigneron. Apr\u00e8s des \u00e9tudes de management et de communication en Angleterre, il entre dans le monde de l\u2019\u00e9dition. Pourtant, une \u00ab&nbsp;suite d\u2019heureux hasards\u00bb, comme il aime \u00e0 dire, va le mener jusqu\u2019au M\u00e9doc. C\u2019est en venant aider ses parents \u00e0 r\u00e9habiliter leur nouveau logement dans la r\u00e9gion qu\u2019une nouvelle page de son livre va s\u2019\u00e9crire.&nbsp;<\/p>\n\n\n\n<h2 class=\"wp-block-heading\"><span class=\"w-100\"><mark style=\"background-color:rgba(0, 0, 0, 0)\" class=\"has-inline-color has-primary-color\">Nouvelle vie<\/mark><\/span><\/h2>\n\n\n\n<p>En 2017, Brice-Alban se lance dans la grande aventure et se forme \u00e0 Saint-Christoly, o\u00f9 il tisse un lien fort avec la vigne. Avant cela, sa relation au vin se r\u00e9sumait \u00e0 un simple plaisir, qui devient une v\u00e9ritable vocation. Par un concours de circonstances, il rencontre deux vignerons qui font vivre un domaine de 3 hectares situ\u00e9 sur le plateau de Saint-Christoly. Il va alors reprendre leur exploitation, <a href=\"https:\/\/www.grangevieille.com\" target=\"_blank\" rel=\"noreferrer noopener\">le Clos Grange-Vieille<\/a>, au sein duquel il continue de travailler 3 ans avec ces pr\u00e9d\u00e9cesseurs qui lui transmettent tout leur savoir-faire. D\u00e9sormais seul sur la propri\u00e9t\u00e9, il assume des missions allant de \u00ab&nbsp;la culture de la vigne \u00e0 la vinification&nbsp;\u00bb comme il le dit si bien !<\/p>\n\n\n\n<h2 class=\"wp-block-heading\"><span class=\"w-100\"><mark style=\"background-color:rgba(0, 0, 0, 0)\" class=\"has-inline-color has-primary-color\">La nature avant tout<\/mark><\/span><\/h2>\n\n\n\n<p>La particularit\u00e9 de ce domaine, c\u2019est <a href=\"https:\/\/www.grangevieille.com\/le-clos\/\" target=\"_blank\" rel=\"noreferrer noopener\">son engagement environnemental<\/a>. En bio depuis 20 ans, l\u2019exploitation prend racine sur une d\u00e9marche claire : un sol n\u2019ayant jamais connu de d\u00e9sherbant car toujours travaill\u00e9 \u00e0 la main. \u00c0 cela s\u2019ajoute le travail d\u2019ouvriers un peu particuliers : des chevaux, que l\u2019on peut d\u2019ailleurs retrouver sur ses \u00e9tiquettes ! Brice-Alban n\u2019a rien chang\u00e9 \u00e0 la philosophie du domaine. Il ajoute m\u00eame les principes de la biodynamie au mode de culture de ses vignes. Il souhaite rester le plus fid\u00e8le possible \u00e0 ce que la nature lui donne, et cette volont\u00e9 se retrouve en bouteille. Son vin est peu bois\u00e9 et se veut avant tout bas\u00e9 sur <a href=\"https:\/\/www.grangevieille.com\/les-vins\/\" target=\"_blank\" rel=\"noreferrer noopener\">l\u2019expression du fruit li\u00e9e au terroir<\/a>.&nbsp;<\/p>\n\n\n\n<p>Vigneron depuis maintenant 8 ans, l\u2019histoire de Brice-Alban continue de s\u2019\u00e9crire au coeur de l\u2019<a href=\"https:\/\/medoc-hautmedoc.fr\/vignoble-terroir\/\" target=\"_blank\" rel=\"noreferrer noopener\">AOC M\u00e9doc<\/a>. Si vous souhaitez l\u2019entendre vous la raconter, n\u2019h\u00e9sitez pas \u00e0 aller \u00e0 sa rencontre !\u00a0<\/p>\n\n\n\n<blockquote class=\"wp-block-quote is-style-default has-text-color is-layout-flow wp-block-quote-is-layout-flow\" style=\"color:#8e577f\">\n<p>&#8220;Il n\u2019y a pas deux ann\u00e9es pareilles, il faut s\u2019adapter \u00e0 ce que le raisin nous dit et rester le plus fid\u00e8le possible \u00e0 ce que la nature nous donne !&#8221; &#8211; Brice-Alban Roualec<\/p>\n<\/blockquote>\n\n\n\n<figure class=\"wp-block-gallery has-nested-images columns-2 is-cropped wp-block-gallery-1 is-layout-flex wp-block-gallery-is-layout-flex\">\n<figure class=\"wp-block-image size-full\"><img loading=\"lazy\" decoding=\"async\" width=\"1500\" height=\"1500\" data-id=\"3374\" src=\"https:\/\/medoc-hautmedoc.fr\/wp-content\/uploads\/Sans-titre-2.jpg\" alt=\"\" class=\"wp-image-3374\" srcset=\"https:\/\/medoc-hautmedoc.fr\/wp-content\/uploads\/Sans-titre-2.jpg 1500w, https:\/\/medoc-hautmedoc.fr\/wp-content\/uploads\/Sans-titre-2-300x300.jpg 300w, https:\/\/medoc-hautmedoc.fr\/wp-content\/uploads\/Sans-titre-2-1024x1024.jpg 1024w, https:\/\/medoc-hautmedoc.fr\/wp-content\/uploads\/Sans-titre-2-150x150.jpg 150w, https:\/\/medoc-hautmedoc.fr\/wp-content\/uploads\/Sans-titre-2-768x768.jpg 768w\" sizes=\"auto, (max-width: 1500px) 100vw, 1500px\" \/><figcaption class=\"wp-element-caption\">Brice-Alban \u00e0 la vigne<\/figcaption><\/figure>\n\n\n\n<figure class=\"wp-block-image size-full\"><img loading=\"lazy\" decoding=\"async\" width=\"1000\" height=\"1000\" data-id=\"3376\" src=\"https:\/\/medoc-hautmedoc.fr\/wp-content\/uploads\/Brice-Alban-dans-sa-cuve.jpg\" alt=\"\" class=\"wp-image-3376\" srcset=\"https:\/\/medoc-hautmedoc.fr\/wp-content\/uploads\/Brice-Alban-dans-sa-cuve.jpg 1000w, https:\/\/medoc-hautmedoc.fr\/wp-content\/uploads\/Brice-Alban-dans-sa-cuve-300x300.jpg 300w, https:\/\/medoc-hautmedoc.fr\/wp-content\/uploads\/Brice-Alban-dans-sa-cuve-150x150.jpg 150w, https:\/\/medoc-hautmedoc.fr\/wp-content\/uploads\/Brice-Alban-dans-sa-cuve-768x768.jpg 768w\" sizes=\"auto, (max-width: 1000px) 100vw, 1000px\" \/><figcaption class=\"wp-element-caption\">Brice-Alban dans sa cuve<\/figcaption><\/figure>\n<\/figure>\n\n\n\n<figure class=\"wp-block-embed is-type-video is-provider-youtube wp-block-embed-youtube wp-embed-aspect-16-9 wp-has-aspect-ratio\"><div class=\"wp-block-embed__wrapper\">\n<iframe loading=\"lazy\" title=\"Le M\u00e9doc \u00e0 Table | \u00e9pisode 7\" width=\"640\" height=\"360\" src=\"https:\/\/www.youtube.com\/embed\/ZI_7HdI9Vn0?feature=oembed\" frameborder=\"0\" allow=\"accelerometer; autoplay; clipboard-write; encrypted-media; gyroscope; picture-in-picture; web-share\" referrerpolicy=\"strict-origin-when-cross-origin\" allowfullscreen><\/iframe>\n<\/div><figcaption class=\"wp-element-caption\">L&#8217;\u00e9pisode 7 du M\u00e9doc \u00e0 Table avec Brice-Alban<\/figcaption><\/figure>\n\n\n\n<p class=\"has-white-color has-text-color\" id=\"EDV\" style=\"font-style:normal;font-weight:100\"><br>Lucas explique l&#8217;\u00e9pamprage dans un \u00e9pisode d&#8217;Emma dans les vignes.<\/p>\n\n\n\n<p class=\"has-white-color has-text-color\" id=\"EDV\" style=\"font-style:normal;font-weight:100\"><\/p>\n\n\n\n<h3 class=\"wp-block-heading\"><span class=\"w-100\">Brice-Alban vous accueille pour \u00e9changer et d\u00e9guster, <a href=\"https:\/\/www.grangevieille.com\/\" target=\"_blank\" rel=\"noreferrer noopener\">r\u00e9servez d\u00e8s \u00e0 pr\u00e9sent<\/a> !<\/span><\/h3>\n\n\n\n<p>Clos Grange-Vieille, 2 route du Breuil, 33340 Saint-Christoly-M\u00e9doc<\/p>\n\n\n\n<p><a href=\"tel:+33%206%2009%2074%2036%2025\">07 67 70 63 75<\/a><\/p>\n\n\n\n<p><a href=\"https:\/\/www.grangevieille.com\">https:\/\/www.grangevieille.com<\/a><\/p>\n\n\n\n<div class=\"wp-block-buttons is-layout-flex wp-block-buttons-is-layout-flex\"><\/div>\n<\/div>\n\n\n\n<p><\/p>\n","protected":false},"excerpt":{"rendered":"<p>Originaire de la r\u00e9gion parisienne, Brice-Alban ne se destinait pas \u00e0 devenir vigneron. Apr\u00e8s des \u00e9tudes de management et de communication en Angleterre, il entre dans le monde de l\u2019\u00e9dition. Pourtant, une \u00ab&nbsp;suite d\u2019heureux hasards\u00bb, comme il aime \u00e0 dire, va le mener jusqu\u2019au M\u00e9doc. C\u2019est en venant aider ses parents \u00e0 r\u00e9habiliter leur nouveau [&hellip;]<\/p>\n","protected":false},"featured_media":3378,"menu_order":0,"template":"","meta":{"_acf_changed":false,"footnotes":""},"caracteres":[8,14],"class_list":["post-3357","vignerons","type-vignerons","status-publish","has-post-thumbnail","hentry","caracteres-changement-de-vie","caracteres-tous-les-vignerons"],"acf":[],"yoast_head":"<!-- This site is optimized with the Yoast SEO plugin v27.5 - https:\/\/yoast.com\/product\/yoast-seo-wordpress\/ -->\n<title>Brice-Alban Roualec - AOC M\u00e9doc &amp; Haut-M\u00e9doc<\/title>\n<meta name=\"description\" content=\"Originaire de la r\u00e9gion parisienne, Brice Alban Roualec \u00e9crit une nouvelle page de son livre en tant que vigneron dans le M\u00e9doc.\" \/>\n<meta name=\"robots\" content=\"index, follow, max-snippet:-1, max-image-preview:large, max-video-preview:-1\" \/>\n<link rel=\"canonical\" href=\"https:\/\/medoc-hautmedoc.fr\/vigneron.ne.s\/brice-alban-roualec-vigneron\/\" \/>\n<meta property=\"og:locale\" content=\"en_US\" \/>\n<meta property=\"og:type\" content=\"article\" \/>\n<meta property=\"og:title\" content=\"Brice-Alban Roualec - AOC M\u00e9doc &amp; Haut-M\u00e9doc\" \/>\n<meta property=\"og:description\" content=\"Originaire de la r\u00e9gion parisienne, Brice Alban Roualec \u00e9crit une nouvelle page de son livre en tant que vigneron dans le M\u00e9doc.\" \/>\n<meta property=\"og:url\" content=\"https:\/\/medoc-hautmedoc.fr\/vigneron.ne.s\/brice-alban-roualec-vigneron\/\" \/>\n<meta property=\"og:site_name\" content=\"AOC M\u00e9doc &amp; Haut-M\u00e9doc\" \/>\n<meta property=\"article:modified_time\" content=\"2025-02-14T16:13:46+00:00\" \/>\n<meta property=\"og:image\" content=\"https:\/\/medoc-hautmedoc.fr\/wp-content\/uploads\/portrait-NB-Brice-Alban.jpg\" \/>\n\t<meta property=\"og:image:width\" content=\"1500\" \/>\n\t<meta property=\"og:image:height\" content=\"1500\" \/>\n\t<meta property=\"og:image:type\" content=\"image\/jpeg\" \/>\n<meta name=\"twitter:card\" content=\"summary_large_image\" \/>\n<meta name=\"twitter:label1\" content=\"Est. reading time\" \/>\n\t<meta name=\"twitter:data1\" content=\"3 minutes\" \/>\n<script type=\"application\/ld+json\" class=\"yoast-schema-graph\">{\"@context\":\"https:\\\/\\\/schema.org\",\"@graph\":[{\"@type\":\"WebPage\",\"@id\":\"https:\\\/\\\/medoc-hautmedoc.fr\\\/vigneron.ne.s\\\/brice-alban-roualec-vigneron\\\/\",\"url\":\"https:\\\/\\\/medoc-hautmedoc.fr\\\/vigneron.ne.s\\\/brice-alban-roualec-vigneron\\\/\",\"name\":\"Brice-Alban Roualec - AOC M\u00e9doc & Haut-M\u00e9doc\",\"isPartOf\":{\"@id\":\"https:\\\/\\\/medoc-hautmedoc.fr\\\/#website\"},\"primaryImageOfPage\":{\"@id\":\"https:\\\/\\\/medoc-hautmedoc.fr\\\/vigneron.ne.s\\\/brice-alban-roualec-vigneron\\\/#primaryimage\"},\"image\":{\"@id\":\"https:\\\/\\\/medoc-hautmedoc.fr\\\/vigneron.ne.s\\\/brice-alban-roualec-vigneron\\\/#primaryimage\"},\"thumbnailUrl\":\"https:\\\/\\\/medoc-hautmedoc.fr\\\/wp-content\\\/uploads\\\/portrait-NB-Brice-Alban.jpg\",\"datePublished\":\"2025-02-14T16:13:45+00:00\",\"dateModified\":\"2025-02-14T16:13:46+00:00\",\"description\":\"Originaire de la r\u00e9gion parisienne, Brice Alban Roualec \u00e9crit une nouvelle page de son livre en tant que vigneron dans le M\u00e9doc.\",\"breadcrumb\":{\"@id\":\"https:\\\/\\\/medoc-hautmedoc.fr\\\/vigneron.ne.s\\\/brice-alban-roualec-vigneron\\\/#breadcrumb\"},\"inLanguage\":\"en-US\",\"potentialAction\":[{\"@type\":\"ReadAction\",\"target\":[\"https:\\\/\\\/medoc-hautmedoc.fr\\\/vigneron.ne.s\\\/brice-alban-roualec-vigneron\\\/\"]}]},{\"@type\":\"ImageObject\",\"inLanguage\":\"en-US\",\"@id\":\"https:\\\/\\\/medoc-hautmedoc.fr\\\/vigneron.ne.s\\\/brice-alban-roualec-vigneron\\\/#primaryimage\",\"url\":\"https:\\\/\\\/medoc-hautmedoc.fr\\\/wp-content\\\/uploads\\\/portrait-NB-Brice-Alban.jpg\",\"contentUrl\":\"https:\\\/\\\/medoc-hautmedoc.fr\\\/wp-content\\\/uploads\\\/portrait-NB-Brice-Alban.jpg\",\"width\":1500,\"height\":1500,\"caption\":\"Portrait de Brice-Alban en noir et blanc\"},{\"@type\":\"BreadcrumbList\",\"@id\":\"https:\\\/\\\/medoc-hautmedoc.fr\\\/vigneron.ne.s\\\/brice-alban-roualec-vigneron\\\/#breadcrumb\",\"itemListElement\":[{\"@type\":\"ListItem\",\"position\":1,\"name\":\"Accueil\",\"item\":\"https:\\\/\\\/medoc-hautmedoc.fr\\\/en\\\/\"},{\"@type\":\"ListItem\",\"position\":2,\"name\":\"Vigneron(ne)s\",\"item\":\"https:\\\/\\\/medoc-hautmedoc.fr\\\/vigneron.ne.s\\\/\"},{\"@type\":\"ListItem\",\"position\":3,\"name\":\"Brice-Alban Roualec\"}]},{\"@type\":\"WebSite\",\"@id\":\"https:\\\/\\\/medoc-hautmedoc.fr\\\/#website\",\"url\":\"https:\\\/\\\/medoc-hautmedoc.fr\\\/\",\"name\":\"AOC M\u00e9doc & Haut-M\u00e9doc\",\"description\":\"\",\"publisher\":{\"@id\":\"https:\\\/\\\/medoc-hautmedoc.fr\\\/#organization\"},\"potentialAction\":[{\"@type\":\"SearchAction\",\"target\":{\"@type\":\"EntryPoint\",\"urlTemplate\":\"https:\\\/\\\/medoc-hautmedoc.fr\\\/?s={search_term_string}\"},\"query-input\":{\"@type\":\"PropertyValueSpecification\",\"valueRequired\":true,\"valueName\":\"search_term_string\"}}],\"inLanguage\":\"en-US\"},{\"@type\":\"Organization\",\"@id\":\"https:\\\/\\\/medoc-hautmedoc.fr\\\/#organization\",\"name\":\"AOC M\u00e9doc & Haut-M\u00e9doc\",\"url\":\"https:\\\/\\\/medoc-hautmedoc.fr\\\/\",\"logo\":{\"@type\":\"ImageObject\",\"inLanguage\":\"en-US\",\"@id\":\"https:\\\/\\\/medoc-hautmedoc.fr\\\/#\\\/schema\\\/logo\\\/image\\\/\",\"url\":\"https:\\\/\\\/medoc-hautmedoc.fr\\\/wp-content\\\/uploads\\\/logo.svg\",\"contentUrl\":\"https:\\\/\\\/medoc-hautmedoc.fr\\\/wp-content\\\/uploads\\\/logo.svg\",\"width\":1,\"height\":1,\"caption\":\"AOC M\u00e9doc & Haut-M\u00e9doc\"},\"image\":{\"@id\":\"https:\\\/\\\/medoc-hautmedoc.fr\\\/#\\\/schema\\\/logo\\\/image\\\/\"}}]}<\/script>\n<!-- \/ Yoast SEO plugin. -->","yoast_head_json":{"title":"Brice-Alban Roualec - AOC M\u00e9doc & Haut-M\u00e9doc","description":"Originaire de la r\u00e9gion parisienne, Brice Alban Roualec \u00e9crit une nouvelle page de son livre en tant que vigneron dans le M\u00e9doc.","robots":{"index":"index","follow":"follow","max-snippet":"max-snippet:-1","max-image-preview":"max-image-preview:large","max-video-preview":"max-video-preview:-1"},"canonical":"https:\/\/medoc-hautmedoc.fr\/vigneron.ne.s\/brice-alban-roualec-vigneron\/","og_locale":"en_US","og_type":"article","og_title":"Brice-Alban Roualec - AOC M\u00e9doc & Haut-M\u00e9doc","og_description":"Originaire de la r\u00e9gion parisienne, Brice Alban Roualec \u00e9crit une nouvelle page de son livre en tant que vigneron dans le M\u00e9doc.","og_url":"https:\/\/medoc-hautmedoc.fr\/vigneron.ne.s\/brice-alban-roualec-vigneron\/","og_site_name":"AOC M\u00e9doc & Haut-M\u00e9doc","article_modified_time":"2025-02-14T16:13:46+00:00","og_image":[{"width":1500,"height":1500,"url":"https:\/\/medoc-hautmedoc.fr\/wp-content\/uploads\/portrait-NB-Brice-Alban.jpg","type":"image\/jpeg"}],"twitter_card":"summary_large_image","twitter_misc":{"Est. reading time":"3 minutes"},"schema":{"@context":"https:\/\/schema.org","@graph":[{"@type":"WebPage","@id":"https:\/\/medoc-hautmedoc.fr\/vigneron.ne.s\/brice-alban-roualec-vigneron\/","url":"https:\/\/medoc-hautmedoc.fr\/vigneron.ne.s\/brice-alban-roualec-vigneron\/","name":"Brice-Alban Roualec - AOC M\u00e9doc & Haut-M\u00e9doc","isPartOf":{"@id":"https:\/\/medoc-hautmedoc.fr\/#website"},"primaryImageOfPage":{"@id":"https:\/\/medoc-hautmedoc.fr\/vigneron.ne.s\/brice-alban-roualec-vigneron\/#primaryimage"},"image":{"@id":"https:\/\/medoc-hautmedoc.fr\/vigneron.ne.s\/brice-alban-roualec-vigneron\/#primaryimage"},"thumbnailUrl":"https:\/\/medoc-hautmedoc.fr\/wp-content\/uploads\/portrait-NB-Brice-Alban.jpg","datePublished":"2025-02-14T16:13:45+00:00","dateModified":"2025-02-14T16:13:46+00:00","description":"Originaire de la r\u00e9gion parisienne, Brice Alban Roualec \u00e9crit une nouvelle page de son livre en tant que vigneron dans le M\u00e9doc.","breadcrumb":{"@id":"https:\/\/medoc-hautmedoc.fr\/vigneron.ne.s\/brice-alban-roualec-vigneron\/#breadcrumb"},"inLanguage":"en-US","potentialAction":[{"@type":"ReadAction","target":["https:\/\/medoc-hautmedoc.fr\/vigneron.ne.s\/brice-alban-roualec-vigneron\/"]}]},{"@type":"ImageObject","inLanguage":"en-US","@id":"https:\/\/medoc-hautmedoc.fr\/vigneron.ne.s\/brice-alban-roualec-vigneron\/#primaryimage","url":"https:\/\/medoc-hautmedoc.fr\/wp-content\/uploads\/portrait-NB-Brice-Alban.jpg","contentUrl":"https:\/\/medoc-hautmedoc.fr\/wp-content\/uploads\/portrait-NB-Brice-Alban.jpg","width":1500,"height":1500,"caption":"Portrait de Brice-Alban en noir et blanc"},{"@type":"BreadcrumbList","@id":"https:\/\/medoc-hautmedoc.fr\/vigneron.ne.s\/brice-alban-roualec-vigneron\/#breadcrumb","itemListElement":[{"@type":"ListItem","position":1,"name":"Accueil","item":"https:\/\/medoc-hautmedoc.fr\/en\/"},{"@type":"ListItem","position":2,"name":"Vigneron(ne)s","item":"https:\/\/medoc-hautmedoc.fr\/vigneron.ne.s\/"},{"@type":"ListItem","position":3,"name":"Brice-Alban Roualec"}]},{"@type":"WebSite","@id":"https:\/\/medoc-hautmedoc.fr\/#website","url":"https:\/\/medoc-hautmedoc.fr\/","name":"AOC M\u00e9doc & Haut-M\u00e9doc","description":"","publisher":{"@id":"https:\/\/medoc-hautmedoc.fr\/#organization"},"potentialAction":[{"@type":"SearchAction","target":{"@type":"EntryPoint","urlTemplate":"https:\/\/medoc-hautmedoc.fr\/?s={search_term_string}"},"query-input":{"@type":"PropertyValueSpecification","valueRequired":true,"valueName":"search_term_string"}}],"inLanguage":"en-US"},{"@type":"Organization","@id":"https:\/\/medoc-hautmedoc.fr\/#organization","name":"AOC M\u00e9doc & Haut-M\u00e9doc","url":"https:\/\/medoc-hautmedoc.fr\/","logo":{"@type":"ImageObject","inLanguage":"en-US","@id":"https:\/\/medoc-hautmedoc.fr\/#\/schema\/logo\/image\/","url":"https:\/\/medoc-hautmedoc.fr\/wp-content\/uploads\/logo.svg","contentUrl":"https:\/\/medoc-hautmedoc.fr\/wp-content\/uploads\/logo.svg","width":1,"height":1,"caption":"AOC M\u00e9doc & Haut-M\u00e9doc"},"image":{"@id":"https:\/\/medoc-hautmedoc.fr\/#\/schema\/logo\/image\/"}}]}},"_links":{"self":[{"href":"https:\/\/medoc-hautmedoc.fr\/en\/wp-json\/wp\/v2\/vignerons\/3357","targetHints":{"allow":["GET"]}}],"collection":[{"href":"https:\/\/medoc-hautmedoc.fr\/en\/wp-json\/wp\/v2\/vignerons"}],"about":[{"href":"https:\/\/medoc-hautmedoc.fr\/en\/wp-json\/wp\/v2\/types\/vignerons"}],"version-history":[{"count":8,"href":"https:\/\/medoc-hautmedoc.fr\/en\/wp-json\/wp\/v2\/vignerons\/3357\/revisions"}],"predecessor-version":[{"id":3383,"href":"https:\/\/medoc-hautmedoc.fr\/en\/wp-json\/wp\/v2\/vignerons\/3357\/revisions\/3383"}],"wp:featuredmedia":[{"embeddable":true,"href":"https:\/\/medoc-hautmedoc.fr\/en\/wp-json\/wp\/v2\/media\/3378"}],"wp:attachment":[{"href":"https:\/\/medoc-hautmedoc.fr\/en\/wp-json\/wp\/v2\/media?parent=3357"}],"wp:term":[{"taxonomy":"caracteres","embeddable":true,"href":"https:\/\/medoc-hautmedoc.fr\/en\/wp-json\/wp\/v2\/caracteres?post=3357"}],"curies":[{"name":"wp","href":"https:\/\/api.w.org\/{rel}","templated":true}]}}