{"id":3402,"date":"2025-03-13T08:58:04","date_gmt":"2025-03-13T08:58:04","guid":{"rendered":"https:\/\/medoc-hautmedoc.fr\/?post_type=vignerons&#038;p=3402"},"modified":"2025-03-13T08:58:04","modified_gmt":"2025-03-13T08:58:04","slug":"mathieu-eyheramouno","status":"publish","type":"vignerons","link":"https:\/\/medoc-hautmedoc.fr\/en\/vigneron.ne.s\/mathieu-eyheramouno\/","title":{"rendered":"Mathieu Eyheramouno"},"content":{"rendered":"\n<div class=\"single-vigneron-portrait-container\">\n    <img loading=\"lazy\" decoding=\"async\" width=\"2560\" height=\"1707\" src=\"https:\/\/medoc-hautmedoc.fr\/wp-content\/uploads\/mathieu-ecrase-un-raisin-scaled.jpg\" class=\"single-vigneron-portrait-background\" alt=\"main de Mathieu qui \u00e9crase un grain de raisin\" srcset=\"https:\/\/medoc-hautmedoc.fr\/wp-content\/uploads\/mathieu-ecrase-un-raisin-scaled.jpg 2560w, https:\/\/medoc-hautmedoc.fr\/wp-content\/uploads\/mathieu-ecrase-un-raisin-300x200.jpg 300w, https:\/\/medoc-hautmedoc.fr\/wp-content\/uploads\/mathieu-ecrase-un-raisin-1024x683.jpg 1024w, https:\/\/medoc-hautmedoc.fr\/wp-content\/uploads\/mathieu-ecrase-un-raisin-768x512.jpg 768w, https:\/\/medoc-hautmedoc.fr\/wp-content\/uploads\/mathieu-ecrase-un-raisin-1536x1024.jpg 1536w, https:\/\/medoc-hautmedoc.fr\/wp-content\/uploads\/mathieu-ecrase-un-raisin-2048x1365.jpg 2048w\" sizes=\"auto, (max-width: 2560px) 100vw, 2560px\" \/>    <div class=\"single-vigneron-portrait-title\">\n        <h1>Vigneron(ne)s<\/h1>\n    <\/div>\n    <div class=\"single-vigneron-portrait-wrapper\">\n        <div class=\"is-style-small-arrow-link\">\n            <a class=\"is-style-container-small-left back-selection has-primary-color wp-block-button__link\" href=\"https:\/\/medoc-hautmedoc.fr\/en\/\/vigneron(ne)s\">retour<\/a>\n        <\/div>\n        <h2 class=\"single-vigneron-portrait-name\">\n            Mathieu Eyheramouno        <\/h2>\n        <div class=\"single-vigneron-portrait-text\">\n            <svg fill=\"none\" height=\"109\" viewBox=\"0 0 149 109\" width=\"149\" xmlns=\"http:\/\/www.w3.org\/2000\/svg\"><path d=\"m36.3701 109c-6.2572 0-11.7323-1.172-16.4252-3.516-4.6929-2.605-8.4733-5.9906-11.34123-10.1578-2.60717-4.1673-4.69291-9.1159-6.25722-14.8459-1.564299-5.73-2.34645-11.7205-2.34645-17.9713 0-12.7623 3.25897-24.7432 9.7769-35.9427 6.7787-11.1995 17.2074-20.05494 31.2861-26.5663l3.5197 7.03225c-7.3001 3.38595-13.818 8.33455-19.5538 14.84595-5.4751 6.2509-8.7341 12.8924-9.7769 19.9247-1.5643 5.4695-1.6947 10.8088-.3911 16.0179 5.7358-6.2509 13.4269-9.3764 23.0735-9.3764 8.8644 0 16.1645 2.7348 21.9002 8.2044 5.7358 5.209 8.6037 12.5017 8.6037 21.8781 0 9.1159-2.9982 16.5388-8.9947 22.2691-5.9965 5.469-13.6877 8.204-23.0735 8.204zm80.5619 0c-6.257 0-11.733-1.172-16.425-3.516-4.6933-2.605-8.4738-5.9906-11.3416-10.1578-2.6072-4.1673-4.6929-9.1159-6.2573-14.8459-1.5643-5.73-2.3464-11.7205-2.3464-17.9713 0-12.7623 3.2589-24.7432 9.7769-35.9427 6.7786-11.1995 17.2074-20.05494 31.2864-26.5663l3.519 7.03225c-7.3 3.38595-13.818 8.33455-19.553 14.84595-5.476 6.2509-8.7345 12.8924-9.7773 19.9247-1.5643 5.4695-1.6947 10.8088-.3911 16.0179 5.7354-6.2509 13.4274-9.3764 23.0734-9.3764 8.864 0 16.165 2.7348 21.9 8.2044 5.736 5.209 8.604 12.5017 8.604 21.8781 0 9.1159-2.998 16.5388-8.995 22.2691-5.996 5.469-13.687 8.204-23.073 8.204z\" fill=\"#fff\"\/><\/svg>\n            <p>Ch\u00e2teau Prieur\u00e9 de Beyzac \u00e0 Vertheuil<\/p>\n        <\/div>\n        <div class=\"single-vigneron-portrait-image-wrapper\">\n            <img loading=\"lazy\" decoding=\"async\" width=\"777\" height=\"778\" src=\"https:\/\/medoc-hautmedoc.fr\/wp-content\/uploads\/MATHIEU_PRIEURE_DE_BEYZAC\u00a9ClaudeClin-1010829-scaled-e1741855967565.jpg\" class=\"single-vigneron-portrait-image\" alt=\"Portrait noir et blanc Mathieu\" srcset=\"https:\/\/medoc-hautmedoc.fr\/wp-content\/uploads\/MATHIEU_PRIEURE_DE_BEYZAC\u00a9ClaudeClin-1010829-scaled-e1741855967565.jpg 777w, https:\/\/medoc-hautmedoc.fr\/wp-content\/uploads\/MATHIEU_PRIEURE_DE_BEYZAC\u00a9ClaudeClin-1010829-scaled-e1741855967565-300x300.jpg 300w, https:\/\/medoc-hautmedoc.fr\/wp-content\/uploads\/MATHIEU_PRIEURE_DE_BEYZAC\u00a9ClaudeClin-1010829-scaled-e1741855967565-150x150.jpg 150w, https:\/\/medoc-hautmedoc.fr\/wp-content\/uploads\/MATHIEU_PRIEURE_DE_BEYZAC\u00a9ClaudeClin-1010829-scaled-e1741855967565-768x769.jpg 768w\" sizes=\"auto, (max-width: 777px) 100vw, 777px\" \/>        <\/div>\n    <\/div>\n<\/div>\n\n\n<div class=\"wp-block-group is-style-container-small is-layout-flow wp-block-group-is-layout-flow\">\r\n<div id=\"block_ef103553ecaada8957996ab8d5ae72a0\" class=\"spacer-block \" style=\"height: 10vh;\"><\/div>\n\n\n<p>\u00ab&nbsp;Juste un passionn\u00e9&nbsp;\u00bb, voil\u00e0 comment se d\u00e9crit Mathieu Eyheramouno. Originaire du B\u00e9arn, Mathieu se destinait \u00e0 une carri\u00e8re dans le n\u00e9goce des vins \u00e0 la suite de ses \u00e9tudes au sein d\u2019une \u00e9cole de commerce. Apr\u00e8s plusieurs ann\u00e9es en tant que commercial, il va amorcer un v\u00e9ritable changement de vie.&nbsp;<\/p>\n\n\n\n<p>C\u2019est en 2020 qu\u2019il va d\u00e9couvrir ce milieu au plus pr\u00e8s de la production viticole. Apr\u00e8s un confinement pass\u00e9 au sein de la propri\u00e9t\u00e9 de ses beaux-parents, <a href=\"https:\/\/www.prieuredebeyzac.fr\" target=\"_blank\" rel=\"noreferrer noopener\">le Ch\u00e2teau Prieur\u00e9 de Beyzac \u00e0 Vertheuil<\/a>, l\u2019appel de la vigne ne fait plus aucun doute. En d\u00e9couvrant toute l\u2019envergure du m\u00e9tier de vigneron, Mathieu se d\u00e9cide \u00e0 reprendre le chemin des bancs de l\u2019\u00e9cole d\u2019agronomie pour obtenir une formation compl\u00e8te.&nbsp;<\/p>\n\n\n\n<h2 class=\"wp-block-heading\"><span class=\"w-100\"><mark style=\"background-color:rgba(0, 0, 0, 0)\" class=\"has-inline-color has-primary-color\">Une philosophie de la vigne<\/mark><\/span><\/h2>\n\n\n\n<p>Main dans la main avec ses beaux-parents Eric et Nadine, Mathieu d\u00e9fend une <a href=\"https:\/\/www.prieuredebeyzac.fr\/viticulture-regeneratrice-et-vinification\/\" target=\"_blank\" rel=\"noreferrer noopener\">v\u00e9ritable \u00ab&nbsp;philosophie de la vigne&nbsp;\u00bb<\/a>. La m\u00e9thode de viticulture de ces trois professionnels est bas\u00e9e sur la favorisation de la vie des sols. En gardant un sol enherb\u00e9, ils poussent les racines \u00e0 puiser plus profond\u00e9ment leur \u00e9nergie. Un processus durable qui apporte une <a href=\"https:\/\/www.prieuredebeyzac.fr\/notes-degustation-recompenses-presse\/\" target=\"_blank\" rel=\"noreferrer noopener\">expression unique \u00e0 leurs vins<\/a>, leur conf\u00e9rant des ar\u00f4mes fruit\u00e9s, une acidit\u00e9 et une fra\u00eecheur caract\u00e9ristique.&nbsp;<\/p>\n\n\n\n<p>Une d\u00e9marche qui s\u2019applique \u00e0 toute l\u2019exploitation puisqu\u2019elle s\u2019\u00e9tend sur 13 hectares d\u2019un tenant, garantissant une homog\u00e9n\u00e9it\u00e9 du terroir. Une <a href=\"https:\/\/www.prieuredebeyzac.fr\/actualites-au-vignoble-notes-et-events\/\" target=\"_blank\" rel=\"noreferrer noopener\">extension du chai <\/a>a m\u00eame \u00e9t\u00e9 r\u00e9alis\u00e9e en paille, en terre et autres mat\u00e9riaux bio-sourc\u00e9s dans une totale coh\u00e9rence de ce rapport \u00e0 la nature.&nbsp;<\/p>\n\n\n\n<blockquote class=\"wp-block-quote is-style-default has-text-color is-layout-flow wp-block-quote-is-layout-flow\" style=\"color:#8e577f\">\n<p>&#8220;Sign\u00e9 : viticulteur optimiste&#8221; &#8211; Mathieu Eyheramouno<\/p>\n<\/blockquote>\n\n\n\n<figure class=\"wp-block-gallery has-nested-images columns-2 is-cropped wp-block-gallery-1 is-layout-flex wp-block-gallery-is-layout-flex\">\n<figure class=\"wp-block-image size-full\"><img loading=\"lazy\" decoding=\"async\" width=\"859\" height=\"960\" data-id=\"3411\" src=\"https:\/\/medoc-hautmedoc.fr\/wp-content\/uploads\/Mathieu-WK-Caviste.jpg\" alt=\"\" class=\"wp-image-3411\" srcset=\"https:\/\/medoc-hautmedoc.fr\/wp-content\/uploads\/Mathieu-WK-Caviste.jpg 859w, https:\/\/medoc-hautmedoc.fr\/wp-content\/uploads\/Mathieu-WK-Caviste-268x300.jpg 268w, https:\/\/medoc-hautmedoc.fr\/wp-content\/uploads\/Mathieu-WK-Caviste-768x858.jpg 768w\" sizes=\"auto, (max-width: 859px) 100vw, 859px\" \/><figcaption class=\"wp-element-caption\">Mathieu en d\u00e9gustation au cours d&#8217;une rencontre professionnelle<\/figcaption><\/figure>\n\n\n\n<figure class=\"wp-block-image size-full\"><img loading=\"lazy\" decoding=\"async\" width=\"924\" height=\"922\" data-id=\"3413\" src=\"https:\/\/medoc-hautmedoc.fr\/wp-content\/uploads\/vignoble-vue-den-haut.jpg\" alt=\"\" class=\"wp-image-3413\" srcset=\"https:\/\/medoc-hautmedoc.fr\/wp-content\/uploads\/vignoble-vue-den-haut.jpg 924w, https:\/\/medoc-hautmedoc.fr\/wp-content\/uploads\/vignoble-vue-den-haut-300x300.jpg 300w, https:\/\/medoc-hautmedoc.fr\/wp-content\/uploads\/vignoble-vue-den-haut-150x150.jpg 150w, https:\/\/medoc-hautmedoc.fr\/wp-content\/uploads\/vignoble-vue-den-haut-768x766.jpg 768w\" sizes=\"auto, (max-width: 924px) 100vw, 924px\" \/><figcaption class=\"wp-element-caption\">Vignoble du Ch\u00e2teau Prieur\u00e9 de Beyzac vue du ciel<\/figcaption><\/figure>\n<\/figure>\n\n\n\n<p>\u00c9pisode 5 du M\u00e9doc \u00e0 Table :<\/p>\n\n\n\n<figure class=\"wp-block-embed is-type-video is-provider-youtube wp-block-embed-youtube wp-embed-aspect-16-9 wp-has-aspect-ratio\"><div class=\"wp-block-embed__wrapper\">\n<iframe loading=\"lazy\" title=\"Le M\u00e9doc \u00e0 Table | \u00e9pisode 5\" width=\"640\" height=\"360\" src=\"https:\/\/www.youtube.com\/embed\/FyzCi2GNxMc?feature=oembed\" frameborder=\"0\" allow=\"accelerometer; autoplay; clipboard-write; encrypted-media; gyroscope; picture-in-picture; web-share\" referrerpolicy=\"strict-origin-when-cross-origin\" allowfullscreen><\/iframe>\n<\/div><\/figure>\n\n\n\n<p>Et si vous souhaitez en voir plus sur le coach officiel de la Team du Marathon Explorer :<\/p>\n\n\n\n<figure class=\"wp-block-embed is-type-video is-provider-youtube wp-block-embed-youtube wp-embed-aspect-16-9 wp-has-aspect-ratio\"><div class=\"wp-block-embed__wrapper\">\n<iframe loading=\"lazy\" title=\"MARATHON EXPLORER \u2022 \u00c9PISODE 1\" width=\"640\" height=\"360\" src=\"https:\/\/www.youtube.com\/embed\/6kPHfSR1Wg0?feature=oembed\" frameborder=\"0\" allow=\"accelerometer; autoplay; clipboard-write; encrypted-media; gyroscope; picture-in-picture; web-share\" referrerpolicy=\"strict-origin-when-cross-origin\" allowfullscreen><\/iframe>\n<\/div><\/figure>\n\n\n\r\n<div id=\"block_ef103553ecaada8957996ab8d5ae72a0\" class=\"spacer-block \" style=\"height: 10vh;\"><\/div>\n\n\n<h2 class=\"wp-block-heading\"><span class=\"w-100\">Pour visiter le Ch\u00e2teau Prieur\u00e9 de Beyzac, <a href=\"https:\/\/www.prieuredebeyzac.fr\" target=\"_blank\" rel=\"noreferrer noopener\">c&#8217;est par ici<\/a> !<\/span><\/h2>\n\n\n\n<p>Ch\u00e2teau Prieur\u00e9 de, 1 Beyzac, 33180 Vertheuil<\/p>\n\n\n\n<p>05 56 41 36 22<\/p>\n\n\n\n<p>\u2709\ufe0f chateau@prieuredebeyzac.fr<\/p>\n\n\n\n<p><a href=\"https:\/\/www.prieuredebeyzac.fr\" target=\"_blank\" rel=\"noreferrer noopener\">https:\/\/www.prieuredebeyzac.fr<\/a><\/p>\n\n\n\n<div class=\"wp-block-buttons is-layout-flex wp-block-buttons-is-layout-flex\"><\/div>\n<\/div>\n","protected":false},"excerpt":{"rendered":"<p>\u00ab&nbsp;Juste un passionn\u00e9&nbsp;\u00bb, voil\u00e0 comment se d\u00e9crit Mathieu Eyheramouno. Originaire du B\u00e9arn, Mathieu se destinait \u00e0 une carri\u00e8re dans le n\u00e9goce des vins \u00e0 la suite de ses \u00e9tudes au sein d\u2019une \u00e9cole de commerce. Apr\u00e8s plusieurs ann\u00e9es en tant que commercial, il va amorcer un v\u00e9ritable changement de vie.&nbsp; C\u2019est en 2020 qu\u2019il va [&hellip;]<\/p>\n","protected":false},"featured_media":3427,"menu_order":0,"template":"","meta":{"_acf_changed":false,"footnotes":""},"caracteres":[8,14],"class_list":["post-3402","vignerons","type-vignerons","status-publish","has-post-thumbnail","hentry","caracteres-changement-de-vie","caracteres-tous-les-vignerons"],"acf":[],"yoast_head":"<!-- This site is optimized with the Yoast SEO plugin v27.5 - https:\/\/yoast.com\/product\/yoast-seo-wordpress\/ -->\n<title>Mathieu Eyheramouno - AOC M\u00e9doc &amp; Haut-M\u00e9doc<\/title>\n<meta name=\"description\" content=\"Apr\u00e8s un confinement pass\u00e9 au Ch\u00e2teau Prieur\u00e9 de Beyzac, propri\u00e9t\u00e9 de ses beaux-parents, Mathieu Eyheramouno r\u00e9pond \u00e0 l&#039;appel de la vigne.\" \/>\n<meta name=\"robots\" content=\"index, follow, max-snippet:-1, max-image-preview:large, max-video-preview:-1\" \/>\n<link rel=\"canonical\" href=\"https:\/\/medoc-hautmedoc.fr\/vigneron.ne.s\/mathieu-eyheramouno\/\" \/>\n<meta property=\"og:locale\" content=\"en_US\" \/>\n<meta property=\"og:type\" content=\"article\" \/>\n<meta property=\"og:title\" content=\"Mathieu Eyheramouno - AOC M\u00e9doc &amp; Haut-M\u00e9doc\" \/>\n<meta property=\"og:description\" content=\"Apr\u00e8s un confinement pass\u00e9 au Ch\u00e2teau Prieur\u00e9 de Beyzac, propri\u00e9t\u00e9 de ses beaux-parents, Mathieu Eyheramouno r\u00e9pond \u00e0 l&#039;appel de la vigne.\" \/>\n<meta property=\"og:url\" content=\"https:\/\/medoc-hautmedoc.fr\/vigneron.ne.s\/mathieu-eyheramouno\/\" \/>\n<meta property=\"og:site_name\" content=\"AOC M\u00e9doc &amp; Haut-M\u00e9doc\" \/>\n<meta property=\"og:image\" content=\"https:\/\/medoc-hautmedoc.fr\/wp-content\/uploads\/MATHIEU_PRIEURE_DE_BEYZAC\u00a9ClaudeClin-1010829-scaled-e1741855967565.jpg\" \/>\n\t<meta property=\"og:image:width\" content=\"777\" \/>\n\t<meta property=\"og:image:height\" content=\"778\" \/>\n\t<meta property=\"og:image:type\" content=\"image\/jpeg\" \/>\n<meta name=\"twitter:card\" content=\"summary_large_image\" \/>\n<meta name=\"twitter:label1\" content=\"Est. reading time\" \/>\n\t<meta name=\"twitter:data1\" content=\"3 minutes\" \/>\n<script type=\"application\/ld+json\" class=\"yoast-schema-graph\">{\"@context\":\"https:\\\/\\\/schema.org\",\"@graph\":[{\"@type\":\"WebPage\",\"@id\":\"https:\\\/\\\/medoc-hautmedoc.fr\\\/vigneron.ne.s\\\/mathieu-eyheramouno\\\/\",\"url\":\"https:\\\/\\\/medoc-hautmedoc.fr\\\/vigneron.ne.s\\\/mathieu-eyheramouno\\\/\",\"name\":\"Mathieu Eyheramouno - AOC M\u00e9doc & Haut-M\u00e9doc\",\"isPartOf\":{\"@id\":\"https:\\\/\\\/medoc-hautmedoc.fr\\\/#website\"},\"primaryImageOfPage\":{\"@id\":\"https:\\\/\\\/medoc-hautmedoc.fr\\\/vigneron.ne.s\\\/mathieu-eyheramouno\\\/#primaryimage\"},\"image\":{\"@id\":\"https:\\\/\\\/medoc-hautmedoc.fr\\\/vigneron.ne.s\\\/mathieu-eyheramouno\\\/#primaryimage\"},\"thumbnailUrl\":\"https:\\\/\\\/medoc-hautmedoc.fr\\\/wp-content\\\/uploads\\\/MATHIEU_PRIEURE_DE_BEYZAC\u00a9ClaudeClin-1010829-scaled-e1741855967565.jpg\",\"datePublished\":\"2025-03-13T08:58:04+00:00\",\"description\":\"Apr\u00e8s un confinement pass\u00e9 au Ch\u00e2teau Prieur\u00e9 de Beyzac, propri\u00e9t\u00e9 de ses beaux-parents, Mathieu Eyheramouno r\u00e9pond \u00e0 l'appel de la vigne.\",\"breadcrumb\":{\"@id\":\"https:\\\/\\\/medoc-hautmedoc.fr\\\/vigneron.ne.s\\\/mathieu-eyheramouno\\\/#breadcrumb\"},\"inLanguage\":\"en-US\",\"potentialAction\":[{\"@type\":\"ReadAction\",\"target\":[\"https:\\\/\\\/medoc-hautmedoc.fr\\\/vigneron.ne.s\\\/mathieu-eyheramouno\\\/\"]}]},{\"@type\":\"ImageObject\",\"inLanguage\":\"en-US\",\"@id\":\"https:\\\/\\\/medoc-hautmedoc.fr\\\/vigneron.ne.s\\\/mathieu-eyheramouno\\\/#primaryimage\",\"url\":\"https:\\\/\\\/medoc-hautmedoc.fr\\\/wp-content\\\/uploads\\\/MATHIEU_PRIEURE_DE_BEYZAC\u00a9ClaudeClin-1010829-scaled-e1741855967565.jpg\",\"contentUrl\":\"https:\\\/\\\/medoc-hautmedoc.fr\\\/wp-content\\\/uploads\\\/MATHIEU_PRIEURE_DE_BEYZAC\u00a9ClaudeClin-1010829-scaled-e1741855967565.jpg\",\"width\":777,\"height\":778,\"caption\":\"Pavillon Yuaza\"},{\"@type\":\"BreadcrumbList\",\"@id\":\"https:\\\/\\\/medoc-hautmedoc.fr\\\/vigneron.ne.s\\\/mathieu-eyheramouno\\\/#breadcrumb\",\"itemListElement\":[{\"@type\":\"ListItem\",\"position\":1,\"name\":\"Accueil\",\"item\":\"https:\\\/\\\/medoc-hautmedoc.fr\\\/en\\\/\"},{\"@type\":\"ListItem\",\"position\":2,\"name\":\"Vigneron(ne)s\",\"item\":\"https:\\\/\\\/medoc-hautmedoc.fr\\\/vigneron.ne.s\\\/\"},{\"@type\":\"ListItem\",\"position\":3,\"name\":\"Mathieu Eyheramouno\"}]},{\"@type\":\"WebSite\",\"@id\":\"https:\\\/\\\/medoc-hautmedoc.fr\\\/#website\",\"url\":\"https:\\\/\\\/medoc-hautmedoc.fr\\\/\",\"name\":\"AOC M\u00e9doc & Haut-M\u00e9doc\",\"description\":\"\",\"publisher\":{\"@id\":\"https:\\\/\\\/medoc-hautmedoc.fr\\\/#organization\"},\"potentialAction\":[{\"@type\":\"SearchAction\",\"target\":{\"@type\":\"EntryPoint\",\"urlTemplate\":\"https:\\\/\\\/medoc-hautmedoc.fr\\\/?s={search_term_string}\"},\"query-input\":{\"@type\":\"PropertyValueSpecification\",\"valueRequired\":true,\"valueName\":\"search_term_string\"}}],\"inLanguage\":\"en-US\"},{\"@type\":\"Organization\",\"@id\":\"https:\\\/\\\/medoc-hautmedoc.fr\\\/#organization\",\"name\":\"AOC M\u00e9doc & Haut-M\u00e9doc\",\"url\":\"https:\\\/\\\/medoc-hautmedoc.fr\\\/\",\"logo\":{\"@type\":\"ImageObject\",\"inLanguage\":\"en-US\",\"@id\":\"https:\\\/\\\/medoc-hautmedoc.fr\\\/#\\\/schema\\\/logo\\\/image\\\/\",\"url\":\"https:\\\/\\\/medoc-hautmedoc.fr\\\/wp-content\\\/uploads\\\/logo.svg\",\"contentUrl\":\"https:\\\/\\\/medoc-hautmedoc.fr\\\/wp-content\\\/uploads\\\/logo.svg\",\"width\":1,\"height\":1,\"caption\":\"AOC M\u00e9doc & Haut-M\u00e9doc\"},\"image\":{\"@id\":\"https:\\\/\\\/medoc-hautmedoc.fr\\\/#\\\/schema\\\/logo\\\/image\\\/\"}}]}<\/script>\n<!-- \/ Yoast SEO plugin. -->","yoast_head_json":{"title":"Mathieu Eyheramouno - AOC M\u00e9doc & Haut-M\u00e9doc","description":"Apr\u00e8s un confinement pass\u00e9 au Ch\u00e2teau Prieur\u00e9 de Beyzac, propri\u00e9t\u00e9 de ses beaux-parents, Mathieu Eyheramouno r\u00e9pond \u00e0 l'appel de la vigne.","robots":{"index":"index","follow":"follow","max-snippet":"max-snippet:-1","max-image-preview":"max-image-preview:large","max-video-preview":"max-video-preview:-1"},"canonical":"https:\/\/medoc-hautmedoc.fr\/vigneron.ne.s\/mathieu-eyheramouno\/","og_locale":"en_US","og_type":"article","og_title":"Mathieu Eyheramouno - AOC M\u00e9doc & Haut-M\u00e9doc","og_description":"Apr\u00e8s un confinement pass\u00e9 au Ch\u00e2teau Prieur\u00e9 de Beyzac, propri\u00e9t\u00e9 de ses beaux-parents, Mathieu Eyheramouno r\u00e9pond \u00e0 l'appel de la vigne.","og_url":"https:\/\/medoc-hautmedoc.fr\/vigneron.ne.s\/mathieu-eyheramouno\/","og_site_name":"AOC M\u00e9doc & Haut-M\u00e9doc","og_image":[{"width":777,"height":778,"url":"https:\/\/medoc-hautmedoc.fr\/wp-content\/uploads\/MATHIEU_PRIEURE_DE_BEYZAC\u00a9ClaudeClin-1010829-scaled-e1741855967565.jpg","type":"image\/jpeg"}],"twitter_card":"summary_large_image","twitter_misc":{"Est. reading time":"3 minutes"},"schema":{"@context":"https:\/\/schema.org","@graph":[{"@type":"WebPage","@id":"https:\/\/medoc-hautmedoc.fr\/vigneron.ne.s\/mathieu-eyheramouno\/","url":"https:\/\/medoc-hautmedoc.fr\/vigneron.ne.s\/mathieu-eyheramouno\/","name":"Mathieu Eyheramouno - AOC M\u00e9doc & Haut-M\u00e9doc","isPartOf":{"@id":"https:\/\/medoc-hautmedoc.fr\/#website"},"primaryImageOfPage":{"@id":"https:\/\/medoc-hautmedoc.fr\/vigneron.ne.s\/mathieu-eyheramouno\/#primaryimage"},"image":{"@id":"https:\/\/medoc-hautmedoc.fr\/vigneron.ne.s\/mathieu-eyheramouno\/#primaryimage"},"thumbnailUrl":"https:\/\/medoc-hautmedoc.fr\/wp-content\/uploads\/MATHIEU_PRIEURE_DE_BEYZAC\u00a9ClaudeClin-1010829-scaled-e1741855967565.jpg","datePublished":"2025-03-13T08:58:04+00:00","description":"Apr\u00e8s un confinement pass\u00e9 au Ch\u00e2teau Prieur\u00e9 de Beyzac, propri\u00e9t\u00e9 de ses beaux-parents, Mathieu Eyheramouno r\u00e9pond \u00e0 l'appel de la vigne.","breadcrumb":{"@id":"https:\/\/medoc-hautmedoc.fr\/vigneron.ne.s\/mathieu-eyheramouno\/#breadcrumb"},"inLanguage":"en-US","potentialAction":[{"@type":"ReadAction","target":["https:\/\/medoc-hautmedoc.fr\/vigneron.ne.s\/mathieu-eyheramouno\/"]}]},{"@type":"ImageObject","inLanguage":"en-US","@id":"https:\/\/medoc-hautmedoc.fr\/vigneron.ne.s\/mathieu-eyheramouno\/#primaryimage","url":"https:\/\/medoc-hautmedoc.fr\/wp-content\/uploads\/MATHIEU_PRIEURE_DE_BEYZAC\u00a9ClaudeClin-1010829-scaled-e1741855967565.jpg","contentUrl":"https:\/\/medoc-hautmedoc.fr\/wp-content\/uploads\/MATHIEU_PRIEURE_DE_BEYZAC\u00a9ClaudeClin-1010829-scaled-e1741855967565.jpg","width":777,"height":778,"caption":"Pavillon Yuaza"},{"@type":"BreadcrumbList","@id":"https:\/\/medoc-hautmedoc.fr\/vigneron.ne.s\/mathieu-eyheramouno\/#breadcrumb","itemListElement":[{"@type":"ListItem","position":1,"name":"Accueil","item":"https:\/\/medoc-hautmedoc.fr\/en\/"},{"@type":"ListItem","position":2,"name":"Vigneron(ne)s","item":"https:\/\/medoc-hautmedoc.fr\/vigneron.ne.s\/"},{"@type":"ListItem","position":3,"name":"Mathieu Eyheramouno"}]},{"@type":"WebSite","@id":"https:\/\/medoc-hautmedoc.fr\/#website","url":"https:\/\/medoc-hautmedoc.fr\/","name":"AOC M\u00e9doc & Haut-M\u00e9doc","description":"","publisher":{"@id":"https:\/\/medoc-hautmedoc.fr\/#organization"},"potentialAction":[{"@type":"SearchAction","target":{"@type":"EntryPoint","urlTemplate":"https:\/\/medoc-hautmedoc.fr\/?s={search_term_string}"},"query-input":{"@type":"PropertyValueSpecification","valueRequired":true,"valueName":"search_term_string"}}],"inLanguage":"en-US"},{"@type":"Organization","@id":"https:\/\/medoc-hautmedoc.fr\/#organization","name":"AOC M\u00e9doc & Haut-M\u00e9doc","url":"https:\/\/medoc-hautmedoc.fr\/","logo":{"@type":"ImageObject","inLanguage":"en-US","@id":"https:\/\/medoc-hautmedoc.fr\/#\/schema\/logo\/image\/","url":"https:\/\/medoc-hautmedoc.fr\/wp-content\/uploads\/logo.svg","contentUrl":"https:\/\/medoc-hautmedoc.fr\/wp-content\/uploads\/logo.svg","width":1,"height":1,"caption":"AOC M\u00e9doc & Haut-M\u00e9doc"},"image":{"@id":"https:\/\/medoc-hautmedoc.fr\/#\/schema\/logo\/image\/"}}]}},"_links":{"self":[{"href":"https:\/\/medoc-hautmedoc.fr\/en\/wp-json\/wp\/v2\/vignerons\/3402","targetHints":{"allow":["GET"]}}],"collection":[{"href":"https:\/\/medoc-hautmedoc.fr\/en\/wp-json\/wp\/v2\/vignerons"}],"about":[{"href":"https:\/\/medoc-hautmedoc.fr\/en\/wp-json\/wp\/v2\/types\/vignerons"}],"version-history":[{"count":16,"href":"https:\/\/medoc-hautmedoc.fr\/en\/wp-json\/wp\/v2\/vignerons\/3402\/revisions"}],"predecessor-version":[{"id":3601,"href":"https:\/\/medoc-hautmedoc.fr\/en\/wp-json\/wp\/v2\/vignerons\/3402\/revisions\/3601"}],"wp:featuredmedia":[{"embeddable":true,"href":"https:\/\/medoc-hautmedoc.fr\/en\/wp-json\/wp\/v2\/media\/3427"}],"wp:attachment":[{"href":"https:\/\/medoc-hautmedoc.fr\/en\/wp-json\/wp\/v2\/media?parent=3402"}],"wp:term":[{"taxonomy":"caracteres","embeddable":true,"href":"https:\/\/medoc-hautmedoc.fr\/en\/wp-json\/wp\/v2\/caracteres?post=3402"}],"curies":[{"name":"wp","href":"https:\/\/api.w.org\/{rel}","templated":true}]}}