{"id":3700,"date":"2026-03-05T15:36:10","date_gmt":"2026-03-05T15:36:10","guid":{"rendered":"https:\/\/medoc-hautmedoc.fr\/?post_type=vignerons&#038;p=3700"},"modified":"2026-03-11T08:29:36","modified_gmt":"2026-03-11T08:29:36","slug":"quentin-cecchini","status":"publish","type":"vignerons","link":"https:\/\/medoc-hautmedoc.fr\/en\/vigneron.ne.s\/quentin-cecchini\/","title":{"rendered":"Quentin Cecchini"},"content":{"rendered":"\n<div class=\"single-vigneron-portrait-container\">\n    <img loading=\"lazy\" decoding=\"async\" width=\"2560\" height=\"1704\" src=\"https:\/\/medoc-hautmedoc.fr\/wp-content\/uploads\/CHATEAU_LA_HOURCADE_\u00a9_ClaudeClin-1052755-copie-scaled.jpg\" class=\"single-vigneron-portrait-background\" alt=\"\" srcset=\"https:\/\/medoc-hautmedoc.fr\/wp-content\/uploads\/CHATEAU_LA_HOURCADE_\u00a9_ClaudeClin-1052755-copie-scaled.jpg 2560w, https:\/\/medoc-hautmedoc.fr\/wp-content\/uploads\/CHATEAU_LA_HOURCADE_\u00a9_ClaudeClin-1052755-copie-300x200.jpg 300w, https:\/\/medoc-hautmedoc.fr\/wp-content\/uploads\/CHATEAU_LA_HOURCADE_\u00a9_ClaudeClin-1052755-copie-1024x682.jpg 1024w, https:\/\/medoc-hautmedoc.fr\/wp-content\/uploads\/CHATEAU_LA_HOURCADE_\u00a9_ClaudeClin-1052755-copie-768x511.jpg 768w, https:\/\/medoc-hautmedoc.fr\/wp-content\/uploads\/CHATEAU_LA_HOURCADE_\u00a9_ClaudeClin-1052755-copie-1536x1022.jpg 1536w, https:\/\/medoc-hautmedoc.fr\/wp-content\/uploads\/CHATEAU_LA_HOURCADE_\u00a9_ClaudeClin-1052755-copie-2048x1363.jpg 2048w\" sizes=\"auto, (max-width: 2560px) 100vw, 2560px\" \/>    <div class=\"single-vigneron-portrait-title\">\n        <h1>Vigneron(ne)s<\/h1>\n    <\/div>\n    <div class=\"single-vigneron-portrait-wrapper\">\n        <div class=\"is-style-small-arrow-link\">\n            <a class=\"is-style-container-small-left back-selection has-primary-color wp-block-button__link\" href=\"https:\/\/medoc-hautmedoc.fr\/en\/\/vigneron(ne)s\">retour<\/a>\n        <\/div>\n        <h2 class=\"single-vigneron-portrait-name\">\n            Quentin Cecchini        <\/h2>\n        <div class=\"single-vigneron-portrait-text\">\n            <svg fill=\"none\" height=\"109\" viewBox=\"0 0 149 109\" width=\"149\" xmlns=\"http:\/\/www.w3.org\/2000\/svg\"><path d=\"m36.3701 109c-6.2572 0-11.7323-1.172-16.4252-3.516-4.6929-2.605-8.4733-5.9906-11.34123-10.1578-2.60717-4.1673-4.69291-9.1159-6.25722-14.8459-1.564299-5.73-2.34645-11.7205-2.34645-17.9713 0-12.7623 3.25897-24.7432 9.7769-35.9427 6.7787-11.1995 17.2074-20.05494 31.2861-26.5663l3.5197 7.03225c-7.3001 3.38595-13.818 8.33455-19.5538 14.84595-5.4751 6.2509-8.7341 12.8924-9.7769 19.9247-1.5643 5.4695-1.6947 10.8088-.3911 16.0179 5.7358-6.2509 13.4269-9.3764 23.0735-9.3764 8.8644 0 16.1645 2.7348 21.9002 8.2044 5.7358 5.209 8.6037 12.5017 8.6037 21.8781 0 9.1159-2.9982 16.5388-8.9947 22.2691-5.9965 5.469-13.6877 8.204-23.0735 8.204zm80.5619 0c-6.257 0-11.733-1.172-16.425-3.516-4.6933-2.605-8.4738-5.9906-11.3416-10.1578-2.6072-4.1673-4.6929-9.1159-6.2573-14.8459-1.5643-5.73-2.3464-11.7205-2.3464-17.9713 0-12.7623 3.2589-24.7432 9.7769-35.9427 6.7786-11.1995 17.2074-20.05494 31.2864-26.5663l3.519 7.03225c-7.3 3.38595-13.818 8.33455-19.553 14.84595-5.476 6.2509-8.7345 12.8924-9.7773 19.9247-1.5643 5.4695-1.6947 10.8088-.3911 16.0179 5.7354-6.2509 13.4274-9.3764 23.0734-9.3764 8.864 0 16.165 2.7348 21.9 8.2044 5.736 5.209 8.604 12.5017 8.604 21.8781 0 9.1159-2.998 16.5388-8.995 22.2691-5.996 5.469-13.687 8.204-23.073 8.204z\" fill=\"#fff\"\/><\/svg>\n            <p>Ch\u00e2teau La Hourcade \u00e0 Jau-Dignac-et-Loirac<\/p>\n        <\/div>\n        <div class=\"single-vigneron-portrait-image-wrapper\">\n            <img loading=\"lazy\" decoding=\"async\" width=\"1700\" height=\"1700\" src=\"https:\/\/medoc-hautmedoc.fr\/wp-content\/uploads\/CHATEAU_LA_HOURCADE_NB\u00a9_ClaudeClin-1053180-scaled-e1771496109802.jpg\" class=\"single-vigneron-portrait-image\" alt=\"\" srcset=\"https:\/\/medoc-hautmedoc.fr\/wp-content\/uploads\/CHATEAU_LA_HOURCADE_NB\u00a9_ClaudeClin-1053180-scaled-e1771496109802.jpg 1700w, https:\/\/medoc-hautmedoc.fr\/wp-content\/uploads\/CHATEAU_LA_HOURCADE_NB\u00a9_ClaudeClin-1053180-scaled-e1771496109802-300x300.jpg 300w, https:\/\/medoc-hautmedoc.fr\/wp-content\/uploads\/CHATEAU_LA_HOURCADE_NB\u00a9_ClaudeClin-1053180-scaled-e1771496109802-1024x1024.jpg 1024w, https:\/\/medoc-hautmedoc.fr\/wp-content\/uploads\/CHATEAU_LA_HOURCADE_NB\u00a9_ClaudeClin-1053180-scaled-e1771496109802-150x150.jpg 150w, https:\/\/medoc-hautmedoc.fr\/wp-content\/uploads\/CHATEAU_LA_HOURCADE_NB\u00a9_ClaudeClin-1053180-scaled-e1771496109802-768x768.jpg 768w, https:\/\/medoc-hautmedoc.fr\/wp-content\/uploads\/CHATEAU_LA_HOURCADE_NB\u00a9_ClaudeClin-1053180-scaled-e1771496109802-1536x1536.jpg 1536w\" sizes=\"auto, (max-width: 1700px) 100vw, 1700px\" \/>        <\/div>\n    <\/div>\n<\/div>\n\n\n<p><\/p>\n\n\n\r\n<div id=\"block_e6282f1346307e8abf26411a4149db83\" class=\"spacer-block \" style=\"height: 10vh;\"><\/div>\n\n\n<div class=\"wp-block-group is-style-container-small is-layout-flow wp-block-group-is-layout-flow\">\n<h2 class=\"wp-block-heading has-primary-color has-text-color has-link-color wp-elements-faa37d63e4e99a8d681ff17754ad7a8e\"><span class=\"w-100\"><strong>On n&#8217;\u00e9chappe pas \u00e0 sa destin\u00e9e<\/strong><\/span><\/h2>\n\n\n\n<p>Dans le&nbsp;M\u00e9doc, le <a href=\"https:\/\/app.wineriz.com\/chateau-la-hourcade?648=846\">Ch\u00e2teau La Hourcade<\/a>, ne cherche pas \u00e0 impressionner par son apparat. C\u2019est une propri\u00e9t\u00e9 familiale, simple, entour\u00e9e de vignes, mais aussi de bois et de prairies qui font partie int\u00e9grante du paysage. Un lieu \u00e0 taille humaine, \u00e0 l\u2019image de ceux qui le font vivre aujourd\u2019hui : Quentin Cecchini et sa compagne, Judith Hou\u00e9e.<\/p>\n\n\n\n<p>Quentin n\u2019avait pourtant pas pr\u00e9vu de reprendre le domaine. Apr\u00e8s des \u00e9tudes scientifiques, il envisageait une autre voie, peut-\u00eatre tourn\u00e9e vers l\u2019humanitaire. La vigne faisait partie de son histoire familiale, mais pas forc\u00e9ment de ses plans. C\u2019est sa rencontre avec Judith qui a tout chang\u00e9. Ensemble, ils ont commenc\u00e9 \u00e0 imaginer un projet commun, \u00e0 r\u00e9fl\u00e9chir \u00e0 ce que pourrait devenir La Hourcade s\u2019ils en prenaient la responsabilit\u00e9 \u00e0 deux.<\/p>\n\n\n\n<p>La transmission s\u2019est faite progressivement avec son p\u00e8re, Gino. Pr\u00e9sent sur le domaine depuis des ann\u00e9es, Gino a accompagn\u00e9 la reprise, partag\u00e9 son exp\u00e9rience, laiss\u00e9 de la place aussi. Le passage de relais ne s\u2019est pas fait du jour au lendemain : il s\u2019est construit dans le travail quotidien, les \u00e9changes, parfois les d\u00e9saccords, mais toujours avec l\u2019envie de pr\u00e9server l\u2019outil familial. Gino n&#8217;est jamais tr\u00e8s loin, toujours pr\u00eat \u00e0 donner un coup de main. <\/p>\n\n\n\n<h2 class=\"wp-block-heading has-primary-color has-text-color has-link-color wp-elements-751620e9bce80674ee3a6d28736fa422\"><span class=\"w-100\"><strong>La reprise au ch\u00e2teau<\/strong><\/span><\/h2>\n\n\n\n<p>Aujourd\u2019hui, Quentin et Judith g\u00e8rent une douzaine d\u2019hectares de vignes. Ils ont choisi de pr\u00e9server une grande partie de nature autour des parcelles. Les for\u00eats, les zones humides et les sous-bois sont conserv\u00e9s. Ils prot\u00e8gent les batraciens, les salamandres et tout un \u00e9cosyst\u00e8me discret mais essentiel. Bien s\u00fbr, des prairies ont aussi \u00e9t\u00e9 maintenues pour leurs chevaux. Car oui, \u00e0 la Hourcade, il y a de magnifiques chevaux. On doit leur pr\u00e9sence \u00e0 Gino et \u00e0 sa passion d\u00e9velopp\u00e9e \u00e0 l&#8217;arm\u00e9e, quand il \u0153uvrait au sein de la cavalerie. Ils participent \u00e0 la beaut\u00e9 et \u00e0 la diversit\u00e9 des lieux.<\/p>\n\n\n\n<p>Au ch\u00e2teau, chacun \u00e0 sa place. Quentin est tr\u00e8s pr\u00e9sent dans les vignes et en cave. Judith \u0153uvre notamment lors des vinifications, et sur de nombreux aspects administratifs. Les choix sont pris ensemble, qu\u2019il s\u2019agisse du travail des parcelles ou de l\u2019orientation des vins.<\/p>\n\n\n\n<p>Le domaine est install\u00e9 \u00e0 Jau. Ce village du temps des Romains \u00e9tait situ\u00e9 sur une \u00eele, nomm\u00e9e alors Jovis. L&#8217;ass\u00e8chement des marais, qui fait partie de la grande histoire du M\u00e9doc, a rendu le secteur accessible et fr\u00e9quentable. F\u00e9ru d&#8217;histoire, Quentin a d\u00e9cid\u00e9 de rendre hommage \u00e0 ce pass\u00e9, en cr\u00e9ant une cuv\u00e9e baptis\u00e9e \u00ab Jovis \u00bb et \u00e9lev\u00e9e &#8220;\u00e0 la romaine&#8221;, en amphore.<\/p>\n\n\n\n<p>Le Ch\u00e2teau La Hourcade ne cherche pas \u00e0 grandir par la taille, mais par sa qualit\u00e9 et sa convivialit\u00e9. L\u2019objectif est de produire un vin fid\u00e8le \u00e0 son terroir et de faire vivre le domaine dans la dur\u00e9e. L\u2019exploitation \u00e9volue, la gamme s&#8217;\u00e9largit et de petits changements s&#8217;op\u00e8rent. Par exemple, Quentin est tr\u00e8s heureux d&#8217;avoir install\u00e9 des passerelles de s\u00e9curit\u00e9 au-dessus des cuves, fini de monter \u00e0 l&#8217;\u00e9chelle !<\/p>\n\n\n\n<h2 class=\"wp-block-heading has-primary-color has-text-color has-link-color wp-elements-1d87f8cab8f6acae51895fdc240e1516\"><span class=\"w-100\"><strong>Ch\u00e2teau la fourchette<\/strong><\/span><\/h2>\n\n\n\n<p>Si le M\u00e9doc avait nomm\u00e9 ses lieux-dits en fran\u00e7ais plut\u00f4t qu&#8217;en Gascon, vous pourriez acheter des bouteilles du Ch\u00e2teau la Fourchette. En effet, &#8220;La Hourcade&#8221; signifie &#8220;La fourche&#8221; ou &#8220;La fourchette&#8221;. La raison est tr\u00e8s simple, le ch\u00e2teau tire son nom de son lieu-dit. Ce dernier est nomm\u00e9 ainsi du fait de la route qui le traverse qui se divise en trois voies !<\/p>\n\n\n\n<h2 class=\"wp-block-heading has-primary-color has-text-color has-link-color wp-elements-54aadaab7e59244b472392fdc08be48e\"><span class=\"w-100\"><strong>&#8220;Essaye de trouver un moyen d&#8217;aimer ce que tu fais&#8221;.<\/strong><\/span><\/h2>\n\n\n\n<p>Pour Quentin Cecchini, c\u2019est presque une r\u00e8gle de vie : il faut r\u00e9ussir \u00e0 aimer ce que l\u2019on fait. Sans cette motivation, les journ\u00e9es peuvent vite sembler interminables. Trouver du plaisir dans le travail, m\u00eame dans les t\u00e2ches les plus exigeantes, est pour lui la seule fa\u00e7on de tenir sur la dur\u00e9e. Par exemple, d\u00e9marrer une dure journ\u00e9e \u00e0 la vigne par la parcelle plant\u00e9e par son grand-p\u00e8re, le motive particuli\u00e8rement.<\/p>\n\n\n\n<p>Avec un tel \u00e9tat d&#8217;esprit et une dynamique de couple aussi compl\u00e9mentaire nul doute que ce ch\u00e2teau, ancr\u00e9 dans la partie la plus &#8220;sauvage&#8221; du M\u00e9doc, a de beaux jours devant lui. Pour d\u00e9couvrir un lieu atypique et riche en \u00e9changes et en belles d\u00e9couvertes, la Hourcade est l&#8217;endroit id\u00e9al. Quentin et Judith ont une d\u00e9finition \u00e0 vous partager &#8220;Un coin de paradis entre estuaire et oc\u00e9an, o\u00f9 la vigne cohabite encore avec la Nature&#8221;.<\/p>\n\n\n\r\n<div id=\"block_e6282f1346307e8abf26411a4149db83\" class=\"spacer-block \" style=\"height: 10vh;\"><\/div>\n\n\n<figure class=\"wp-block-gallery has-nested-images columns-2 is-cropped wp-block-gallery-1 is-layout-flex wp-block-gallery-is-layout-flex\">\n<figure class=\"wp-block-image aligncenter size-full\"><img loading=\"lazy\" decoding=\"async\" width=\"1704\" height=\"2560\" data-id=\"3714\" src=\"https:\/\/medoc-hautmedoc.fr\/wp-content\/uploads\/CHATEAU_LA_HOURCADE_\u00a9_ClaudeClin-1053152-copie-scaled.jpg\" alt=\"\" class=\"wp-image-3714\" srcset=\"https:\/\/medoc-hautmedoc.fr\/wp-content\/uploads\/CHATEAU_LA_HOURCADE_\u00a9_ClaudeClin-1053152-copie-scaled.jpg 1704w, https:\/\/medoc-hautmedoc.fr\/wp-content\/uploads\/CHATEAU_LA_HOURCADE_\u00a9_ClaudeClin-1053152-copie-200x300.jpg 200w, https:\/\/medoc-hautmedoc.fr\/wp-content\/uploads\/CHATEAU_LA_HOURCADE_\u00a9_ClaudeClin-1053152-copie-682x1024.jpg 682w, https:\/\/medoc-hautmedoc.fr\/wp-content\/uploads\/CHATEAU_LA_HOURCADE_\u00a9_ClaudeClin-1053152-copie-768x1154.jpg 768w, https:\/\/medoc-hautmedoc.fr\/wp-content\/uploads\/CHATEAU_LA_HOURCADE_\u00a9_ClaudeClin-1053152-copie-1022x1536.jpg 1022w, https:\/\/medoc-hautmedoc.fr\/wp-content\/uploads\/CHATEAU_LA_HOURCADE_\u00a9_ClaudeClin-1053152-copie-1363x2048.jpg 1363w\" sizes=\"auto, (max-width: 1704px) 100vw, 1704px\" \/><figcaption class=\"wp-element-caption\">Portrait de Judith<\/figcaption><\/figure>\n\n\n\n<figure class=\"wp-block-image size-full\"><img loading=\"lazy\" decoding=\"async\" width=\"1704\" height=\"2560\" data-id=\"3710\" src=\"https:\/\/medoc-hautmedoc.fr\/wp-content\/uploads\/CHATEAU_LA_HOURCADE_\u00a9_ClaudeClin-1052969-copie-scaled.jpg\" alt=\"\" class=\"wp-image-3710\" srcset=\"https:\/\/medoc-hautmedoc.fr\/wp-content\/uploads\/CHATEAU_LA_HOURCADE_\u00a9_ClaudeClin-1052969-copie-scaled.jpg 1704w, https:\/\/medoc-hautmedoc.fr\/wp-content\/uploads\/CHATEAU_LA_HOURCADE_\u00a9_ClaudeClin-1052969-copie-200x300.jpg 200w, https:\/\/medoc-hautmedoc.fr\/wp-content\/uploads\/CHATEAU_LA_HOURCADE_\u00a9_ClaudeClin-1052969-copie-682x1024.jpg 682w, https:\/\/medoc-hautmedoc.fr\/wp-content\/uploads\/CHATEAU_LA_HOURCADE_\u00a9_ClaudeClin-1052969-copie-768x1154.jpg 768w, https:\/\/medoc-hautmedoc.fr\/wp-content\/uploads\/CHATEAU_LA_HOURCADE_\u00a9_ClaudeClin-1052969-copie-1022x1536.jpg 1022w, https:\/\/medoc-hautmedoc.fr\/wp-content\/uploads\/CHATEAU_LA_HOURCADE_\u00a9_ClaudeClin-1052969-copie-1363x2048.jpg 1363w\" sizes=\"auto, (max-width: 1704px) 100vw, 1704px\" \/><figcaption class=\"wp-element-caption\">Gino, p\u00e8re de Quentin avec les chevaux du ch\u00e2teau<\/figcaption><\/figure>\n<\/figure>\n\n\n\n<figure class=\"wp-block-image size-large is-resized\"><img loading=\"lazy\" decoding=\"async\" width=\"1024\" height=\"681\" src=\"https:\/\/medoc-hautmedoc.fr\/wp-content\/uploads\/CHATEAU_LA_HOURCADE_\u00a9_ClaudeClin-1053024-copie-1024x681.jpg\" alt=\"\" class=\"wp-image-3712\" style=\"aspect-ratio:1.503675007852581;width:1210px;height:auto\" srcset=\"https:\/\/medoc-hautmedoc.fr\/wp-content\/uploads\/CHATEAU_LA_HOURCADE_\u00a9_ClaudeClin-1053024-copie-1024x681.jpg 1024w, https:\/\/medoc-hautmedoc.fr\/wp-content\/uploads\/CHATEAU_LA_HOURCADE_\u00a9_ClaudeClin-1053024-copie-300x200.jpg 300w, https:\/\/medoc-hautmedoc.fr\/wp-content\/uploads\/CHATEAU_LA_HOURCADE_\u00a9_ClaudeClin-1053024-copie-768x511.jpg 768w, https:\/\/medoc-hautmedoc.fr\/wp-content\/uploads\/CHATEAU_LA_HOURCADE_\u00a9_ClaudeClin-1053024-copie-1536x1022.jpg 1536w, https:\/\/medoc-hautmedoc.fr\/wp-content\/uploads\/CHATEAU_LA_HOURCADE_\u00a9_ClaudeClin-1053024-copie-2048x1363.jpg 2048w\" sizes=\"auto, (max-width: 1024px) 100vw, 1024px\" \/><\/figure>\n\n\n\n<figure class=\"wp-block-image size-full is-resized\"><img loading=\"lazy\" decoding=\"async\" width=\"893\" height=\"562\" src=\"https:\/\/medoc-hautmedoc.fr\/wp-content\/uploads\/Capture-decran-2026-03-03-a-10.24.37.jpg\" alt=\"\" class=\"wp-image-3850\" style=\"width:1210px;height:auto\" srcset=\"https:\/\/medoc-hautmedoc.fr\/wp-content\/uploads\/Capture-decran-2026-03-03-a-10.24.37.jpg 893w, https:\/\/medoc-hautmedoc.fr\/wp-content\/uploads\/Capture-decran-2026-03-03-a-10.24.37-300x189.jpg 300w, https:\/\/medoc-hautmedoc.fr\/wp-content\/uploads\/Capture-decran-2026-03-03-a-10.24.37-768x483.jpg 768w\" sizes=\"auto, (max-width: 893px) 100vw, 893px\" \/><figcaption class=\"wp-element-caption\"><a href=\"https:\/\/youtu.be\/4pWgLE25OOQ?si=NFETSXcj24zedVxH\">Judith a \u00e9galement particip\u00e9 \u00e0 notre Wine Wo(man) Show, allez d\u00e9couvrir son \u00e9pisode ! <\/a><\/figcaption><\/figure>\n\n\n\r\n<div id=\"block_e6282f1346307e8abf26411a4149db83\" class=\"spacer-block \" style=\"height: 10vh;\"><\/div>\n\n\n<h2 class=\"wp-block-heading\"><span class=\"w-100\">Pour visiter le Ch\u00e2teau La Hourcade, <a href=\"https:\/\/app.wineriz.com\/chateau-la-hourcade?648=846\" target=\"_blank\" rel=\"noreferrer noopener\">c&#8217;est par ici<\/a> !<\/span><\/h2>\n\n\n\n<p class=\"has-black-color has-text-color has-link-color wp-elements-c8055d2583738660c266d888c87b6b80\">Ch\u00e2teau La Hourcade, <a href=\"https:\/\/www.google.com\/maps\/place\/\/data=!4m2!3m1!1s0x4801973b247b2f99:0xf20df877b162a80e?sa=X&amp;ved=1t:8290&amp;ictx=111\">7 Chem. de Noaillac, 33590 Jau-Dignac-et-Loirac<\/a><\/p>\n\n\n\n<p><a href=\"https:\/\/www.google.com\/search?q=la+hourcade+chateau&amp;client=safari&amp;hs=h4Kp&amp;sca_esv=2cf3e72a8cc0c0c9&amp;rls=en&amp;sxsrf=ANbL-n7D3YznC8w-_mu5Qm7bTOthTDG3dQ%3A1770909832443&amp;ei=iPCNaZLWGvigkdUPsZPVqQc&amp;biw=1324&amp;bih=779&amp;ved=0ahUKEwiSuvebodSSAxV4UKQEHbFJNXUQ4dUDCBM&amp;uact=5&amp;oq=la+hourcade+chateau&amp;gs_lp=Egxnd3Mtd2l6LXNlcnAiE2xhIGhvdXJjYWRlIGNoYXRlYXUyBhAAGBYYHjIGEAAYFhgeMgYQABgWGB4yBhAAGBYYHjIGEAAYFhgeMgYQABgWGB4yBhAAGBYYHjIGEAAYFhgeMgYQABgWGB4yBhAAGBYYHkjcC1D0AVjpCXABeAGQAQCYAVKgAaIEqgEBOLgBA8gBAPgBAZgCCaACyATCAgoQABhHGNYEGLADwgIFEC4YgATCAgIQJsICCBAAGBYYHhgKwgIUEC4YgAQYlwUY3AQY3gQY4ATYAQGYAwCIBgGQBgi6BgYIARABGBSSBwE5oAeOObIHATi4B8MEwgcFMC4zLjbIBx2ACAE&amp;sclient=gws-wiz-serp#\">06 10 26 41 89<\/a><\/p>\n\n\n\n<p class=\"has-black-color has-text-color has-link-color wp-elements-0e3ed37fa05d860ba7fb4186c360fca2\">\u2709\ufe0f <a href=\"mailto:ch.stgregoire@gmail.com\">chateau.lahourcade@gmail.com<\/a><\/p>\n\n\n\n<p><a href=\"https:\/\/app.wineriz.com\/chateau-la-hourcade?648=846\" target=\"_blank\" rel=\"noreferrer noopener\">https:\/\/app.wineriz.com\/chateau-la-hourcade?648=846<\/a><\/p>\n\n\n\n<div class=\"wp-block-buttons is-layout-flex wp-block-buttons-is-layout-flex\"><\/div>\n<\/div>\n","protected":false},"excerpt":{"rendered":"<p>On n&#8217;\u00e9chappe pas \u00e0 sa destin\u00e9e Dans le&nbsp;M\u00e9doc, le Ch\u00e2teau La Hourcade, ne cherche pas \u00e0 impressionner par son apparat. C\u2019est une propri\u00e9t\u00e9 familiale, simple, entour\u00e9e de vignes, mais aussi de bois et de prairies qui font partie int\u00e9grante du paysage. Un lieu \u00e0 taille humaine, \u00e0 l\u2019image de ceux qui le font vivre aujourd\u2019hui [&hellip;]<\/p>\n","protected":false},"featured_media":3814,"menu_order":0,"template":"","meta":{"_acf_changed":false,"footnotes":""},"caracteres":[10,14],"class_list":["post-3700","vignerons","type-vignerons","status-publish","has-post-thumbnail","hentry","caracteres-lunion-fait-la-force","caracteres-tous-les-vignerons"],"acf":[],"yoast_head":"<!-- This site is optimized with the Yoast SEO plugin v27.5 - https:\/\/yoast.com\/product\/yoast-seo-wordpress\/ -->\n<title>Quentin Cecchini - AOC M\u00e9doc &amp; Haut-M\u00e9doc<\/title>\n<meta name=\"description\" content=\"Aujourd\u2019hui, Quentin et Judith g\u00e8rent ensemble une douzaine d\u2019hectares de vignes apr\u00e8s la transmission de Gino, le p\u00e8re de Quentin.\" \/>\n<meta name=\"robots\" content=\"index, follow, max-snippet:-1, max-image-preview:large, max-video-preview:-1\" \/>\n<link rel=\"canonical\" href=\"https:\/\/medoc-hautmedoc.fr\/vigneron.ne.s\/quentin-cecchini\/\" \/>\n<meta property=\"og:locale\" content=\"en_US\" \/>\n<meta property=\"og:type\" content=\"article\" \/>\n<meta property=\"og:title\" content=\"Quentin Cecchini - AOC M\u00e9doc &amp; Haut-M\u00e9doc\" \/>\n<meta property=\"og:description\" content=\"Aujourd\u2019hui, Quentin et Judith g\u00e8rent ensemble une douzaine d\u2019hectares de vignes apr\u00e8s la transmission de Gino, le p\u00e8re de Quentin.\" \/>\n<meta property=\"og:url\" content=\"https:\/\/medoc-hautmedoc.fr\/vigneron.ne.s\/quentin-cecchini\/\" \/>\n<meta property=\"og:site_name\" content=\"AOC M\u00e9doc &amp; Haut-M\u00e9doc\" \/>\n<meta property=\"article:modified_time\" content=\"2026-03-11T08:29:36+00:00\" \/>\n<meta property=\"og:image\" content=\"https:\/\/medoc-hautmedoc.fr\/wp-content\/uploads\/CHATEAU_LA_HOURCADE_NB\u00a9_ClaudeClin-1053180-scaled-e1771496109802.jpg\" \/>\n\t<meta property=\"og:image:width\" content=\"1700\" \/>\n\t<meta property=\"og:image:height\" content=\"1700\" \/>\n\t<meta property=\"og:image:type\" content=\"image\/jpeg\" \/>\n<meta name=\"twitter:card\" content=\"summary_large_image\" \/>\n<meta name=\"twitter:label1\" content=\"Est. reading time\" \/>\n\t<meta name=\"twitter:data1\" content=\"5 minutes\" \/>\n<script type=\"application\/ld+json\" class=\"yoast-schema-graph\">{\"@context\":\"https:\\\/\\\/schema.org\",\"@graph\":[{\"@type\":\"WebPage\",\"@id\":\"https:\\\/\\\/medoc-hautmedoc.fr\\\/vigneron.ne.s\\\/quentin-cecchini\\\/\",\"url\":\"https:\\\/\\\/medoc-hautmedoc.fr\\\/vigneron.ne.s\\\/quentin-cecchini\\\/\",\"name\":\"Quentin Cecchini - AOC M\u00e9doc & Haut-M\u00e9doc\",\"isPartOf\":{\"@id\":\"https:\\\/\\\/medoc-hautmedoc.fr\\\/#website\"},\"primaryImageOfPage\":{\"@id\":\"https:\\\/\\\/medoc-hautmedoc.fr\\\/vigneron.ne.s\\\/quentin-cecchini\\\/#primaryimage\"},\"image\":{\"@id\":\"https:\\\/\\\/medoc-hautmedoc.fr\\\/vigneron.ne.s\\\/quentin-cecchini\\\/#primaryimage\"},\"thumbnailUrl\":\"https:\\\/\\\/medoc-hautmedoc.fr\\\/wp-content\\\/uploads\\\/CHATEAU_LA_HOURCADE_NB\u00a9_ClaudeClin-1053180-scaled-e1771496109802.jpg\",\"datePublished\":\"2026-03-05T15:36:10+00:00\",\"dateModified\":\"2026-03-11T08:29:36+00:00\",\"description\":\"Aujourd\u2019hui, Quentin et Judith g\u00e8rent ensemble une douzaine d\u2019hectares de vignes apr\u00e8s la transmission de Gino, le p\u00e8re de Quentin.\",\"breadcrumb\":{\"@id\":\"https:\\\/\\\/medoc-hautmedoc.fr\\\/vigneron.ne.s\\\/quentin-cecchini\\\/#breadcrumb\"},\"inLanguage\":\"en-US\",\"potentialAction\":[{\"@type\":\"ReadAction\",\"target\":[\"https:\\\/\\\/medoc-hautmedoc.fr\\\/vigneron.ne.s\\\/quentin-cecchini\\\/\"]}]},{\"@type\":\"ImageObject\",\"inLanguage\":\"en-US\",\"@id\":\"https:\\\/\\\/medoc-hautmedoc.fr\\\/vigneron.ne.s\\\/quentin-cecchini\\\/#primaryimage\",\"url\":\"https:\\\/\\\/medoc-hautmedoc.fr\\\/wp-content\\\/uploads\\\/CHATEAU_LA_HOURCADE_NB\u00a9_ClaudeClin-1053180-scaled-e1771496109802.jpg\",\"contentUrl\":\"https:\\\/\\\/medoc-hautmedoc.fr\\\/wp-content\\\/uploads\\\/CHATEAU_LA_HOURCADE_NB\u00a9_ClaudeClin-1053180-scaled-e1771496109802.jpg\",\"width\":1700,\"height\":1700},{\"@type\":\"BreadcrumbList\",\"@id\":\"https:\\\/\\\/medoc-hautmedoc.fr\\\/vigneron.ne.s\\\/quentin-cecchini\\\/#breadcrumb\",\"itemListElement\":[{\"@type\":\"ListItem\",\"position\":1,\"name\":\"Accueil\",\"item\":\"https:\\\/\\\/medoc-hautmedoc.fr\\\/en\\\/\"},{\"@type\":\"ListItem\",\"position\":2,\"name\":\"Vigneron(ne)s\",\"item\":\"https:\\\/\\\/medoc-hautmedoc.fr\\\/vigneron.ne.s\\\/\"},{\"@type\":\"ListItem\",\"position\":3,\"name\":\"Quentin Cecchini\"}]},{\"@type\":\"WebSite\",\"@id\":\"https:\\\/\\\/medoc-hautmedoc.fr\\\/#website\",\"url\":\"https:\\\/\\\/medoc-hautmedoc.fr\\\/\",\"name\":\"AOC M\u00e9doc & Haut-M\u00e9doc\",\"description\":\"\",\"publisher\":{\"@id\":\"https:\\\/\\\/medoc-hautmedoc.fr\\\/#organization\"},\"potentialAction\":[{\"@type\":\"SearchAction\",\"target\":{\"@type\":\"EntryPoint\",\"urlTemplate\":\"https:\\\/\\\/medoc-hautmedoc.fr\\\/?s={search_term_string}\"},\"query-input\":{\"@type\":\"PropertyValueSpecification\",\"valueRequired\":true,\"valueName\":\"search_term_string\"}}],\"inLanguage\":\"en-US\"},{\"@type\":\"Organization\",\"@id\":\"https:\\\/\\\/medoc-hautmedoc.fr\\\/#organization\",\"name\":\"AOC M\u00e9doc & Haut-M\u00e9doc\",\"url\":\"https:\\\/\\\/medoc-hautmedoc.fr\\\/\",\"logo\":{\"@type\":\"ImageObject\",\"inLanguage\":\"en-US\",\"@id\":\"https:\\\/\\\/medoc-hautmedoc.fr\\\/#\\\/schema\\\/logo\\\/image\\\/\",\"url\":\"https:\\\/\\\/medoc-hautmedoc.fr\\\/wp-content\\\/uploads\\\/logo.svg\",\"contentUrl\":\"https:\\\/\\\/medoc-hautmedoc.fr\\\/wp-content\\\/uploads\\\/logo.svg\",\"width\":1,\"height\":1,\"caption\":\"AOC M\u00e9doc & Haut-M\u00e9doc\"},\"image\":{\"@id\":\"https:\\\/\\\/medoc-hautmedoc.fr\\\/#\\\/schema\\\/logo\\\/image\\\/\"}}]}<\/script>\n<!-- \/ Yoast SEO plugin. -->","yoast_head_json":{"title":"Quentin Cecchini - AOC M\u00e9doc & Haut-M\u00e9doc","description":"Aujourd\u2019hui, Quentin et Judith g\u00e8rent ensemble une douzaine d\u2019hectares de vignes apr\u00e8s la transmission de Gino, le p\u00e8re de Quentin.","robots":{"index":"index","follow":"follow","max-snippet":"max-snippet:-1","max-image-preview":"max-image-preview:large","max-video-preview":"max-video-preview:-1"},"canonical":"https:\/\/medoc-hautmedoc.fr\/vigneron.ne.s\/quentin-cecchini\/","og_locale":"en_US","og_type":"article","og_title":"Quentin Cecchini - AOC M\u00e9doc & Haut-M\u00e9doc","og_description":"Aujourd\u2019hui, Quentin et Judith g\u00e8rent ensemble une douzaine d\u2019hectares de vignes apr\u00e8s la transmission de Gino, le p\u00e8re de Quentin.","og_url":"https:\/\/medoc-hautmedoc.fr\/vigneron.ne.s\/quentin-cecchini\/","og_site_name":"AOC M\u00e9doc & Haut-M\u00e9doc","article_modified_time":"2026-03-11T08:29:36+00:00","og_image":[{"width":1700,"height":1700,"url":"https:\/\/medoc-hautmedoc.fr\/wp-content\/uploads\/CHATEAU_LA_HOURCADE_NB\u00a9_ClaudeClin-1053180-scaled-e1771496109802.jpg","type":"image\/jpeg"}],"twitter_card":"summary_large_image","twitter_misc":{"Est. reading time":"5 minutes"},"schema":{"@context":"https:\/\/schema.org","@graph":[{"@type":"WebPage","@id":"https:\/\/medoc-hautmedoc.fr\/vigneron.ne.s\/quentin-cecchini\/","url":"https:\/\/medoc-hautmedoc.fr\/vigneron.ne.s\/quentin-cecchini\/","name":"Quentin Cecchini - AOC M\u00e9doc & Haut-M\u00e9doc","isPartOf":{"@id":"https:\/\/medoc-hautmedoc.fr\/#website"},"primaryImageOfPage":{"@id":"https:\/\/medoc-hautmedoc.fr\/vigneron.ne.s\/quentin-cecchini\/#primaryimage"},"image":{"@id":"https:\/\/medoc-hautmedoc.fr\/vigneron.ne.s\/quentin-cecchini\/#primaryimage"},"thumbnailUrl":"https:\/\/medoc-hautmedoc.fr\/wp-content\/uploads\/CHATEAU_LA_HOURCADE_NB\u00a9_ClaudeClin-1053180-scaled-e1771496109802.jpg","datePublished":"2026-03-05T15:36:10+00:00","dateModified":"2026-03-11T08:29:36+00:00","description":"Aujourd\u2019hui, Quentin et Judith g\u00e8rent ensemble une douzaine d\u2019hectares de vignes apr\u00e8s la transmission de Gino, le p\u00e8re de Quentin.","breadcrumb":{"@id":"https:\/\/medoc-hautmedoc.fr\/vigneron.ne.s\/quentin-cecchini\/#breadcrumb"},"inLanguage":"en-US","potentialAction":[{"@type":"ReadAction","target":["https:\/\/medoc-hautmedoc.fr\/vigneron.ne.s\/quentin-cecchini\/"]}]},{"@type":"ImageObject","inLanguage":"en-US","@id":"https:\/\/medoc-hautmedoc.fr\/vigneron.ne.s\/quentin-cecchini\/#primaryimage","url":"https:\/\/medoc-hautmedoc.fr\/wp-content\/uploads\/CHATEAU_LA_HOURCADE_NB\u00a9_ClaudeClin-1053180-scaled-e1771496109802.jpg","contentUrl":"https:\/\/medoc-hautmedoc.fr\/wp-content\/uploads\/CHATEAU_LA_HOURCADE_NB\u00a9_ClaudeClin-1053180-scaled-e1771496109802.jpg","width":1700,"height":1700},{"@type":"BreadcrumbList","@id":"https:\/\/medoc-hautmedoc.fr\/vigneron.ne.s\/quentin-cecchini\/#breadcrumb","itemListElement":[{"@type":"ListItem","position":1,"name":"Accueil","item":"https:\/\/medoc-hautmedoc.fr\/en\/"},{"@type":"ListItem","position":2,"name":"Vigneron(ne)s","item":"https:\/\/medoc-hautmedoc.fr\/vigneron.ne.s\/"},{"@type":"ListItem","position":3,"name":"Quentin Cecchini"}]},{"@type":"WebSite","@id":"https:\/\/medoc-hautmedoc.fr\/#website","url":"https:\/\/medoc-hautmedoc.fr\/","name":"AOC M\u00e9doc & Haut-M\u00e9doc","description":"","publisher":{"@id":"https:\/\/medoc-hautmedoc.fr\/#organization"},"potentialAction":[{"@type":"SearchAction","target":{"@type":"EntryPoint","urlTemplate":"https:\/\/medoc-hautmedoc.fr\/?s={search_term_string}"},"query-input":{"@type":"PropertyValueSpecification","valueRequired":true,"valueName":"search_term_string"}}],"inLanguage":"en-US"},{"@type":"Organization","@id":"https:\/\/medoc-hautmedoc.fr\/#organization","name":"AOC M\u00e9doc & Haut-M\u00e9doc","url":"https:\/\/medoc-hautmedoc.fr\/","logo":{"@type":"ImageObject","inLanguage":"en-US","@id":"https:\/\/medoc-hautmedoc.fr\/#\/schema\/logo\/image\/","url":"https:\/\/medoc-hautmedoc.fr\/wp-content\/uploads\/logo.svg","contentUrl":"https:\/\/medoc-hautmedoc.fr\/wp-content\/uploads\/logo.svg","width":1,"height":1,"caption":"AOC M\u00e9doc & Haut-M\u00e9doc"},"image":{"@id":"https:\/\/medoc-hautmedoc.fr\/#\/schema\/logo\/image\/"}}]}},"_links":{"self":[{"href":"https:\/\/medoc-hautmedoc.fr\/en\/wp-json\/wp\/v2\/vignerons\/3700","targetHints":{"allow":["GET"]}}],"collection":[{"href":"https:\/\/medoc-hautmedoc.fr\/en\/wp-json\/wp\/v2\/vignerons"}],"about":[{"href":"https:\/\/medoc-hautmedoc.fr\/en\/wp-json\/wp\/v2\/types\/vignerons"}],"version-history":[{"count":26,"href":"https:\/\/medoc-hautmedoc.fr\/en\/wp-json\/wp\/v2\/vignerons\/3700\/revisions"}],"predecessor-version":[{"id":3871,"href":"https:\/\/medoc-hautmedoc.fr\/en\/wp-json\/wp\/v2\/vignerons\/3700\/revisions\/3871"}],"wp:featuredmedia":[{"embeddable":true,"href":"https:\/\/medoc-hautmedoc.fr\/en\/wp-json\/wp\/v2\/media\/3814"}],"wp:attachment":[{"href":"https:\/\/medoc-hautmedoc.fr\/en\/wp-json\/wp\/v2\/media?parent=3700"}],"wp:term":[{"taxonomy":"caracteres","embeddable":true,"href":"https:\/\/medoc-hautmedoc.fr\/en\/wp-json\/wp\/v2\/caracteres?post=3700"}],"curies":[{"name":"wp","href":"https:\/\/api.w.org\/{rel}","templated":true}]}}