{"id":3858,"date":"2026-04-07T08:38:06","date_gmt":"2026-04-07T08:38:06","guid":{"rendered":"https:\/\/medoc-hautmedoc.fr\/?post_type=vignerons&#038;p=3858"},"modified":"2026-04-07T09:02:25","modified_gmt":"2026-04-07T09:02:25","slug":"marie-malepeyre","status":"publish","type":"vignerons","link":"https:\/\/medoc-hautmedoc.fr\/en\/vigneron.ne.s\/marie-malepeyre\/","title":{"rendered":"Marie Malepeyre"},"content":{"rendered":"\n<div class=\"single-vigneron-portrait-container\">\n    <img loading=\"lazy\" decoding=\"async\" width=\"2560\" height=\"1707\" src=\"https:\/\/medoc-hautmedoc.fr\/wp-content\/uploads\/ChEteau-Castera-Photo-1-copie-1-scaled.jpg\" class=\"single-vigneron-portrait-background\" alt=\"\" srcset=\"https:\/\/medoc-hautmedoc.fr\/wp-content\/uploads\/ChEteau-Castera-Photo-1-copie-1-scaled.jpg 2560w, https:\/\/medoc-hautmedoc.fr\/wp-content\/uploads\/ChEteau-Castera-Photo-1-copie-1-300x200.jpg 300w, https:\/\/medoc-hautmedoc.fr\/wp-content\/uploads\/ChEteau-Castera-Photo-1-copie-1-1024x683.jpg 1024w, https:\/\/medoc-hautmedoc.fr\/wp-content\/uploads\/ChEteau-Castera-Photo-1-copie-1-768x512.jpg 768w, https:\/\/medoc-hautmedoc.fr\/wp-content\/uploads\/ChEteau-Castera-Photo-1-copie-1-1536x1024.jpg 1536w, https:\/\/medoc-hautmedoc.fr\/wp-content\/uploads\/ChEteau-Castera-Photo-1-copie-1-2048x1365.jpg 2048w\" sizes=\"auto, (max-width: 2560px) 100vw, 2560px\" \/>    <div class=\"single-vigneron-portrait-title\">\n        <h1>Vigneron(ne)s<\/h1>\n    <\/div>\n    <div class=\"single-vigneron-portrait-wrapper\">\n        <div class=\"is-style-small-arrow-link\">\n            <a class=\"is-style-container-small-left back-selection has-primary-color wp-block-button__link\" href=\"https:\/\/medoc-hautmedoc.fr\/en\/\/vigneron(ne)s\">retour<\/a>\n        <\/div>\n        <h2 class=\"single-vigneron-portrait-name\">\n            Marie Malepeyre        <\/h2>\n        <div class=\"single-vigneron-portrait-text\">\n            <svg fill=\"none\" height=\"109\" viewBox=\"0 0 149 109\" width=\"149\" xmlns=\"http:\/\/www.w3.org\/2000\/svg\"><path d=\"m36.3701 109c-6.2572 0-11.7323-1.172-16.4252-3.516-4.6929-2.605-8.4733-5.9906-11.34123-10.1578-2.60717-4.1673-4.69291-9.1159-6.25722-14.8459-1.564299-5.73-2.34645-11.7205-2.34645-17.9713 0-12.7623 3.25897-24.7432 9.7769-35.9427 6.7787-11.1995 17.2074-20.05494 31.2861-26.5663l3.5197 7.03225c-7.3001 3.38595-13.818 8.33455-19.5538 14.84595-5.4751 6.2509-8.7341 12.8924-9.7769 19.9247-1.5643 5.4695-1.6947 10.8088-.3911 16.0179 5.7358-6.2509 13.4269-9.3764 23.0735-9.3764 8.8644 0 16.1645 2.7348 21.9002 8.2044 5.7358 5.209 8.6037 12.5017 8.6037 21.8781 0 9.1159-2.9982 16.5388-8.9947 22.2691-5.9965 5.469-13.6877 8.204-23.0735 8.204zm80.5619 0c-6.257 0-11.733-1.172-16.425-3.516-4.6933-2.605-8.4738-5.9906-11.3416-10.1578-2.6072-4.1673-4.6929-9.1159-6.2573-14.8459-1.5643-5.73-2.3464-11.7205-2.3464-17.9713 0-12.7623 3.2589-24.7432 9.7769-35.9427 6.7786-11.1995 17.2074-20.05494 31.2864-26.5663l3.519 7.03225c-7.3 3.38595-13.818 8.33455-19.553 14.84595-5.476 6.2509-8.7345 12.8924-9.7773 19.9247-1.5643 5.4695-1.6947 10.8088-.3911 16.0179 5.7354-6.2509 13.4274-9.3764 23.0734-9.3764 8.864 0 16.165 2.7348 21.9 8.2044 5.736 5.209 8.604 12.5017 8.604 21.8781 0 9.1159-2.998 16.5388-8.995 22.2691-5.996 5.469-13.687 8.204-23.073 8.204z\" fill=\"#fff\"\/><\/svg>\n            <p>Ch\u00e2teau Castera \u00e0 Saint-Germain-d&#8217;Esteuil<\/p>\n        <\/div>\n        <div class=\"single-vigneron-portrait-image-wrapper\">\n            <img loading=\"lazy\" decoding=\"async\" width=\"1000\" height=\"1000\" src=\"https:\/\/medoc-hautmedoc.fr\/wp-content\/uploads\/portrait-marie.jpg\" class=\"single-vigneron-portrait-image\" alt=\"\" srcset=\"https:\/\/medoc-hautmedoc.fr\/wp-content\/uploads\/portrait-marie.jpg 1000w, https:\/\/medoc-hautmedoc.fr\/wp-content\/uploads\/portrait-marie-300x300.jpg 300w, https:\/\/medoc-hautmedoc.fr\/wp-content\/uploads\/portrait-marie-150x150.jpg 150w, https:\/\/medoc-hautmedoc.fr\/wp-content\/uploads\/portrait-marie-768x768.jpg 768w\" sizes=\"auto, (max-width: 1000px) 100vw, 1000px\" \/>        <\/div>\n    <\/div>\n<\/div>\n\n\r\n<div id=\"block_3a117cdec3bb6d57248d1f7c135fe5d3\" class=\"spacer-block \" style=\"height: 10vh;\"><\/div>\n\n\n<div class=\"wp-block-group is-style-container-small is-layout-flow wp-block-group-is-layout-flow\">\n<h2 class=\"wp-block-heading has-primary-color has-text-color has-link-color wp-elements-70d86e77dccd2f54657d24104c0fa1f6\"><span class=\"w-100\"><strong><strong>La vision \u00e0 360\u00b0 de Marie <\/strong><\/strong><\/span><\/h2>\n\n\n\n<p>Dans le&nbsp;M\u00e9doc, Marie Malepeyre fait partie de cette nouvelle g\u00e9n\u00e9ration de vigneronnes qui avancent avec des id\u00e9es claires et les pieds bien ancr\u00e9s dans le terrain. Son parcours ne s\u2019est pas construit par hasard : depuis toute petite, le vin fait partie de son univers. Tr\u00e8s t\u00f4t, elle sait qu\u2019elle veut en faire son m\u00e9tier, mais avec une pr\u00e9f\u00e9rence marqu\u00e9e pour la production, le concret, le travail entre la vigne et le chai.<\/p>\n\n\n\n<p>Elle s\u2019oriente donc naturellement vers des \u00e9tudes sp\u00e9cialis\u00e9es dans le vin, avec l\u2019envie de comprendre l\u2019ensemble du processus. Une \u00e9tape importante de son parcours se d\u00e9roule en Corr\u00e8ze. Plus pr\u00e9cis\u00e9ment \u00e0 la Maison des vins aux c\u00f4t\u00e9s de&nbsp;Pascal, un caviste passionn\u00e9 qui lui transmettra son amour du vin. Elle arrive en 2021 au <a href=\"https:\/\/www.chateau-castera.com\">Ch\u00e2teau Castera<\/a> forte d&#8217;exp\u00e9riences \u00e0 l&#8217;\u00e9tranger et arm\u00e9e d&#8217;un dipl\u00f4me national d&#8217;oenologue.<\/p>\n\n\n\n<p>Aujourd\u2019hui directrice technique, elle occupe un r\u00f4le central au ch\u00e2teau. Ses journ\u00e9es ne se ressemblent pas vraiment, mais suivent un m\u00eame fil : \u00eatre pr\u00e9sente partout o\u00f9 il le faut. Le matin peut commencer dans les vignes, \u00e0 observer, anticiper, prendre des d\u00e9cisions. Puis la journ\u00e9e se poursuit en cave, entre d\u00e9gustations et suivi des vinifications ou des \u00e9levages. S\u2019ajoutent \u00e0 cela les \u00e9changes avec l&#8217;\u00e9quipe commerciale et de communication. Une vision \u00e0 360\u00b0 qui lui procure beaucoup de plaisir dans son travail et qui permet \u00e0 l&#8217;exploitation d&#8217;\u00eatre r\u00e9active et efficace.<\/p>\n\n\n\n<h2 class=\"wp-block-heading has-text-align-left has-primary-color has-text-color has-link-color wp-elements-b9a1cec29ea9602cf58d32bb0142ef07\"><span class=\"w-100\"><strong>Du sol aux bourgeons<\/strong><\/span><\/h2>\n\n\n\n<p>D\u00e8s son arriv\u00e9e Marie a lanc\u00e9 un grand projet d&#8217;\u00e9tude des sols du vignoble. Une \u00e9tude de la biodiversit\u00e9, des fleurs notamment, qui sur le long terme permet de savoir &#8220;lire&#8221; les sols. Elle conna\u00eet ainsi ses possibles d\u00e9s\u00e9quilibres et fait en sorte de lui prodiguer les apports naturels n\u00e9cessaires. Un bel exemple d&#8221;agro\u00e9cologie.<\/p>\n\n\n\n<h2 class=\"wp-block-heading has-text-align-left has-primary-color has-text-color has-link-color wp-elements-f03861637cabd419886cad7e0c78a46a\"><span class=\"w-100\"><strong>Entre histoire et terroir<\/strong><\/span><\/h2>\n\n\n\n<p>L&#8217;histoire du ch\u00e2teau et du M\u00e9doc impr\u00e8gne Castera. Les propri\u00e9taires, la famille Press, qui ont repris la propri\u00e9t\u00e9 en 1986, ont men\u00e9 des recherches dans les archives. Ils y ont notamment retrouv\u00e9 une trace mentionnant la vente d\u2019un vin blanc du Ch\u00e2teau Castera pour le mariage d\u2019Anthoinette de Montaigne. C\u2019est de cette r\u00e9f\u00e9rence historique que provient le nom de leur cuv\u00e9e en M\u00e9doc blanc.<\/p>\n\n\n\n<p>En 2026, l&#8217;oenotourisme est un peu en berne sur l&#8217;exploitation, m\u00eame si des d\u00e9gustations restent possibles, mais pour de tr\u00e8s bonnes raisons. En effet, des travaux sont \u00e0 l&#8217;oeuvre pour offrir prochainement une exp\u00e9rience unique nomm\u00e9e &#8220;Lire entre les vignes&#8221;. La biodiversit\u00e9, dont la pr\u00e9servation a toujours \u00e9t\u00e9 une pr\u00e9occupation, y sera mise \u00e0 l&#8217;honneur.<\/p>\n\n\n\r\n<div id=\"block_3a117cdec3bb6d57248d1f7c135fe5d3\" class=\"spacer-block \" style=\"height: 10vh;\"><\/div><\/div>\n\n\n\n<div class=\"wp-block-group is-style-container-small is-layout-constrained wp-block-group-is-layout-constrained\">\n<figure class=\"wp-block-gallery has-nested-images columns-default is-cropped wp-block-gallery-1 is-layout-flex wp-block-gallery-is-layout-flex\">\n<figure class=\"wp-block-image size-large\"><img loading=\"lazy\" decoding=\"async\" width=\"1024\" height=\"677\" data-id=\"3900\" src=\"https:\/\/medoc-hautmedoc.fr\/wp-content\/uploads\/ChEteau-Castera-photo-10-copie-1024x677.jpg\" alt=\"\" class=\"wp-image-3900\" srcset=\"https:\/\/medoc-hautmedoc.fr\/wp-content\/uploads\/ChEteau-Castera-photo-10-copie-1024x677.jpg 1024w, https:\/\/medoc-hautmedoc.fr\/wp-content\/uploads\/ChEteau-Castera-photo-10-copie-300x198.jpg 300w, https:\/\/medoc-hautmedoc.fr\/wp-content\/uploads\/ChEteau-Castera-photo-10-copie-768x508.jpg 768w, https:\/\/medoc-hautmedoc.fr\/wp-content\/uploads\/ChEteau-Castera-photo-10-copie-1536x1015.jpg 1536w, https:\/\/medoc-hautmedoc.fr\/wp-content\/uploads\/ChEteau-Castera-photo-10-copie-2048x1354.jpg 2048w\" sizes=\"auto, (max-width: 1024px) 100vw, 1024px\" \/><figcaption class=\"wp-element-caption\">Ext\u00e9rieur du Ch\u00e2teau Castera<\/figcaption><\/figure>\n\n\n\n<figure class=\"wp-block-image size-large\"><img loading=\"lazy\" decoding=\"async\" width=\"1024\" height=\"692\" data-id=\"3891\" src=\"https:\/\/medoc-hautmedoc.fr\/wp-content\/uploads\/ChEteau-Castera-photo-6-copie-1-1024x692.jpg\" alt=\"\" class=\"wp-image-3891\" srcset=\"https:\/\/medoc-hautmedoc.fr\/wp-content\/uploads\/ChEteau-Castera-photo-6-copie-1-1024x692.jpg 1024w, https:\/\/medoc-hautmedoc.fr\/wp-content\/uploads\/ChEteau-Castera-photo-6-copie-1-300x203.jpg 300w, https:\/\/medoc-hautmedoc.fr\/wp-content\/uploads\/ChEteau-Castera-photo-6-copie-1-768x519.jpg 768w, https:\/\/medoc-hautmedoc.fr\/wp-content\/uploads\/ChEteau-Castera-photo-6-copie-1-1536x1039.jpg 1536w, https:\/\/medoc-hautmedoc.fr\/wp-content\/uploads\/ChEteau-Castera-photo-6-copie-1-2048x1385.jpg 2048w\" sizes=\"auto, (max-width: 1024px) 100vw, 1024px\" \/><figcaption class=\"wp-element-caption\">Le chai du ch\u00e2teau<\/figcaption><\/figure>\n<\/figure>\n\n\n\n<figure class=\"wp-block-gallery has-nested-images columns-default is-cropped wp-block-gallery-2 is-layout-flex wp-block-gallery-is-layout-flex\">\n<figure class=\"wp-block-image size-large\"><img loading=\"lazy\" decoding=\"async\" width=\"1024\" height=\"683\" data-id=\"3895\" src=\"https:\/\/medoc-hautmedoc.fr\/wp-content\/uploads\/ChEteau-Castera-photo-9-copie-1024x683.jpg\" alt=\"\" class=\"wp-image-3895\" srcset=\"https:\/\/medoc-hautmedoc.fr\/wp-content\/uploads\/ChEteau-Castera-photo-9-copie-1024x683.jpg 1024w, https:\/\/medoc-hautmedoc.fr\/wp-content\/uploads\/ChEteau-Castera-photo-9-copie-300x200.jpg 300w, https:\/\/medoc-hautmedoc.fr\/wp-content\/uploads\/ChEteau-Castera-photo-9-copie-768x512.jpg 768w, https:\/\/medoc-hautmedoc.fr\/wp-content\/uploads\/ChEteau-Castera-photo-9-copie-1536x1024.jpg 1536w, https:\/\/medoc-hautmedoc.fr\/wp-content\/uploads\/ChEteau-Castera-photo-9-copie-2048x1365.jpg 2048w\" sizes=\"auto, (max-width: 1024px) 100vw, 1024px\" \/><figcaption class=\"wp-element-caption\">Ch\u00e2teau vue du ciel<\/figcaption><\/figure>\n<\/figure>\n\n\n\r\n<div id=\"block_3a117cdec3bb6d57248d1f7c135fe5d3\" class=\"spacer-block \" style=\"height: 10vh;\"><\/div>\n\n\n<p><a href=\"https:\/\/youtu.be\/CUKudJWvbu0?si=zJLfEHhzisanPWrS\">Vous pouvez \u00e9galement d\u00e9couvrir le Ch\u00e2teau Castera gr\u00e2ce a l&#8217;\u00e9pisode 3 du M\u00e9doc \u00e0 table ! <\/a><\/p>\n\n\n\n<figure class=\"wp-block-embed is-type-video is-provider-youtube wp-block-embed-youtube wp-embed-aspect-16-9 wp-has-aspect-ratio\"><div class=\"wp-block-embed__wrapper\">\n<iframe loading=\"lazy\" title=\"Le M\u00e9doc \u00e0 Table | \u00e9pisode 3\" width=\"640\" height=\"360\" src=\"https:\/\/www.youtube.com\/embed\/CUKudJWvbu0?feature=oembed\" frameborder=\"0\" allow=\"accelerometer; autoplay; clipboard-write; encrypted-media; gyroscope; picture-in-picture; web-share\" referrerpolicy=\"strict-origin-when-cross-origin\" allowfullscreen><\/iframe>\n<\/div><\/figure>\n\n\n\r\n<div id=\"block_3a117cdec3bb6d57248d1f7c135fe5d3\" class=\"spacer-block \" style=\"height: 10vh;\"><\/div>\n\n\n<p>Et on vous invite \u00e0 nous visiter sur Instagram pour en savoir encore plus sur eux !<\/p>\n\n\n\n<figure class=\"wp-block-gallery has-nested-images columns-default is-cropped wp-block-gallery-3 is-layout-flex wp-block-gallery-is-layout-flex\">\n<figure class=\"wp-block-image size-large\"><img loading=\"lazy\" decoding=\"async\" width=\"573\" height=\"1024\" data-id=\"3910\" src=\"https:\/\/medoc-hautmedoc.fr\/wp-content\/uploads\/Capture-decran-2026-04-07-a-10.31.37-573x1024.jpg\" alt=\"\" class=\"wp-image-3910\" srcset=\"https:\/\/medoc-hautmedoc.fr\/wp-content\/uploads\/Capture-decran-2026-04-07-a-10.31.37-573x1024.jpg 573w, https:\/\/medoc-hautmedoc.fr\/wp-content\/uploads\/Capture-decran-2026-04-07-a-10.31.37-168x300.jpg 168w, https:\/\/medoc-hautmedoc.fr\/wp-content\/uploads\/Capture-decran-2026-04-07-a-10.31.37-768x1373.jpg 768w, https:\/\/medoc-hautmedoc.fr\/wp-content\/uploads\/Capture-decran-2026-04-07-a-10.31.37.jpg 822w\" sizes=\"auto, (max-width: 573px) 100vw, 573px\" \/><figcaption class=\"wp-element-caption\">Vous avez envie de jouer un Escape Game ? \u00e7a tombe bien puisque ils en ont un !<\/figcaption><\/figure>\n\n\n\n<figure class=\"wp-block-image size-large\"><img loading=\"lazy\" decoding=\"async\" width=\"1022\" height=\"1024\" data-id=\"3911\" src=\"https:\/\/medoc-hautmedoc.fr\/wp-content\/uploads\/Capture-decran-2026-04-07-a-10.31.43-1022x1024.jpg\" alt=\"\" class=\"wp-image-3911\" srcset=\"https:\/\/medoc-hautmedoc.fr\/wp-content\/uploads\/Capture-decran-2026-04-07-a-10.31.43-1022x1024.jpg 1022w, https:\/\/medoc-hautmedoc.fr\/wp-content\/uploads\/Capture-decran-2026-04-07-a-10.31.43-300x300.jpg 300w, https:\/\/medoc-hautmedoc.fr\/wp-content\/uploads\/Capture-decran-2026-04-07-a-10.31.43-150x150.jpg 150w, https:\/\/medoc-hautmedoc.fr\/wp-content\/uploads\/Capture-decran-2026-04-07-a-10.31.43-768x769.jpg 768w, https:\/\/medoc-hautmedoc.fr\/wp-content\/uploads\/Capture-decran-2026-04-07-a-10.31.43.jpg 1125w\" sizes=\"auto, (max-width: 1022px) 100vw, 1022px\" \/><figcaption class=\"wp-element-caption\"><a href=\"https:\/\/www.instagram.com\/p\/CPsUMBTHXnq\/?utm_source=ig_web_copy_link&amp;igsh=MzRlODBiNWFlZA==\">Cliquez ici pour en apprendre davantage sur le d\u00e9cavaillonnage<\/a><\/figcaption><\/figure>\n<\/figure>\n\n\n\n<div class=\"wp-block-group is-style-container-small is-layout-flow wp-block-group-is-layout-flow\">\r\n<div id=\"block_3a117cdec3bb6d57248d1f7c135fe5d3\" class=\"spacer-block \" style=\"height: 10vh;\"><\/div>\n\n\n<h2 class=\"wp-block-heading\"><span class=\"w-100\">Pour prendre rendez-vous toute l&#8217;ann\u00e9e, <a href=\"https:\/\/www.chateau-castera.com\" target=\"_blank\" rel=\"noreferrer noopener\">c&#8217;est par ici<\/a> !<\/span><\/h2>\n\n\n\n<p class=\"has-black-color has-text-color has-link-color wp-elements-cc61c1da6636b95bcdfd1dfabb8d555d\">Ch\u00e2teau Castera, <a href=\"https:\/\/www.google.com\/maps\/place\/\/data=!4m2!3m1!1s0x4801973b247b2f99:0xf20df877b162a80e?sa=X&amp;ved=1t:8290&amp;ictx=111\" target=\"_blank\" rel=\"noreferrer noopener\"><a href=\"https:\/\/www.google.com\/maps\/place\/\/data=!4m2!3m1!1s0x4801b85c82604f4b:0x689df420e18121fc?sa=X&amp;ved=1t:8290&amp;ictx=111\" target=\"_blank\" rel=\"noreferrer noopener\"><\/a><a href=\"https:\/\/www.google.com\/maps\/place\/\/data=!4m2!3m1!1s0x4801c08498d4c499:0x264ee1b6cf6a7751?sa=X&amp;ved=1t:8290&amp;ictx=111\" target=\"_blank\" rel=\"noreferrer noopener\">Rue du Bourg, 33340 Saint-Germain-d&#8217;Esteuil<\/a><\/a><\/p>\n\n\n\n<p><a href=\"https:\/\/www.google.com\/search?q=la+hourcade+chateau&amp;client=safari&amp;hs=h4Kp&amp;sca_esv=2cf3e72a8cc0c0c9&amp;rls=en&amp;sxsrf=ANbL-n7D3YznC8w-_mu5Qm7bTOthTDG3dQ%3A1770909832443&amp;ei=iPCNaZLWGvigkdUPsZPVqQc&amp;biw=1324&amp;bih=779&amp;ved=0ahUKEwiSuvebodSSAxV4UKQEHbFJNXUQ4dUDCBM&amp;uact=5&amp;oq=la+hourcade+chateau&amp;gs_lp=Egxnd3Mtd2l6LXNlcnAiE2xhIGhvdXJjYWRlIGNoYXRlYXUyBhAAGBYYHjIGEAAYFhgeMgYQABgWGB4yBhAAGBYYHjIGEAAYFhgeMgYQABgWGB4yBhAAGBYYHjIGEAAYFhgeMgYQABgWGB4yBhAAGBYYHkjcC1D0AVjpCXABeAGQAQCYAVKgAaIEqgEBOLgBA8gBAPgBAZgCCaACyATCAgoQABhHGNYEGLADwgIFEC4YgATCAgIQJsICCBAAGBYYHhgKwgIUEC4YgAQYlwUY3AQY3gQY4ATYAQGYAwCIBgGQBgi6BgYIARABGBSSBwE5oAeOObIHATi4B8MEwgcFMC4zLjbIBx2ACAE&amp;sclient=gws-wiz-serp#\"><a href=\"https:\/\/www.google.com\/search?q=la+hourcade+chateau&amp;client=safari&amp;hs=h4Kp&amp;sca_esv=2cf3e72a8cc0c0c9&amp;rls=en&amp;sxsrf=ANbL-n7D3YznC8w-_mu5Qm7bTOthTDG3dQ%3A1770909832443&amp;ei=iPCNaZLWGvigkdUPsZPVqQc&amp;biw=1324&amp;bih=779&amp;ved=0ahUKEwiSuvebodSSAxV4UKQEHbFJNXUQ4dUDCBM&amp;uact=5&amp;oq=la+hourcade+chateau&amp;gs_lp=Egxnd3Mtd2l6LXNlcnAiE2xhIGhvdXJjYWRlIGNoYXRlYXUyBhAAGBYYHjIGEAAYFhgeMgYQABgWGB4yBhAAGBYYHjIGEAAYFhgeMgYQABgWGB4yBhAAGBYYHjIGEAAYFhgeMgYQABgWGB4yBhAAGBYYHkjcC1D0AVjpCXABeAGQAQCYAVKgAaIEqgEBOLgBA8gBAPgBAZgCCaACyATCAgoQABhHGNYEGLADwgIFEC4YgATCAgIQJsICCBAAGBYYHhgKwgIUEC4YgAQYlwUY3AQY3gQY4ATYAQGYAwCIBgGQBgi6BgYIARABGBSSBwE5oAeOObIHATi4B8MEwgcFMC4zLjbIBx2ACAE&amp;sclient=gws-wiz-serp#\"><\/a><a href=\"https:\/\/www.google.com\/search?client=safari&amp;rls=en&amp;q=castera+chateau&amp;ie=UTF-8&amp;oe=UTF-8#\">05 56 73 20 60<\/a><\/a><\/p>\n\n\n\n<p class=\"has-black-color has-text-color has-link-color wp-elements-96eda05f909dcacd477e80489b90cbf3\">\u2709\ufe0f <a href=\"chateau@castera.fr\" target=\"_blank\" rel=\"noreferrer noopener\">chateau@castera.fr<\/a><\/p>\n\n\n\n<p><a href=\"https:\/\/www.chateau-castera.com\" target=\"_blank\" rel=\"noreferrer noopener\">https:\/\/www.chateau-castera.com<\/a><\/p>\n\n\n\n<div class=\"wp-block-buttons is-layout-flex wp-block-buttons-is-layout-flex\"><\/div>\n<\/div>\n\n\n\n<p><\/p>\n\n\n\n<p><\/p>\n<\/div>\n","protected":false},"excerpt":{"rendered":"<p>La vision \u00e0 360\u00b0 de Marie Dans le&nbsp;M\u00e9doc, Marie Malepeyre fait partie de cette nouvelle g\u00e9n\u00e9ration de vigneronnes qui avancent avec des id\u00e9es claires et les pieds bien ancr\u00e9s dans le terrain. Son parcours ne s\u2019est pas construit par hasard : depuis toute petite, le vin fait partie de son univers. Tr\u00e8s t\u00f4t, elle sait [&hellip;]<\/p>\n","protected":false},"featured_media":3859,"menu_order":0,"template":"","meta":{"_acf_changed":false,"footnotes":""},"caracteres":[7,14],"class_list":["post-3858","vignerons","type-vignerons","status-publish","has-post-thumbnail","hentry","caracteres-le-vin-au-feminin","caracteres-tous-les-vignerons"],"acf":[],"yoast_head":"<!-- This site is optimized with the Yoast SEO plugin v27.5 - https:\/\/yoast.com\/product\/yoast-seo-wordpress\/ -->\n<title>Marie Malepeyre - AOC M\u00e9doc &amp; Haut-M\u00e9doc<\/title>\n<meta name=\"description\" content=\"Dans le\u00a0M\u00e9doc, Marie Malepeyre fait partie de cette nouvelle g\u00e9n\u00e9ration de vigneronnes qui avancent avec des id\u00e9es claires et les pieds bien ancr\u00e9s dans le terrain.\" \/>\n<meta name=\"robots\" content=\"index, follow, max-snippet:-1, max-image-preview:large, max-video-preview:-1\" \/>\n<link rel=\"canonical\" href=\"https:\/\/medoc-hautmedoc.fr\/vigneron.ne.s\/marie-malepeyre\/\" \/>\n<meta property=\"og:locale\" content=\"en_US\" \/>\n<meta property=\"og:type\" content=\"article\" \/>\n<meta property=\"og:title\" content=\"Marie Malepeyre - AOC M\u00e9doc &amp; Haut-M\u00e9doc\" \/>\n<meta property=\"og:description\" content=\"Dans le\u00a0M\u00e9doc, Marie Malepeyre fait partie de cette nouvelle g\u00e9n\u00e9ration de vigneronnes qui avancent avec des id\u00e9es claires et les pieds bien ancr\u00e9s dans le terrain.\" \/>\n<meta property=\"og:url\" content=\"https:\/\/medoc-hautmedoc.fr\/vigneron.ne.s\/marie-malepeyre\/\" \/>\n<meta property=\"og:site_name\" content=\"AOC M\u00e9doc &amp; Haut-M\u00e9doc\" \/>\n<meta property=\"article:modified_time\" content=\"2026-04-07T09:02:25+00:00\" \/>\n<meta property=\"og:image\" content=\"https:\/\/medoc-hautmedoc.fr\/wp-content\/uploads\/portrait-marie.jpg\" \/>\n\t<meta property=\"og:image:width\" content=\"1000\" \/>\n\t<meta property=\"og:image:height\" content=\"1000\" \/>\n\t<meta property=\"og:image:type\" content=\"image\/jpeg\" \/>\n<meta name=\"twitter:card\" content=\"summary_large_image\" \/>\n<meta name=\"twitter:label1\" content=\"Est. reading time\" \/>\n\t<meta name=\"twitter:data1\" content=\"4 minutes\" \/>\n<script type=\"application\/ld+json\" class=\"yoast-schema-graph\">{\"@context\":\"https:\\\/\\\/schema.org\",\"@graph\":[{\"@type\":\"WebPage\",\"@id\":\"https:\\\/\\\/medoc-hautmedoc.fr\\\/vigneron.ne.s\\\/marie-malepeyre\\\/\",\"url\":\"https:\\\/\\\/medoc-hautmedoc.fr\\\/vigneron.ne.s\\\/marie-malepeyre\\\/\",\"name\":\"Marie Malepeyre - AOC M\u00e9doc & Haut-M\u00e9doc\",\"isPartOf\":{\"@id\":\"https:\\\/\\\/medoc-hautmedoc.fr\\\/#website\"},\"primaryImageOfPage\":{\"@id\":\"https:\\\/\\\/medoc-hautmedoc.fr\\\/vigneron.ne.s\\\/marie-malepeyre\\\/#primaryimage\"},\"image\":{\"@id\":\"https:\\\/\\\/medoc-hautmedoc.fr\\\/vigneron.ne.s\\\/marie-malepeyre\\\/#primaryimage\"},\"thumbnailUrl\":\"https:\\\/\\\/medoc-hautmedoc.fr\\\/wp-content\\\/uploads\\\/portrait-marie.jpg\",\"datePublished\":\"2026-04-07T08:38:06+00:00\",\"dateModified\":\"2026-04-07T09:02:25+00:00\",\"description\":\"Dans le\u00a0M\u00e9doc, Marie Malepeyre fait partie de cette nouvelle g\u00e9n\u00e9ration de vigneronnes qui avancent avec des id\u00e9es claires et les pieds bien ancr\u00e9s dans le terrain.\",\"breadcrumb\":{\"@id\":\"https:\\\/\\\/medoc-hautmedoc.fr\\\/vigneron.ne.s\\\/marie-malepeyre\\\/#breadcrumb\"},\"inLanguage\":\"en-US\",\"potentialAction\":[{\"@type\":\"ReadAction\",\"target\":[\"https:\\\/\\\/medoc-hautmedoc.fr\\\/vigneron.ne.s\\\/marie-malepeyre\\\/\"]}]},{\"@type\":\"ImageObject\",\"inLanguage\":\"en-US\",\"@id\":\"https:\\\/\\\/medoc-hautmedoc.fr\\\/vigneron.ne.s\\\/marie-malepeyre\\\/#primaryimage\",\"url\":\"https:\\\/\\\/medoc-hautmedoc.fr\\\/wp-content\\\/uploads\\\/portrait-marie.jpg\",\"contentUrl\":\"https:\\\/\\\/medoc-hautmedoc.fr\\\/wp-content\\\/uploads\\\/portrait-marie.jpg\",\"width\":1000,\"height\":1000},{\"@type\":\"BreadcrumbList\",\"@id\":\"https:\\\/\\\/medoc-hautmedoc.fr\\\/vigneron.ne.s\\\/marie-malepeyre\\\/#breadcrumb\",\"itemListElement\":[{\"@type\":\"ListItem\",\"position\":1,\"name\":\"Accueil\",\"item\":\"https:\\\/\\\/medoc-hautmedoc.fr\\\/en\\\/\"},{\"@type\":\"ListItem\",\"position\":2,\"name\":\"Vigneron(ne)s\",\"item\":\"https:\\\/\\\/medoc-hautmedoc.fr\\\/vigneron.ne.s\\\/\"},{\"@type\":\"ListItem\",\"position\":3,\"name\":\"Marie Malepeyre\"}]},{\"@type\":\"WebSite\",\"@id\":\"https:\\\/\\\/medoc-hautmedoc.fr\\\/#website\",\"url\":\"https:\\\/\\\/medoc-hautmedoc.fr\\\/\",\"name\":\"AOC M\u00e9doc & Haut-M\u00e9doc\",\"description\":\"\",\"publisher\":{\"@id\":\"https:\\\/\\\/medoc-hautmedoc.fr\\\/#organization\"},\"potentialAction\":[{\"@type\":\"SearchAction\",\"target\":{\"@type\":\"EntryPoint\",\"urlTemplate\":\"https:\\\/\\\/medoc-hautmedoc.fr\\\/?s={search_term_string}\"},\"query-input\":{\"@type\":\"PropertyValueSpecification\",\"valueRequired\":true,\"valueName\":\"search_term_string\"}}],\"inLanguage\":\"en-US\"},{\"@type\":\"Organization\",\"@id\":\"https:\\\/\\\/medoc-hautmedoc.fr\\\/#organization\",\"name\":\"AOC M\u00e9doc & Haut-M\u00e9doc\",\"url\":\"https:\\\/\\\/medoc-hautmedoc.fr\\\/\",\"logo\":{\"@type\":\"ImageObject\",\"inLanguage\":\"en-US\",\"@id\":\"https:\\\/\\\/medoc-hautmedoc.fr\\\/#\\\/schema\\\/logo\\\/image\\\/\",\"url\":\"https:\\\/\\\/medoc-hautmedoc.fr\\\/wp-content\\\/uploads\\\/logo.svg\",\"contentUrl\":\"https:\\\/\\\/medoc-hautmedoc.fr\\\/wp-content\\\/uploads\\\/logo.svg\",\"width\":1,\"height\":1,\"caption\":\"AOC M\u00e9doc & Haut-M\u00e9doc\"},\"image\":{\"@id\":\"https:\\\/\\\/medoc-hautmedoc.fr\\\/#\\\/schema\\\/logo\\\/image\\\/\"}}]}<\/script>\n<!-- \/ Yoast SEO plugin. -->","yoast_head_json":{"title":"Marie Malepeyre - AOC M\u00e9doc & Haut-M\u00e9doc","description":"Dans le\u00a0M\u00e9doc, Marie Malepeyre fait partie de cette nouvelle g\u00e9n\u00e9ration de vigneronnes qui avancent avec des id\u00e9es claires et les pieds bien ancr\u00e9s dans le terrain.","robots":{"index":"index","follow":"follow","max-snippet":"max-snippet:-1","max-image-preview":"max-image-preview:large","max-video-preview":"max-video-preview:-1"},"canonical":"https:\/\/medoc-hautmedoc.fr\/vigneron.ne.s\/marie-malepeyre\/","og_locale":"en_US","og_type":"article","og_title":"Marie Malepeyre - AOC M\u00e9doc & Haut-M\u00e9doc","og_description":"Dans le\u00a0M\u00e9doc, Marie Malepeyre fait partie de cette nouvelle g\u00e9n\u00e9ration de vigneronnes qui avancent avec des id\u00e9es claires et les pieds bien ancr\u00e9s dans le terrain.","og_url":"https:\/\/medoc-hautmedoc.fr\/vigneron.ne.s\/marie-malepeyre\/","og_site_name":"AOC M\u00e9doc & Haut-M\u00e9doc","article_modified_time":"2026-04-07T09:02:25+00:00","og_image":[{"width":1000,"height":1000,"url":"https:\/\/medoc-hautmedoc.fr\/wp-content\/uploads\/portrait-marie.jpg","type":"image\/jpeg"}],"twitter_card":"summary_large_image","twitter_misc":{"Est. reading time":"4 minutes"},"schema":{"@context":"https:\/\/schema.org","@graph":[{"@type":"WebPage","@id":"https:\/\/medoc-hautmedoc.fr\/vigneron.ne.s\/marie-malepeyre\/","url":"https:\/\/medoc-hautmedoc.fr\/vigneron.ne.s\/marie-malepeyre\/","name":"Marie Malepeyre - AOC M\u00e9doc & Haut-M\u00e9doc","isPartOf":{"@id":"https:\/\/medoc-hautmedoc.fr\/#website"},"primaryImageOfPage":{"@id":"https:\/\/medoc-hautmedoc.fr\/vigneron.ne.s\/marie-malepeyre\/#primaryimage"},"image":{"@id":"https:\/\/medoc-hautmedoc.fr\/vigneron.ne.s\/marie-malepeyre\/#primaryimage"},"thumbnailUrl":"https:\/\/medoc-hautmedoc.fr\/wp-content\/uploads\/portrait-marie.jpg","datePublished":"2026-04-07T08:38:06+00:00","dateModified":"2026-04-07T09:02:25+00:00","description":"Dans le\u00a0M\u00e9doc, Marie Malepeyre fait partie de cette nouvelle g\u00e9n\u00e9ration de vigneronnes qui avancent avec des id\u00e9es claires et les pieds bien ancr\u00e9s dans le terrain.","breadcrumb":{"@id":"https:\/\/medoc-hautmedoc.fr\/vigneron.ne.s\/marie-malepeyre\/#breadcrumb"},"inLanguage":"en-US","potentialAction":[{"@type":"ReadAction","target":["https:\/\/medoc-hautmedoc.fr\/vigneron.ne.s\/marie-malepeyre\/"]}]},{"@type":"ImageObject","inLanguage":"en-US","@id":"https:\/\/medoc-hautmedoc.fr\/vigneron.ne.s\/marie-malepeyre\/#primaryimage","url":"https:\/\/medoc-hautmedoc.fr\/wp-content\/uploads\/portrait-marie.jpg","contentUrl":"https:\/\/medoc-hautmedoc.fr\/wp-content\/uploads\/portrait-marie.jpg","width":1000,"height":1000},{"@type":"BreadcrumbList","@id":"https:\/\/medoc-hautmedoc.fr\/vigneron.ne.s\/marie-malepeyre\/#breadcrumb","itemListElement":[{"@type":"ListItem","position":1,"name":"Accueil","item":"https:\/\/medoc-hautmedoc.fr\/en\/"},{"@type":"ListItem","position":2,"name":"Vigneron(ne)s","item":"https:\/\/medoc-hautmedoc.fr\/vigneron.ne.s\/"},{"@type":"ListItem","position":3,"name":"Marie Malepeyre"}]},{"@type":"WebSite","@id":"https:\/\/medoc-hautmedoc.fr\/#website","url":"https:\/\/medoc-hautmedoc.fr\/","name":"AOC M\u00e9doc & Haut-M\u00e9doc","description":"","publisher":{"@id":"https:\/\/medoc-hautmedoc.fr\/#organization"},"potentialAction":[{"@type":"SearchAction","target":{"@type":"EntryPoint","urlTemplate":"https:\/\/medoc-hautmedoc.fr\/?s={search_term_string}"},"query-input":{"@type":"PropertyValueSpecification","valueRequired":true,"valueName":"search_term_string"}}],"inLanguage":"en-US"},{"@type":"Organization","@id":"https:\/\/medoc-hautmedoc.fr\/#organization","name":"AOC M\u00e9doc & Haut-M\u00e9doc","url":"https:\/\/medoc-hautmedoc.fr\/","logo":{"@type":"ImageObject","inLanguage":"en-US","@id":"https:\/\/medoc-hautmedoc.fr\/#\/schema\/logo\/image\/","url":"https:\/\/medoc-hautmedoc.fr\/wp-content\/uploads\/logo.svg","contentUrl":"https:\/\/medoc-hautmedoc.fr\/wp-content\/uploads\/logo.svg","width":1,"height":1,"caption":"AOC M\u00e9doc & Haut-M\u00e9doc"},"image":{"@id":"https:\/\/medoc-hautmedoc.fr\/#\/schema\/logo\/image\/"}}]}},"_links":{"self":[{"href":"https:\/\/medoc-hautmedoc.fr\/en\/wp-json\/wp\/v2\/vignerons\/3858","targetHints":{"allow":["GET"]}}],"collection":[{"href":"https:\/\/medoc-hautmedoc.fr\/en\/wp-json\/wp\/v2\/vignerons"}],"about":[{"href":"https:\/\/medoc-hautmedoc.fr\/en\/wp-json\/wp\/v2\/types\/vignerons"}],"version-history":[{"count":31,"href":"https:\/\/medoc-hautmedoc.fr\/en\/wp-json\/wp\/v2\/vignerons\/3858\/revisions"}],"predecessor-version":[{"id":3928,"href":"https:\/\/medoc-hautmedoc.fr\/en\/wp-json\/wp\/v2\/vignerons\/3858\/revisions\/3928"}],"wp:featuredmedia":[{"embeddable":true,"href":"https:\/\/medoc-hautmedoc.fr\/en\/wp-json\/wp\/v2\/media\/3859"}],"wp:attachment":[{"href":"https:\/\/medoc-hautmedoc.fr\/en\/wp-json\/wp\/v2\/media?parent=3858"}],"wp:term":[{"taxonomy":"caracteres","embeddable":true,"href":"https:\/\/medoc-hautmedoc.fr\/en\/wp-json\/wp\/v2\/caracteres?post=3858"}],"curies":[{"name":"wp","href":"https:\/\/api.w.org\/{rel}","templated":true}]}}